{"id":6210,"date":"2021-03-11T12:17:58","date_gmt":"2021-03-11T11:17:58","guid":{"rendered":"https:\/\/agriturismouliveta.it\/agriturismo-gardasee\/?post_type=hb_accommodation&#038;p=6210"},"modified":"2026-01-12T14:04:06","modified_gmt":"2026-01-12T13:04:06","slug":"ferienwohnung-gremal","status":"publish","type":"hb_accommodation","link":"https:\/\/agriturismouliveta.it\/agriturismo-gardasee\/ferienwohnungen\/ferienwohnung-gremal","title":{"rendered":"Ferienwohnung Gremal"},"content":{"rendered":"\t\t<div data-elementor-type=\"wp-post\" data-elementor-id=\"6210\" class=\"elementor elementor-6210\">\n\t\t\t\t\t\t<section class=\"elementor-section elementor-top-section elementor-element elementor-element-163a73d4 elementor-section-boxed elementor-section-height-default elementor-section-height-default\" data-id=\"163a73d4\" data-element_type=\"section\" data-e-type=\"section\">\n\t\t\t\t\t\t<div class=\"elementor-container elementor-column-gap-default\">\n\t\t\t\t\t<div class=\"elementor-column elementor-col-100 elementor-top-column elementor-element elementor-element-4163bfb2\" data-id=\"4163bfb2\" data-element_type=\"column\" data-e-type=\"column\">\n\t\t\t<div class=\"elementor-widget-wrap elementor-element-populated\">\n\t\t\t\t\t\t<div class=\"elementor-element elementor-element-1da1f451 elementor-widget elementor-widget-text-editor\" data-id=\"1da1f451\" data-element_type=\"widget\" data-e-type=\"widget\" data-widget_type=\"text-editor.default\">\n\t\t\t\t<div class=\"elementor-widget-container\">\n\t\t\t\t\t\t\t\t\t<p style=\"text-align: center;\">Ferienwohnung &#8222;Gremal&#8220; verf\u00fcgt \u00fcber ein Balkon und Seeblick und ist geeignet f\u00fcr 2 bis 4 Personen.<\/p><p style=\"text-align: center;\"><span style=\"color: var( --e-global-color-text ); font-family: var( --e-global-typography-text-font-family ), Sans-serif; font-weight: var( --e-global-typography-text-font-weight );\">Die Wohnung ist ca. 50qm gro\u00df. und besteht aus 1 x Wohnzimmer mit Kochecke und Terasse, 1 x Schlafzimmer und 1 x Badezimmer.<\/span><\/p>\t\t\t\t\t\t\t\t<\/div>\n\t\t\t\t<\/div>\n\t\t\t\t\t<\/div>\n\t\t<\/div>\n\t\t\t\t\t<\/div>\n\t\t<\/section>\n\t\t\t\t<section class=\"elementor-section elementor-top-section elementor-element elementor-element-ee0ce6f elementor-section-stretched elementor-section-boxed elementor-section-height-default elementor-section-height-default\" data-id=\"ee0ce6f\" data-element_type=\"section\" data-e-type=\"section\" data-settings=\"{&quot;stretch_section&quot;:&quot;section-stretched&quot;}\">\n\t\t\t\t\t\t<div class=\"elementor-container elementor-column-gap-default\">\n\t\t\t\t\t<div class=\"elementor-column elementor-col-50 elementor-top-column elementor-element elementor-element-00354dc\" data-id=\"00354dc\" data-element_type=\"column\" data-e-type=\"column\">\n\t\t\t<div class=\"elementor-widget-wrap elementor-element-populated\">\n\t\t\t\t\t\t<div class=\"elementor-element elementor-element-3d0bde9 elementor-widget elementor-widget-heading\" data-id=\"3d0bde9\" data-element_type=\"widget\" data-e-type=\"widget\" data-widget_type=\"heading.default\">\n\t\t\t\t<div class=\"elementor-widget-container\">\n\t\t\t\t\t<h2 class=\"elementor-heading-title elementor-size-default\">2025 - Umstrukturierung im Gange!<\/h2>\t\t\t\t<\/div>\n\t\t\t\t<\/div>\n\t\t\t\t<div class=\"elementor-element elementor-element-cf5d884 elementor-widget elementor-widget-text-editor\" data-id=\"cf5d884\" data-element_type=\"widget\" data-e-type=\"widget\" data-widget_type=\"text-editor.default\">\n\t\t\t\t<div class=\"elementor-widget-container\">\n\t\t\t\t\t\t\t\t\t<p style=\"text-align: center;\">Die Ferienwohnung Gremal, ab M\u00e4rz Gremal &#8222;Superior&#8220;, wird derzeit renoviert. Neue gro\u00dfe Fenster zur See Seite und eine moderne Einrichtung werden f\u00fcr ein noch besseres Urlaubserlebnis sorgen.<br \/>Im Fr\u00fchjahr werden die Arbeiten abgeschlossen sein und Sie k\u00f6nnen die Fortschritte \u00fcber <a href=\"https:\/\/www.instagram.com\/agriturismouliveta\/\" target=\"_blank\" rel=\"noopener\">Instagram<\/a> und <a href=\"https:\/\/www.facebook.com\/profile.php?id=100063555010763\" target=\"_blank\" rel=\"noopener\">Facebook<\/a> verfolgen. <br \/>Die unten stehenden Informationen werden so bald wie m\u00f6glich ersetzt und aktualisiert.<\/p>\t\t\t\t\t\t\t\t<\/div>\n\t\t\t\t<\/div>\n\t\t\t\t\t<\/div>\n\t\t<\/div>\n\t\t\t\t<div class=\"elementor-column elementor-col-50 elementor-top-column elementor-element elementor-element-da38545\" data-id=\"da38545\" data-element_type=\"column\" data-e-type=\"column\">\n\t\t\t<div class=\"elementor-widget-wrap elementor-element-populated\">\n\t\t\t\t\t\t<div class=\"elementor-element elementor-element-f39ffa1 elementor-widget elementor-widget-image\" data-id=\"f39ffa1\" data-element_type=\"widget\" data-e-type=\"widget\" data-widget_type=\"image.default\">\n\t\t\t\t<div class=\"elementor-widget-container\">\n\t\t\t\t\t\t\t\t\t\t\t\t\t\t\t<img loading=\"lazy\" decoding=\"async\" width=\"550\" height=\"506\" src=\"https:\/\/agriturismouliveta.it\/agriturismo-gardasee\/wp-content\/uploads\/2021\/03\/gremal-2024-2025-550x506.png\" class=\"attachment-large size-large wp-image-9772\" alt=\"\" srcset=\"https:\/\/agriturismouliveta.it\/agriturismo-gardasee\/wp-content\/uploads\/2021\/03\/gremal-2024-2025-550x506.png 550w, https:\/\/agriturismouliveta.it\/agriturismo-gardasee\/wp-content\/uploads\/2021\/03\/gremal-2024-2025-300x276.png 300w, https:\/\/agriturismouliveta.it\/agriturismo-gardasee\/wp-content\/uploads\/2021\/03\/gremal-2024-2025-768x706.png 768w, https:\/\/agriturismouliveta.it\/agriturismo-gardasee\/wp-content\/uploads\/2021\/03\/gremal-2024-2025.png 1030w\" sizes=\"(max-width: 550px) 100vw, 550px\" \/>\t\t\t\t\t\t\t\t\t\t\t\t\t\t\t<\/div>\n\t\t\t\t<\/div>\n\t\t\t\t\t<\/div>\n\t\t<\/div>\n\t\t\t\t\t<\/div>\n\t\t<\/section>\n\t\t\t\t<section class=\"elementor-section elementor-top-section elementor-element elementor-element-63baf55b elementor-section-stretched elementor-section-boxed elementor-section-height-default elementor-section-height-default\" data-id=\"63baf55b\" data-element_type=\"section\" data-e-type=\"section\" data-settings=\"{&quot;stretch_section&quot;:&quot;section-stretched&quot;,&quot;background_background&quot;:&quot;classic&quot;}\">\n\t\t\t\t\t\t<div class=\"elementor-container elementor-column-gap-default\">\n\t\t\t\t\t<div class=\"elementor-column elementor-col-50 elementor-top-column elementor-element elementor-element-1b7b3f2f\" data-id=\"1b7b3f2f\" data-element_type=\"column\" data-e-type=\"column\">\n\t\t\t<div class=\"elementor-widget-wrap elementor-element-populated\">\n\t\t\t\t\t\t<div class=\"elementor-element elementor-element-35ac725f elementor-widget elementor-widget-heading\" data-id=\"35ac725f\" data-element_type=\"widget\" data-e-type=\"widget\" data-widget_type=\"heading.default\">\n\t\t\t\t<div class=\"elementor-widget-container\">\n\t\t\t\t\t<h2 class=\"elementor-heading-title elementor-size-default\">Grundriss<\/h2>\t\t\t\t<\/div>\n\t\t\t\t<\/div>\n\t\t\t\t<div class=\"elementor-element elementor-element-4f92fa6c elementor-widget-divider--view-line elementor-widget elementor-widget-divider\" data-id=\"4f92fa6c\" data-element_type=\"widget\" data-e-type=\"widget\" data-widget_type=\"divider.default\">\n\t\t\t\t<div class=\"elementor-widget-container\">\n\t\t\t\t\t\t\t<div class=\"elementor-divider\">\n\t\t\t<span class=\"elementor-divider-separator\">\n\t\t\t\t\t\t<\/span>\n\t\t<\/div>\n\t\t\t\t\t\t<\/div>\n\t\t\t\t<\/div>\n\t\t\t\t<div class=\"elementor-element elementor-element-89746c2 elementor-hidden-tablet elementor-hidden-phone elementor-widget elementor-widget-text-editor\" data-id=\"89746c2\" data-element_type=\"widget\" data-e-type=\"widget\" data-widget_type=\"text-editor.default\">\n\t\t\t\t<div class=\"elementor-widget-container\">\n\t\t\t\t\t\t\t\t\t<p>Halten Sie die Maus \u00fcber die Symbole, um Bilder der R\u00e4ume zu sehen<\/p>\t\t\t\t\t\t\t\t<\/div>\n\t\t\t\t<\/div>\n\t\t\t\t\t<\/div>\n\t\t<\/div>\n\t\t\t\t<div class=\"elementor-column elementor-col-50 elementor-top-column elementor-element elementor-element-641f736b\" data-id=\"641f736b\" data-element_type=\"column\" data-e-type=\"column\">\n\t\t\t<div class=\"elementor-widget-wrap elementor-element-populated\">\n\t\t\t\t\t\t<div class=\"elementor-element elementor-element-e4d2008 elementor-widget elementor-widget-shortcode\" data-id=\"e4d2008\" data-element_type=\"widget\" data-e-type=\"widget\" data-widget_type=\"shortcode.default\">\n\t\t\t\t<div class=\"elementor-widget-container\">\n\t\t\t\t\t\t\t<div class=\"elementor-shortcode\">\t<div class=\"wrap_svl_center\">\r\n\t<div class=\"wrap_svl_center_box\">\r\n\t<div class=\"wrap_svl\" id=\"body_drag_5763\">\r\n\t\t<div class=\"images_wrap\">\r\n                            <img decoding=\"async\" src=\"https:\/\/agriturismouliveta.it\/agriturismo-gardasee\/wp-content\/uploads\/2021\/03\/1-agriturismo-gardasee-uliveta-ferienwohnung-gremal-grundriss.png\" alt=\"Grundriss der Ferienwohnung Gremal in Agriturismo Gardasee Uliveta\">\r\n            \t\t<\/div>\t\r\n\t\t \t\t \t\t <div class=\"drag_element tips \" style=\"top:22.06%;left:20.74%;\" >\r\n\t\t \t<div class=\"point_style  ihotspot_tooltop_html\" data-placement=\"n\" data-html=\"\t\t \t\t\t                  &lt;div class=&quot;box_view_html&quot;&gt;\r\n\t\t\t\t\t&lt;span class=&quot;close_ihp&quot;&gt;\r\n\t\t\t\t\t\t&lt;svg version=&quot;1.1&quot; xmlns=&quot;http:\/\/www.w3.org\/2000\/svg&quot; xmlns:xlink=&quot;http:\/\/www.w3.org\/1999\/xlink&quot; x=&quot;0px&quot; y=&quot;0px&quot; viewBox=&quot;0 0 1000 1000&quot; enable-background=&quot;new 0 0 1000 1000&quot; xml:space=&quot;preserve&quot;&gt;&lt;g&gt;&lt;path d=&quot;M153.7,153.7C57.9,249.5,10,365.3,10,499c0,135.7,47.9,251.5,143.7,347.3l0,0C249.5,942.1,363.3,990,499,990c135.7,0,251.5-47.9,347.3-143.7C942.1,750.5,990,634.7,990,499c0-135.7-47.9-249.5-143.7-345.3l0,0C750.5,57.9,634.7,10,499,10C365.3,10,249.5,57.9,153.7,153.7z M209.6,211.6l2-2C289.4,129.7,387.2,89.8,499,89.8c113.8,0,209.6,39.9,291.4,121.8c79.8,77.8,119.8,175.6,119.8,287.4c0,113.8-39.9,209.6-119.8,291.4C708.6,870.3,612.8,910.2,499,910.2c-111.8,0-209.6-39.9-287.4-119.8C129.8,708.6,89.8,612.8,89.8,499C89.8,387.2,129.8,289.4,209.6,211.6z&quot;\/&gt;&lt;path d=&quot;M293.4,331.3c0,12,4,22,12,29.9L443.1,497L305.4,632.7c-8,8-12,18-12,29.9c0,10,4,18,12,26c8,8,18,12,28,12c12,0,20-4,27.9-10L499,552.9l135.7,137.7c8,6,16,10,28,10c12,0,21.9-4,27.9-10c8-8,12-18,12-28c0-12-4-21.9-12-29.9L554.9,497l135.7-135.7c8-8,12-18,12-27.9c0-12-4-22-12-29.9c-6-8-16-12-25.9-12c-12,0-21.9,4-29.9,12L499,441.1L363.3,303.4c-8-8-18-12-29.9-12c-10,0-20,4-28,12C297.4,311.4,293.4,321.4,293.4,331.3z&quot;\/&gt;&lt;\/g&gt;&lt;\/svg&gt;&lt;\/span&gt;\r\n\t\t\t\t\t\t&lt;p&gt;&lt;a href=&quot;https:\/\/agriturismouliveta.it\/agriturismo-gardasee\/wp-content\/uploads\/2021\/03\/agriturismo-gardasee-uliveta-ferienwohnung-01-Gremal-20.jpg&quot; data-rel=&quot;lightbox-image-0&quot; data-magnific_type=&quot;image&quot; data-rl_title=&quot;&quot; data-rl_caption=&quot;&quot; title=&quot;&quot;&gt;&lt;img fetchpriority=&quot;high&quot; decoding=&quot;async&quot; class=&quot;aligncenter size-large wp-image-6633&quot; src=&quot;https:\/\/agriturismouliveta.it\/agriturismo-gardasee\/wp-content\/uploads\/2021\/03\/agriturismo-gardasee-uliveta-ferienwohnung-01-Gremal-20-550x367.jpg&quot; alt=&quot;&quot; width=&quot;550&quot; height=&quot;367&quot; srcset=&quot;https:\/\/agriturismouliveta.it\/agriturismo-gardasee\/wp-content\/uploads\/2021\/03\/agriturismo-gardasee-uliveta-ferienwohnung-01-Gremal-20-550x367.jpg 550w, https:\/\/agriturismouliveta.it\/agriturismo-gardasee\/wp-content\/uploads\/2021\/03\/agriturismo-gardasee-uliveta-ferienwohnung-01-Gremal-20-300x200.jpg 300w, https:\/\/agriturismouliveta.it\/agriturismo-gardasee\/wp-content\/uploads\/2021\/03\/agriturismo-gardasee-uliveta-ferienwohnung-01-Gremal-20.jpg 720w&quot; sizes=&quot;(max-width: 550px) 100vw, 550px&quot; \/&gt;&lt;\/a&gt;&lt;\/p&gt;\n\t\t\t\t\t&lt;\/div&gt;\r\n\t\t\t \t\t \t\t \">\r\n\t\t \t\t<a href=\"https:\/\/agriturismouliveta.it\/agriturismo-gardasee\/wp-content\/uploads\/2021\/02\/agriturismo-gardasee-uliveta-ferienwohnung-01-Gremal-20.jpg\" title=\"\" target=\"_self\" data-rel=\"lightbox-image-0\" data-magnific_type=\"image\" data-rl_title=\"\" data-rl_caption=\"\" data-rl_>\t\t\t \t\t\t\t\t \t\t\t<div class=\"pins_animation ihotspot_pulse\" style=\"top:-12.5px;left:-12.5px;height:25px;width:25px\"><\/div>\r\n\t\t\t \t\t\t\t\t \t\t<img decoding=\"async\" src=\"https:\/\/agriturismouliveta.it\/agriturismo-gardasee\/wp-content\/uploads\/2021\/02\/occhio-25px.png\" class=\"pins_image ihotspot_hastooltop\" style=\"top:-12.5px;left:-12.5px\" alt=\"\">\r\n\t\t\t \t\t\t\t \t\t<\/a>\t\t \t<\/div>\r\n\t\t <\/div>\r\n\t\t \t\t <div class=\"drag_element tips \" style=\"top:13.75%;left:86.31%;\" >\r\n\t\t \t<div class=\"point_style  ihotspot_tooltop_html\" data-placement=\"n\" data-html=\"\t\t \t\t\t                  &lt;div class=&quot;box_view_html&quot;&gt;\r\n\t\t\t\t\t&lt;span class=&quot;close_ihp&quot;&gt;\r\n\t\t\t\t\t\t&lt;svg version=&quot;1.1&quot; xmlns=&quot;http:\/\/www.w3.org\/2000\/svg&quot; xmlns:xlink=&quot;http:\/\/www.w3.org\/1999\/xlink&quot; x=&quot;0px&quot; y=&quot;0px&quot; viewBox=&quot;0 0 1000 1000&quot; enable-background=&quot;new 0 0 1000 1000&quot; xml:space=&quot;preserve&quot;&gt;&lt;g&gt;&lt;path d=&quot;M153.7,153.7C57.9,249.5,10,365.3,10,499c0,135.7,47.9,251.5,143.7,347.3l0,0C249.5,942.1,363.3,990,499,990c135.7,0,251.5-47.9,347.3-143.7C942.1,750.5,990,634.7,990,499c0-135.7-47.9-249.5-143.7-345.3l0,0C750.5,57.9,634.7,10,499,10C365.3,10,249.5,57.9,153.7,153.7z M209.6,211.6l2-2C289.4,129.7,387.2,89.8,499,89.8c113.8,0,209.6,39.9,291.4,121.8c79.8,77.8,119.8,175.6,119.8,287.4c0,113.8-39.9,209.6-119.8,291.4C708.6,870.3,612.8,910.2,499,910.2c-111.8,0-209.6-39.9-287.4-119.8C129.8,708.6,89.8,612.8,89.8,499C89.8,387.2,129.8,289.4,209.6,211.6z&quot;\/&gt;&lt;path d=&quot;M293.4,331.3c0,12,4,22,12,29.9L443.1,497L305.4,632.7c-8,8-12,18-12,29.9c0,10,4,18,12,26c8,8,18,12,28,12c12,0,20-4,27.9-10L499,552.9l135.7,137.7c8,6,16,10,28,10c12,0,21.9-4,27.9-10c8-8,12-18,12-28c0-12-4-21.9-12-29.9L554.9,497l135.7-135.7c8-8,12-18,12-27.9c0-12-4-22-12-29.9c-6-8-16-12-25.9-12c-12,0-21.9,4-29.9,12L499,441.1L363.3,303.4c-8-8-18-12-29.9-12c-10,0-20,4-28,12C297.4,311.4,293.4,321.4,293.4,331.3z&quot;\/&gt;&lt;\/g&gt;&lt;\/svg&gt;&lt;\/span&gt;\r\n\t\t\t\t\t\t&lt;p&gt;&lt;a href=&quot;https:\/\/agriturismouliveta.it\/agriturismo-gardasee\/wp-content\/uploads\/2021\/03\/agriturismo-gardasee-uliveta-ferienwohnung-01-Gremal-06.jpg&quot; data-rel=&quot;lightbox-image-0&quot; data-magnific_type=&quot;image&quot; data-rl_title=&quot;&quot; data-rl_caption=&quot;&quot; title=&quot;&quot;&gt;&lt;img decoding=&quot;async&quot; class=&quot;aligncenter size-large wp-image-6619&quot; src=&quot;https:\/\/agriturismouliveta.it\/agriturismo-gardasee\/wp-content\/uploads\/2021\/03\/agriturismo-gardasee-uliveta-ferienwohnung-01-Gremal-06-550x367.jpg&quot; alt=&quot;&quot; width=&quot;550&quot; height=&quot;367&quot; srcset=&quot;https:\/\/agriturismouliveta.it\/agriturismo-gardasee\/wp-content\/uploads\/2021\/03\/agriturismo-gardasee-uliveta-ferienwohnung-01-Gremal-06-550x367.jpg 550w, https:\/\/agriturismouliveta.it\/agriturismo-gardasee\/wp-content\/uploads\/2021\/03\/agriturismo-gardasee-uliveta-ferienwohnung-01-Gremal-06-300x200.jpg 300w, https:\/\/agriturismouliveta.it\/agriturismo-gardasee\/wp-content\/uploads\/2021\/03\/agriturismo-gardasee-uliveta-ferienwohnung-01-Gremal-06.jpg 720w&quot; sizes=&quot;(max-width: 550px) 100vw, 550px&quot; \/&gt;&lt;\/a&gt;&lt;\/p&gt;\n\t\t\t\t\t&lt;\/div&gt;\r\n\t\t\t \t\t \t\t \">\r\n\t\t \t\t<a href=\"https:\/\/agriturismouliveta.it\/agriturismo-gardasee\/wp-content\/uploads\/2021\/02\/agriturismo-gardasee-uliveta-ferienwohnung-01-Gremal-06.jpg\" title=\"\" target=\"_self\" data-rel=\"lightbox-image-1\" data-magnific_type=\"image\" data-rl_title=\"\" data-rl_caption=\"\" data-rl_>\t\t\t \t\t\t\t\t \t\t\t<div class=\"pins_animation ihotspot_pulse\" style=\"top:-12.5px;left:-12.5px;height:25px;width:25px\"><\/div>\r\n\t\t\t \t\t\t\t\t \t\t<img decoding=\"async\" src=\"https:\/\/agriturismouliveta.it\/agriturismo-gardasee\/wp-content\/uploads\/2021\/02\/occhio-25px.png\" class=\"pins_image ihotspot_hastooltop\" style=\"top:-12.5px;left:-12.5px\" alt=\"\">\r\n\t\t\t \t\t\t\t \t\t<\/a>\t\t \t<\/div>\r\n\t\t <\/div>\r\n\t\t \t\t <div class=\"drag_element tips \" style=\"top:83.79%;left:15.55%;\" >\r\n\t\t \t<div class=\"point_style  ihotspot_tooltop_html\" data-placement=\"n\" data-html=\"\t\t \t\t\t                  &lt;div class=&quot;box_view_html&quot;&gt;\r\n\t\t\t\t\t&lt;span class=&quot;close_ihp&quot;&gt;\r\n\t\t\t\t\t\t&lt;svg version=&quot;1.1&quot; xmlns=&quot;http:\/\/www.w3.org\/2000\/svg&quot; xmlns:xlink=&quot;http:\/\/www.w3.org\/1999\/xlink&quot; x=&quot;0px&quot; y=&quot;0px&quot; viewBox=&quot;0 0 1000 1000&quot; enable-background=&quot;new 0 0 1000 1000&quot; xml:space=&quot;preserve&quot;&gt;&lt;g&gt;&lt;path d=&quot;M153.7,153.7C57.9,249.5,10,365.3,10,499c0,135.7,47.9,251.5,143.7,347.3l0,0C249.5,942.1,363.3,990,499,990c135.7,0,251.5-47.9,347.3-143.7C942.1,750.5,990,634.7,990,499c0-135.7-47.9-249.5-143.7-345.3l0,0C750.5,57.9,634.7,10,499,10C365.3,10,249.5,57.9,153.7,153.7z M209.6,211.6l2-2C289.4,129.7,387.2,89.8,499,89.8c113.8,0,209.6,39.9,291.4,121.8c79.8,77.8,119.8,175.6,119.8,287.4c0,113.8-39.9,209.6-119.8,291.4C708.6,870.3,612.8,910.2,499,910.2c-111.8,0-209.6-39.9-287.4-119.8C129.8,708.6,89.8,612.8,89.8,499C89.8,387.2,129.8,289.4,209.6,211.6z&quot;\/&gt;&lt;path d=&quot;M293.4,331.3c0,12,4,22,12,29.9L443.1,497L305.4,632.7c-8,8-12,18-12,29.9c0,10,4,18,12,26c8,8,18,12,28,12c12,0,20-4,27.9-10L499,552.9l135.7,137.7c8,6,16,10,28,10c12,0,21.9-4,27.9-10c8-8,12-18,12-28c0-12-4-21.9-12-29.9L554.9,497l135.7-135.7c8-8,12-18,12-27.9c0-12-4-22-12-29.9c-6-8-16-12-25.9-12c-12,0-21.9,4-29.9,12L499,441.1L363.3,303.4c-8-8-18-12-29.9-12c-10,0-20,4-28,12C297.4,311.4,293.4,321.4,293.4,331.3z&quot;\/&gt;&lt;\/g&gt;&lt;\/svg&gt;&lt;\/span&gt;\r\n\t\t\t\t\t\t&lt;p&gt;&lt;a href=&quot;https:\/\/agriturismouliveta.it\/agriturismo-gardasee\/wp-content\/uploads\/2021\/03\/agriturismo-gardasee-uliveta-ferienwohnung-01-Gremal-27.jpg&quot; data-rel=&quot;lightbox-image-0&quot; data-magnific_type=&quot;image&quot; data-rl_title=&quot;&quot; data-rl_caption=&quot;&quot; title=&quot;&quot;&gt;&lt;img decoding=&quot;async&quot; class=&quot;aligncenter size-large wp-image-6640&quot; src=&quot;https:\/\/agriturismouliveta.it\/agriturismo-gardasee\/wp-content\/uploads\/2021\/03\/agriturismo-gardasee-uliveta-ferienwohnung-01-Gremal-27-550x367.jpg&quot; alt=&quot;&quot; width=&quot;550&quot; height=&quot;367&quot; srcset=&quot;https:\/\/agriturismouliveta.it\/agriturismo-gardasee\/wp-content\/uploads\/2021\/03\/agriturismo-gardasee-uliveta-ferienwohnung-01-Gremal-27-550x367.jpg 550w, https:\/\/agriturismouliveta.it\/agriturismo-gardasee\/wp-content\/uploads\/2021\/03\/agriturismo-gardasee-uliveta-ferienwohnung-01-Gremal-27-300x200.jpg 300w, https:\/\/agriturismouliveta.it\/agriturismo-gardasee\/wp-content\/uploads\/2021\/03\/agriturismo-gardasee-uliveta-ferienwohnung-01-Gremal-27.jpg 720w&quot; sizes=&quot;(max-width: 550px) 100vw, 550px&quot; \/&gt;&lt;\/a&gt;&lt;\/p&gt;\n\t\t\t\t\t&lt;\/div&gt;\r\n\t\t\t \t\t \t\t \">\r\n\t\t \t\t<a href=\"https:\/\/agriturismouliveta.it\/agriturismo-gardasee\/wp-content\/uploads\/2021\/02\/agriturismo-gardasee-uliveta-ferienwohnung-01-Gremal-27.jpg\" title=\"\" target=\"_self\" data-rel=\"lightbox-image-2\" data-magnific_type=\"image\" data-rl_title=\"\" data-rl_caption=\"\" data-rl_>\t\t\t \t\t\t\t\t \t\t\t<div class=\"pins_animation ihotspot_pulse\" style=\"top:-12.5px;left:-12.5px;height:25px;width:25px\"><\/div>\r\n\t\t\t \t\t\t\t\t \t\t<img decoding=\"async\" src=\"https:\/\/agriturismouliveta.it\/agriturismo-gardasee\/wp-content\/uploads\/2021\/02\/occhio-25px.png\" class=\"pins_image ihotspot_hastooltop\" style=\"top:-12.5px;left:-12.5px\" alt=\"\">\r\n\t\t\t \t\t\t\t \t\t<\/a>\t\t \t<\/div>\r\n\t\t <\/div>\r\n\t\t \t\t <div class=\"drag_element tips \" style=\"top:61.41%;left:72.25%;\" >\r\n\t\t \t<div class=\"point_style  ihotspot_tooltop_html\" data-placement=\"n\" data-html=\"\t\t \t\t\t                  &lt;div class=&quot;box_view_html&quot;&gt;\r\n\t\t\t\t\t&lt;span class=&quot;close_ihp&quot;&gt;\r\n\t\t\t\t\t\t&lt;svg version=&quot;1.1&quot; xmlns=&quot;http:\/\/www.w3.org\/2000\/svg&quot; xmlns:xlink=&quot;http:\/\/www.w3.org\/1999\/xlink&quot; x=&quot;0px&quot; y=&quot;0px&quot; viewBox=&quot;0 0 1000 1000&quot; enable-background=&quot;new 0 0 1000 1000&quot; xml:space=&quot;preserve&quot;&gt;&lt;g&gt;&lt;path d=&quot;M153.7,153.7C57.9,249.5,10,365.3,10,499c0,135.7,47.9,251.5,143.7,347.3l0,0C249.5,942.1,363.3,990,499,990c135.7,0,251.5-47.9,347.3-143.7C942.1,750.5,990,634.7,990,499c0-135.7-47.9-249.5-143.7-345.3l0,0C750.5,57.9,634.7,10,499,10C365.3,10,249.5,57.9,153.7,153.7z M209.6,211.6l2-2C289.4,129.7,387.2,89.8,499,89.8c113.8,0,209.6,39.9,291.4,121.8c79.8,77.8,119.8,175.6,119.8,287.4c0,113.8-39.9,209.6-119.8,291.4C708.6,870.3,612.8,910.2,499,910.2c-111.8,0-209.6-39.9-287.4-119.8C129.8,708.6,89.8,612.8,89.8,499C89.8,387.2,129.8,289.4,209.6,211.6z&quot;\/&gt;&lt;path d=&quot;M293.4,331.3c0,12,4,22,12,29.9L443.1,497L305.4,632.7c-8,8-12,18-12,29.9c0,10,4,18,12,26c8,8,18,12,28,12c12,0,20-4,27.9-10L499,552.9l135.7,137.7c8,6,16,10,28,10c12,0,21.9-4,27.9-10c8-8,12-18,12-28c0-12-4-21.9-12-29.9L554.9,497l135.7-135.7c8-8,12-18,12-27.9c0-12-4-22-12-29.9c-6-8-16-12-25.9-12c-12,0-21.9,4-29.9,12L499,441.1L363.3,303.4c-8-8-18-12-29.9-12c-10,0-20,4-28,12C297.4,311.4,293.4,321.4,293.4,331.3z&quot;\/&gt;&lt;\/g&gt;&lt;\/svg&gt;&lt;\/span&gt;\r\n\t\t\t\t\t\t&lt;p&gt;&lt;a href=&quot;https:\/\/agriturismouliveta.it\/agriturismo-gardasee\/wp-content\/uploads\/2021\/03\/agriturismo-gardasee-uliveta-ferienwohnung-01-Gremal-33.jpg&quot; data-rel=&quot;lightbox-image-0&quot; data-magnific_type=&quot;image&quot; data-rl_title=&quot;&quot; data-rl_caption=&quot;&quot; title=&quot;&quot;&gt;&lt;img loading=&quot;lazy&quot; decoding=&quot;async&quot; class=&quot;aligncenter size-large wp-image-6646&quot; src=&quot;https:\/\/agriturismouliveta.it\/agriturismo-gardasee\/wp-content\/uploads\/2021\/03\/agriturismo-gardasee-uliveta-ferienwohnung-01-Gremal-33-550x367.jpg&quot; alt=&quot;&quot; width=&quot;550&quot; height=&quot;367&quot; srcset=&quot;https:\/\/agriturismouliveta.it\/agriturismo-gardasee\/wp-content\/uploads\/2021\/03\/agriturismo-gardasee-uliveta-ferienwohnung-01-Gremal-33-550x367.jpg 550w, https:\/\/agriturismouliveta.it\/agriturismo-gardasee\/wp-content\/uploads\/2021\/03\/agriturismo-gardasee-uliveta-ferienwohnung-01-Gremal-33-300x200.jpg 300w, https:\/\/agriturismouliveta.it\/agriturismo-gardasee\/wp-content\/uploads\/2021\/03\/agriturismo-gardasee-uliveta-ferienwohnung-01-Gremal-33.jpg 720w&quot; sizes=&quot;(max-width: 550px) 100vw, 550px&quot; \/&gt;&lt;\/a&gt;&lt;\/p&gt;\n\t\t\t\t\t&lt;\/div&gt;\r\n\t\t\t \t\t \t\t \">\r\n\t\t \t\t<a href=\"https:\/\/agriturismouliveta.it\/agriturismo-gardasee\/wp-content\/uploads\/2021\/02\/agriturismo-gardasee-uliveta-ferienwohnung-01-Gremal-33.jpg\" title=\"\" target=\"_self\" data-rel=\"lightbox-image-3\" data-magnific_type=\"image\" data-rl_title=\"\" data-rl_caption=\"\" data-rl_>\t\t\t \t\t\t\t\t \t\t\t<div class=\"pins_animation ihotspot_pulse\" style=\"top:-12.5px;left:-12.5px;height:25px;width:25px\"><\/div>\r\n\t\t\t \t\t\t\t\t \t\t<img decoding=\"async\" src=\"https:\/\/agriturismouliveta.it\/agriturismo-gardasee\/wp-content\/uploads\/2021\/02\/occhio-25px.png\" class=\"pins_image ihotspot_hastooltop\" style=\"top:-12.5px;left:-12.5px\" alt=\"\">\r\n\t\t\t \t\t\t\t \t\t<\/a>\t\t \t<\/div>\r\n\t\t <\/div>\r\n\t\t \t\t \r\n\t\t  \t\t \t\r\n\t <\/div>\r\n\t <\/div>\r\n\t <\/div>\r\n\t<\/div>\n\t\t\t\t\t\t<\/div>\n\t\t\t\t<\/div>\n\t\t\t\t\t<\/div>\n\t\t<\/div>\n\t\t\t\t\t<\/div>\n\t\t<\/section>\n\t\t\t\t<section class=\"elementor-section elementor-top-section elementor-element elementor-element-774b42ba elementor-section-stretched elementor-section-boxed elementor-section-height-default elementor-section-height-default\" data-id=\"774b42ba\" data-element_type=\"section\" data-e-type=\"section\" data-settings=\"{&quot;stretch_section&quot;:&quot;section-stretched&quot;}\">\n\t\t\t\t\t\t<div class=\"elementor-container elementor-column-gap-default\">\n\t\t\t\t\t<div class=\"elementor-column elementor-col-100 elementor-top-column elementor-element elementor-element-426ebff\" data-id=\"426ebff\" data-element_type=\"column\" data-e-type=\"column\">\n\t\t\t<div class=\"elementor-widget-wrap elementor-element-populated\">\n\t\t\t\t\t\t<div class=\"elementor-element elementor-element-683db481 elementor-widget elementor-widget-heading\" data-id=\"683db481\" data-element_type=\"widget\" data-e-type=\"widget\" data-widget_type=\"heading.default\">\n\t\t\t\t<div class=\"elementor-widget-container\">\n\t\t\t\t\t<h2 class=\"elementor-heading-title elementor-size-default\">Kapazit\u00e4t<\/h2>\t\t\t\t<\/div>\n\t\t\t\t<\/div>\n\t\t\t\t<div class=\"elementor-element elementor-element-68fc408f elementor-widget-divider--view-line elementor-widget elementor-widget-divider\" data-id=\"68fc408f\" data-element_type=\"widget\" data-e-type=\"widget\" data-widget_type=\"divider.default\">\n\t\t\t\t<div class=\"elementor-widget-container\">\n\t\t\t\t\t\t\t<div class=\"elementor-divider\">\n\t\t\t<span class=\"elementor-divider-separator\">\n\t\t\t\t\t\t<\/span>\n\t\t<\/div>\n\t\t\t\t\t\t<\/div>\n\t\t\t\t<\/div>\n\t\t\t\t<div class=\"elementor-element elementor-element-9081dd2 elementor-widget elementor-widget-html\" data-id=\"9081dd2\" data-element_type=\"widget\" data-e-type=\"widget\" data-widget_type=\"html.default\">\n\t\t\t\t<div class=\"elementor-widget-container\">\n\t\t\t\t\t<table class=\"tabfeatures\" summary=\"Ferienwohnung Gardasee 50qm\"><colgroup> <col width=\"40%\"> <\/col> <col width=\"60%\"> <\/col><\/colgroup>\r\n<tbody>\r\n<tr>\r\n<td>Wohnfl\u00e4cke QM<\/td>\r\n<td>50<\/td>\r\n<\/tr>\r\n<tr>\r\n<td>Belegung standard<\/td>\r\n<td>2 Personen<\/td>\r\n<\/tr>\r\n<tr>\r\n<td>Belegung max.<\/td>\r\n<td>4 Personen<\/td>\r\n<\/tr>\r\n<\/tbody>\r\n<\/table>\t\t\t\t<\/div>\n\t\t\t\t<\/div>\n\t\t\t\t\t<\/div>\n\t\t<\/div>\n\t\t\t\t\t<\/div>\n\t\t<\/section>\n\t\t\t\t<section class=\"elementor-section elementor-top-section elementor-element elementor-element-250e28a4 elementor-section-stretched elementor-section-boxed elementor-section-height-default elementor-section-height-default\" data-id=\"250e28a4\" data-element_type=\"section\" data-e-type=\"section\" data-settings=\"{&quot;stretch_section&quot;:&quot;section-stretched&quot;}\">\n\t\t\t\t\t\t<div class=\"elementor-container elementor-column-gap-default\">\n\t\t\t\t\t<div class=\"elementor-column elementor-col-100 elementor-top-column elementor-element elementor-element-3b58be3c\" data-id=\"3b58be3c\" data-element_type=\"column\" data-e-type=\"column\">\n\t\t\t<div class=\"elementor-widget-wrap elementor-element-populated\">\n\t\t\t\t\t\t<div class=\"elementor-element elementor-element-5256bfeb elementor-widget elementor-widget-heading\" data-id=\"5256bfeb\" data-element_type=\"widget\" data-e-type=\"widget\" data-widget_type=\"heading.default\">\n\t\t\t\t<div class=\"elementor-widget-container\">\n\t\t\t\t\t<h2 class=\"elementor-heading-title elementor-size-default\">R\u00e4ume<\/h2>\t\t\t\t<\/div>\n\t\t\t\t<\/div>\n\t\t\t\t<div class=\"elementor-element elementor-element-7692393a elementor-widget-divider--view-line elementor-widget elementor-widget-divider\" data-id=\"7692393a\" data-element_type=\"widget\" data-e-type=\"widget\" data-widget_type=\"divider.default\">\n\t\t\t\t<div class=\"elementor-widget-container\">\n\t\t\t\t\t\t\t<div class=\"elementor-divider\">\n\t\t\t<span class=\"elementor-divider-separator\">\n\t\t\t\t\t\t<\/span>\n\t\t<\/div>\n\t\t\t\t\t\t<\/div>\n\t\t\t\t<\/div>\n\t\t\t\t<div class=\"elementor-element elementor-element-f1eb228 elementor-widget elementor-widget-html\" data-id=\"f1eb228\" data-element_type=\"widget\" data-e-type=\"widget\" data-widget_type=\"html.default\">\n\t\t\t\t<div class=\"elementor-widget-container\">\n\t\t\t\t\t<table class=\"tabfeatures\" summary=\"Zwei-Zimmer-Wohnung Gardasee \"><colgroup> <col width=\"40%\"> <\/col> <col width=\"60%\"> <\/col><\/colgroup>\r\n<tbody>\r\n<tr>\r\n<td>Wohnzimmer<\/td>\r\n<td>Schlafsofa<br>\r\nTisch mit 4 Stuhle<br>\r\nTV-Sat<\/td>\r\n<\/tr>\r\n<tr>\r\n<td>Kochnische<\/td>\r\n<td>4 Kochplaten (Gas)<br>\r\nMikrowelle<br>\r\nK\u00fchlschrank m. Gefrierfach<br>\r\nKaffemaschine<br>Toaster<br>Wasserkocher<\/td>\r\n<\/tr>\r\n<tr>\r\n<td>Schlafzimmer<\/td>\r\n<td>1 x Doppelbett<\/td>\r\n<\/tr>\r\n<tr>\r\n<td>Badezimmer<\/td>\r\n<td>Du-Wc<br>\r\nBidet<br>\r\nWaschbecken<\/td>\r\n<\/tr>\r\n<tr>\r\n<td>Terrasse<\/td>\r\n<td>Tisch mit 4-6 Stuhle<\/td>\r\n<\/tr>\r\n<\/tbody>\r\n<\/table>\t\t\t\t<\/div>\n\t\t\t\t<\/div>\n\t\t\t\t\t<\/div>\n\t\t<\/div>\n\t\t\t\t\t<\/div>\n\t\t<\/section>\n\t\t\t\t<section class=\"elementor-section elementor-top-section elementor-element elementor-element-151835e5 elementor-section-stretched elementor-section-boxed elementor-section-height-default elementor-section-height-default\" data-id=\"151835e5\" data-element_type=\"section\" data-e-type=\"section\" data-settings=\"{&quot;stretch_section&quot;:&quot;section-stretched&quot;}\">\n\t\t\t\t\t\t<div class=\"elementor-container elementor-column-gap-default\">\n\t\t\t\t\t<div class=\"elementor-column elementor-col-100 elementor-top-column elementor-element elementor-element-3f92f974\" data-id=\"3f92f974\" data-element_type=\"column\" data-e-type=\"column\">\n\t\t\t<div class=\"elementor-widget-wrap elementor-element-populated\">\n\t\t\t\t\t\t<div class=\"elementor-element elementor-element-29fc48e5 elementor-widget elementor-widget-heading\" data-id=\"29fc48e5\" data-element_type=\"widget\" data-e-type=\"widget\" data-widget_type=\"heading.default\">\n\t\t\t\t<div class=\"elementor-widget-container\">\n\t\t\t\t\t<h2 class=\"elementor-heading-title elementor-size-default\">Schlafpl\u00e4tze<\/h2>\t\t\t\t<\/div>\n\t\t\t\t<\/div>\n\t\t\t\t<div class=\"elementor-element elementor-element-90d1594 elementor-widget-divider--view-line elementor-widget elementor-widget-divider\" data-id=\"90d1594\" data-element_type=\"widget\" data-e-type=\"widget\" data-widget_type=\"divider.default\">\n\t\t\t\t<div class=\"elementor-widget-container\">\n\t\t\t\t\t\t\t<div class=\"elementor-divider\">\n\t\t\t<span class=\"elementor-divider-separator\">\n\t\t\t\t\t\t<\/span>\n\t\t<\/div>\n\t\t\t\t\t\t<\/div>\n\t\t\t\t<\/div>\n\t\t\t\t<div class=\"elementor-element elementor-element-1b5c22f elementor-widget elementor-widget-html\" data-id=\"1b5c22f\" data-element_type=\"widget\" data-e-type=\"widget\" data-widget_type=\"html.default\">\n\t\t\t\t<div class=\"elementor-widget-container\">\n\t\t\t\t\t<table class=\"tabfeatures\" summary=\"Ferienwohnung Gardasee 50qm\"><colgroup> <col width=\"40%\"> <\/col> <col width=\"60%\"> <\/col><\/colgroup>\r\n<tbody>\r\n<tr>\r\n<td>Doppelbett<\/td>\r\n<td>2 Personen<\/td>\r\n<\/tr>\r\n<tr>\r\n<td>Schlafcouch<\/td>\r\n<td>2 Personen<\/td>\r\n<\/tr>\r\n<\/tbody>\r\n<\/table>\t\t\t\t<\/div>\n\t\t\t\t<\/div>\n\t\t\t\t\t<\/div>\n\t\t<\/div>\n\t\t\t\t\t<\/div>\n\t\t<\/section>\n\t\t\t\t<section class=\"elementor-section elementor-top-section elementor-element elementor-element-34210c59 elementor-section-stretched elementor-section-full_width elementor-section-height-default elementor-section-height-default\" data-id=\"34210c59\" data-element_type=\"section\" data-e-type=\"section\" data-settings=\"{&quot;stretch_section&quot;:&quot;section-stretched&quot;,&quot;background_background&quot;:&quot;classic&quot;}\">\n\t\t\t\t\t\t\t<div class=\"elementor-background-overlay\"><\/div>\n\t\t\t\t\t\t\t<div class=\"elementor-container elementor-column-gap-default\">\n\t\t\t\t\t<div class=\"elementor-column elementor-col-100 elementor-top-column elementor-element elementor-element-4704c75e\" data-id=\"4704c75e\" data-element_type=\"column\" data-e-type=\"column\">\n\t\t\t<div class=\"elementor-widget-wrap elementor-element-populated\">\n\t\t\t\t\t\t<div class=\"elementor-element elementor-element-d12c246 elementor-widget elementor-widget-heading\" data-id=\"d12c246\" data-element_type=\"widget\" data-e-type=\"widget\" data-widget_type=\"heading.default\">\n\t\t\t\t<div class=\"elementor-widget-container\">\n\t\t\t\t\t<h2 class=\"elementor-heading-title elementor-size-default\">Fotogallerie<\/h2>\t\t\t\t<\/div>\n\t\t\t\t<\/div>\n\t\t\t\t<div class=\"elementor-element elementor-element-18a98177 elementor-widget-divider--view-line elementor-widget elementor-widget-divider\" data-id=\"18a98177\" data-element_type=\"widget\" data-e-type=\"widget\" data-widget_type=\"divider.default\">\n\t\t\t\t<div class=\"elementor-widget-container\">\n\t\t\t\t\t\t\t<div class=\"elementor-divider\">\n\t\t\t<span class=\"elementor-divider-separator\">\n\t\t\t\t\t\t<\/span>\n\t\t<\/div>\n\t\t\t\t\t\t<\/div>\n\t\t\t\t<\/div>\n\t\t\t\t<div class=\"elementor-element elementor-element-260e5fd9 elementor-hidden-phone elementor-widget elementor-widget-shortcode\" data-id=\"260e5fd9\" data-element_type=\"widget\" data-e-type=\"widget\" data-widget_type=\"shortcode.default\">\n\t\t\t\t<div class=\"elementor-widget-container\">\n\t\t\t\t\t\t\t<div class=\"elementor-shortcode\"><div class=\"rl-gallery-container rl-loading\" id=\"rl-gallery-container-1\" data-gallery_id=\"9865\"> <div class=\"rl-gallery rl-basicgrid-gallery rl-hover-icon-9\" id=\"rl-gallery-1\" data-gallery_no=\"1\"> <div class=\"rl-gallery-item\"><a href=\"https:\/\/agriturismouliveta.it\/agriturismo-gardasee\/wp-content\/uploads\/2025\/04\/gremal-ruhige-ferienwohnung-in-castelletto-di-brenzone-mit-seeblick-01.jpg\" title=\"\" data-rl_title=\"\" class=\"rl-gallery-link\" data-rl_caption=\"\" data-rel=\"lightbox-gallery-1\" data-magnific_type=\"gallery\" data-rl_><img loading=\"lazy\" decoding=\"async\" src=\"https:\/\/agriturismouliveta.it\/agriturismo-gardasee\/wp-content\/uploads\/2025\/04\/gremal-ruhige-ferienwohnung-in-castelletto-di-brenzone-mit-seeblick-01-550x367.jpg\" width=\"550\" height=\"367\" alt=\"\" \/><\/a><\/div><div class=\"rl-gallery-item\"><a href=\"https:\/\/agriturismouliveta.it\/agriturismo-gardasee\/wp-content\/uploads\/2025\/04\/gremal-ruhige-ferienwohnung-in-castelletto-di-brenzone-mit-seeblick-02.jpg\" title=\"\" data-rl_title=\"\" class=\"rl-gallery-link\" data-rl_caption=\"\" data-rel=\"lightbox-gallery-1\" data-magnific_type=\"gallery\" data-rl_><img loading=\"lazy\" decoding=\"async\" src=\"https:\/\/agriturismouliveta.it\/agriturismo-gardasee\/wp-content\/uploads\/2025\/04\/gremal-ruhige-ferienwohnung-in-castelletto-di-brenzone-mit-seeblick-02-550x367.jpg\" width=\"550\" height=\"367\" alt=\"\" \/><\/a><\/div><div class=\"rl-gallery-item\"><a href=\"https:\/\/agriturismouliveta.it\/agriturismo-gardasee\/wp-content\/uploads\/2025\/04\/gremal-ruhige-ferienwohnung-in-castelletto-di-brenzone-mit-seeblick-03.jpg\" title=\"\" data-rl_title=\"\" class=\"rl-gallery-link\" data-rl_caption=\"\" data-rel=\"lightbox-gallery-1\" data-magnific_type=\"gallery\" data-rl_><img loading=\"lazy\" decoding=\"async\" src=\"https:\/\/agriturismouliveta.it\/agriturismo-gardasee\/wp-content\/uploads\/2025\/04\/gremal-ruhige-ferienwohnung-in-castelletto-di-brenzone-mit-seeblick-03-550x367.jpg\" width=\"550\" height=\"367\" alt=\"\" \/><\/a><\/div><div class=\"rl-gallery-item\"><a href=\"https:\/\/agriturismouliveta.it\/agriturismo-gardasee\/wp-content\/uploads\/2025\/04\/gremal-ruhige-ferienwohnung-in-castelletto-di-brenzone-mit-seeblick-04.jpg\" title=\"\" data-rl_title=\"\" class=\"rl-gallery-link\" data-rl_caption=\"\" data-rel=\"lightbox-gallery-1\" data-magnific_type=\"gallery\" data-rl_><img loading=\"lazy\" decoding=\"async\" src=\"https:\/\/agriturismouliveta.it\/agriturismo-gardasee\/wp-content\/uploads\/2025\/04\/gremal-ruhige-ferienwohnung-in-castelletto-di-brenzone-mit-seeblick-04-550x367.jpg\" width=\"550\" height=\"367\" alt=\"\" \/><\/a><\/div><div class=\"rl-gallery-item\"><a href=\"https:\/\/agriturismouliveta.it\/agriturismo-gardasee\/wp-content\/uploads\/2025\/04\/gremal-ruhige-ferienwohnung-in-castelletto-di-brenzone-mit-seeblick-05.jpg\" title=\"\" data-rl_title=\"\" class=\"rl-gallery-link\" data-rl_caption=\"\" data-rel=\"lightbox-gallery-1\" data-magnific_type=\"gallery\" data-rl_><img loading=\"lazy\" decoding=\"async\" src=\"https:\/\/agriturismouliveta.it\/agriturismo-gardasee\/wp-content\/uploads\/2025\/04\/gremal-ruhige-ferienwohnung-in-castelletto-di-brenzone-mit-seeblick-05-550x367.jpg\" width=\"550\" height=\"367\" alt=\"\" \/><\/a><\/div><div class=\"rl-gallery-item\"><a href=\"https:\/\/agriturismouliveta.it\/agriturismo-gardasee\/wp-content\/uploads\/2025\/04\/gremal-ruhige-ferienwohnung-in-castelletto-di-brenzone-mit-seeblick-06.jpg\" title=\"\" data-rl_title=\"\" class=\"rl-gallery-link\" data-rl_caption=\"\" data-rel=\"lightbox-gallery-1\" data-magnific_type=\"gallery\" data-rl_><img loading=\"lazy\" decoding=\"async\" src=\"https:\/\/agriturismouliveta.it\/agriturismo-gardasee\/wp-content\/uploads\/2025\/04\/gremal-ruhige-ferienwohnung-in-castelletto-di-brenzone-mit-seeblick-06-550x367.jpg\" width=\"550\" height=\"367\" alt=\"\" \/><\/a><\/div><div class=\"rl-gallery-item\"><a href=\"https:\/\/agriturismouliveta.it\/agriturismo-gardasee\/wp-content\/uploads\/2025\/04\/gremal-ruhige-ferienwohnung-in-castelletto-di-brenzone-mit-seeblick-07.jpg\" title=\"\" data-rl_title=\"\" class=\"rl-gallery-link\" data-rl_caption=\"\" data-rel=\"lightbox-gallery-1\" data-magnific_type=\"gallery\" data-rl_><img loading=\"lazy\" decoding=\"async\" src=\"https:\/\/agriturismouliveta.it\/agriturismo-gardasee\/wp-content\/uploads\/2025\/04\/gremal-ruhige-ferienwohnung-in-castelletto-di-brenzone-mit-seeblick-07-550x367.jpg\" width=\"550\" height=\"367\" alt=\"\" \/><\/a><\/div><div class=\"rl-gallery-item\"><a href=\"https:\/\/agriturismouliveta.it\/agriturismo-gardasee\/wp-content\/uploads\/2025\/04\/gremal-ruhige-ferienwohnung-in-castelletto-di-brenzone-mit-seeblick-08.jpg\" title=\"\" data-rl_title=\"\" class=\"rl-gallery-link\" data-rl_caption=\"\" data-rel=\"lightbox-gallery-1\" data-magnific_type=\"gallery\" data-rl_><img loading=\"lazy\" decoding=\"async\" src=\"https:\/\/agriturismouliveta.it\/agriturismo-gardasee\/wp-content\/uploads\/2025\/04\/gremal-ruhige-ferienwohnung-in-castelletto-di-brenzone-mit-seeblick-08-550x367.jpg\" width=\"550\" height=\"367\" alt=\"\" \/><\/a><\/div><div class=\"rl-gallery-item\"><a href=\"https:\/\/agriturismouliveta.it\/agriturismo-gardasee\/wp-content\/uploads\/2025\/04\/gremal-ruhige-ferienwohnung-in-castelletto-di-brenzone-mit-seeblick-09.jpg\" title=\"\" data-rl_title=\"\" class=\"rl-gallery-link\" data-rl_caption=\"\" data-rel=\"lightbox-gallery-1\" data-magnific_type=\"gallery\" data-rl_><img loading=\"lazy\" decoding=\"async\" src=\"https:\/\/agriturismouliveta.it\/agriturismo-gardasee\/wp-content\/uploads\/2025\/04\/gremal-ruhige-ferienwohnung-in-castelletto-di-brenzone-mit-seeblick-09-550x367.jpg\" width=\"550\" height=\"367\" alt=\"\" \/><\/a><\/div><div class=\"rl-gallery-item\"><a href=\"https:\/\/agriturismouliveta.it\/agriturismo-gardasee\/wp-content\/uploads\/2025\/04\/gremal-ruhige-ferienwohnung-in-castelletto-di-brenzone-mit-seeblick-10.jpg\" title=\"\" data-rl_title=\"\" class=\"rl-gallery-link\" data-rl_caption=\"\" data-rel=\"lightbox-gallery-1\" data-magnific_type=\"gallery\" data-rl_><img loading=\"lazy\" decoding=\"async\" src=\"https:\/\/agriturismouliveta.it\/agriturismo-gardasee\/wp-content\/uploads\/2025\/04\/gremal-ruhige-ferienwohnung-in-castelletto-di-brenzone-mit-seeblick-10-550x367.jpg\" width=\"550\" height=\"367\" alt=\"\" \/><\/a><\/div><div class=\"rl-gallery-item\"><a href=\"https:\/\/agriturismouliveta.it\/agriturismo-gardasee\/wp-content\/uploads\/2025\/04\/gremal-ruhige-ferienwohnung-in-castelletto-di-brenzone-mit-seeblick-11.jpg\" title=\"\" data-rl_title=\"\" class=\"rl-gallery-link\" data-rl_caption=\"\" data-rel=\"lightbox-gallery-1\" data-magnific_type=\"gallery\" data-rl_><img loading=\"lazy\" decoding=\"async\" src=\"https:\/\/agriturismouliveta.it\/agriturismo-gardasee\/wp-content\/uploads\/2025\/04\/gremal-ruhige-ferienwohnung-in-castelletto-di-brenzone-mit-seeblick-11-550x367.jpg\" width=\"550\" height=\"367\" alt=\"\" \/><\/a><\/div><div class=\"rl-gallery-item\"><a href=\"https:\/\/agriturismouliveta.it\/agriturismo-gardasee\/wp-content\/uploads\/2025\/04\/gremal-ruhige-ferienwohnung-in-castelletto-di-brenzone-mit-seeblick-12.jpg\" title=\"\" data-rl_title=\"\" class=\"rl-gallery-link\" data-rl_caption=\"\" data-rel=\"lightbox-gallery-1\" data-magnific_type=\"gallery\" data-rl_><img loading=\"lazy\" decoding=\"async\" src=\"https:\/\/agriturismouliveta.it\/agriturismo-gardasee\/wp-content\/uploads\/2025\/04\/gremal-ruhige-ferienwohnung-in-castelletto-di-brenzone-mit-seeblick-12-550x367.jpg\" width=\"550\" height=\"367\" alt=\"\" \/><\/a><\/div><div class=\"rl-gallery-item\"><a href=\"https:\/\/agriturismouliveta.it\/agriturismo-gardasee\/wp-content\/uploads\/2025\/04\/gremal-ruhige-ferienwohnung-in-castelletto-di-brenzone-mit-seeblick-13.jpg\" title=\"\" data-rl_title=\"\" class=\"rl-gallery-link\" data-rl_caption=\"\" data-rel=\"lightbox-gallery-1\" data-magnific_type=\"gallery\" data-rl_><img loading=\"lazy\" decoding=\"async\" src=\"https:\/\/agriturismouliveta.it\/agriturismo-gardasee\/wp-content\/uploads\/2025\/04\/gremal-ruhige-ferienwohnung-in-castelletto-di-brenzone-mit-seeblick-13-550x367.jpg\" width=\"550\" height=\"367\" alt=\"\" \/><\/a><\/div><div class=\"rl-gallery-item\"><a href=\"https:\/\/agriturismouliveta.it\/agriturismo-gardasee\/wp-content\/uploads\/2025\/04\/gremal-ruhige-ferienwohnung-in-castelletto-di-brenzone-mit-seeblick-14.jpg\" title=\"\" data-rl_title=\"\" class=\"rl-gallery-link\" data-rl_caption=\"\" data-rel=\"lightbox-gallery-1\" data-magnific_type=\"gallery\" data-rl_><img loading=\"lazy\" decoding=\"async\" src=\"https:\/\/agriturismouliveta.it\/agriturismo-gardasee\/wp-content\/uploads\/2025\/04\/gremal-ruhige-ferienwohnung-in-castelletto-di-brenzone-mit-seeblick-14-550x367.jpg\" width=\"550\" height=\"367\" alt=\"\" \/><\/a><\/div><div class=\"rl-gallery-item\"><a href=\"https:\/\/agriturismouliveta.it\/agriturismo-gardasee\/wp-content\/uploads\/2025\/04\/gremal-ruhige-ferienwohnung-in-castelletto-di-brenzone-mit-seeblick-15.jpg\" title=\"\" data-rl_title=\"\" class=\"rl-gallery-link\" data-rl_caption=\"\" data-rel=\"lightbox-gallery-1\" data-magnific_type=\"gallery\" data-rl_><img loading=\"lazy\" decoding=\"async\" src=\"https:\/\/agriturismouliveta.it\/agriturismo-gardasee\/wp-content\/uploads\/2025\/04\/gremal-ruhige-ferienwohnung-in-castelletto-di-brenzone-mit-seeblick-15-550x367.jpg\" width=\"550\" height=\"367\" alt=\"\" \/><\/a><\/div><div class=\"rl-gallery-item\"><a href=\"https:\/\/agriturismouliveta.it\/agriturismo-gardasee\/wp-content\/uploads\/2025\/04\/gremal-ruhige-ferienwohnung-in-castelletto-di-brenzone-mit-seeblick-17.jpg\" title=\"\" data-rl_title=\"\" class=\"rl-gallery-link\" data-rl_caption=\"\" data-rel=\"lightbox-gallery-1\" data-magnific_type=\"gallery\" data-rl_><img loading=\"lazy\" decoding=\"async\" src=\"https:\/\/agriturismouliveta.it\/agriturismo-gardasee\/wp-content\/uploads\/2025\/04\/gremal-ruhige-ferienwohnung-in-castelletto-di-brenzone-mit-seeblick-17-550x367.jpg\" width=\"550\" height=\"367\" alt=\"\" \/><\/a><\/div><div class=\"rl-gallery-item\"><a href=\"https:\/\/agriturismouliveta.it\/agriturismo-gardasee\/wp-content\/uploads\/2025\/04\/gremal-ruhige-ferienwohnung-in-castelletto-di-brenzone-mit-seeblick-18.jpg\" title=\"\" data-rl_title=\"\" class=\"rl-gallery-link\" data-rl_caption=\"\" data-rel=\"lightbox-gallery-1\" data-magnific_type=\"gallery\" data-rl_><img loading=\"lazy\" decoding=\"async\" src=\"https:\/\/agriturismouliveta.it\/agriturismo-gardasee\/wp-content\/uploads\/2025\/04\/gremal-ruhige-ferienwohnung-in-castelletto-di-brenzone-mit-seeblick-18-550x367.jpg\" width=\"550\" height=\"367\" alt=\"\" \/><\/a><\/div><div class=\"rl-gallery-item\"><a href=\"https:\/\/agriturismouliveta.it\/agriturismo-gardasee\/wp-content\/uploads\/2025\/04\/gremal-ruhige-ferienwohnung-in-castelletto-di-brenzone-mit-seeblick-19.jpg\" title=\"\" data-rl_title=\"\" class=\"rl-gallery-link\" data-rl_caption=\"\" data-rel=\"lightbox-gallery-1\" data-magnific_type=\"gallery\" data-rl_><img loading=\"lazy\" decoding=\"async\" src=\"https:\/\/agriturismouliveta.it\/agriturismo-gardasee\/wp-content\/uploads\/2025\/04\/gremal-ruhige-ferienwohnung-in-castelletto-di-brenzone-mit-seeblick-19-550x367.jpg\" width=\"550\" height=\"367\" alt=\"\" \/><\/a><\/div><div class=\"rl-gallery-item\"><a href=\"https:\/\/agriturismouliveta.it\/agriturismo-gardasee\/wp-content\/uploads\/2025\/04\/gremal-ruhige-ferienwohnung-in-castelletto-di-brenzone-mit-seeblick-20.jpg\" title=\"\" data-rl_title=\"\" class=\"rl-gallery-link\" data-rl_caption=\"\" data-rel=\"lightbox-gallery-1\" data-magnific_type=\"gallery\" data-rl_><img loading=\"lazy\" decoding=\"async\" src=\"https:\/\/agriturismouliveta.it\/agriturismo-gardasee\/wp-content\/uploads\/2025\/04\/gremal-ruhige-ferienwohnung-in-castelletto-di-brenzone-mit-seeblick-20-550x367.jpg\" width=\"550\" height=\"367\" alt=\"\" \/><\/a><\/div><div class=\"rl-gallery-item\"><a href=\"https:\/\/agriturismouliveta.it\/agriturismo-gardasee\/wp-content\/uploads\/2025\/04\/gremal-ruhige-ferienwohnung-in-castelletto-di-brenzone-mit-seeblick-21.jpg\" title=\"\" data-rl_title=\"\" class=\"rl-gallery-link\" data-rl_caption=\"\" data-rel=\"lightbox-gallery-1\" data-magnific_type=\"gallery\" data-rl_><img loading=\"lazy\" decoding=\"async\" src=\"https:\/\/agriturismouliveta.it\/agriturismo-gardasee\/wp-content\/uploads\/2025\/04\/gremal-ruhige-ferienwohnung-in-castelletto-di-brenzone-mit-seeblick-21-550x367.jpg\" width=\"550\" height=\"367\" alt=\"\" \/><\/a><\/div><div class=\"rl-gallery-item\"><a href=\"https:\/\/agriturismouliveta.it\/agriturismo-gardasee\/wp-content\/uploads\/2025\/04\/gremal-ruhige-ferienwohnung-in-castelletto-di-brenzone-mit-seeblick-22.jpg\" title=\"\" data-rl_title=\"\" class=\"rl-gallery-link\" data-rl_caption=\"\" data-rel=\"lightbox-gallery-1\" data-magnific_type=\"gallery\" data-rl_><img loading=\"lazy\" decoding=\"async\" src=\"https:\/\/agriturismouliveta.it\/agriturismo-gardasee\/wp-content\/uploads\/2025\/04\/gremal-ruhige-ferienwohnung-in-castelletto-di-brenzone-mit-seeblick-22-550x367.jpg\" width=\"550\" height=\"367\" alt=\"\" \/><\/a><\/div><div class=\"rl-gallery-item\"><a href=\"https:\/\/agriturismouliveta.it\/agriturismo-gardasee\/wp-content\/uploads\/2025\/04\/gremal-ruhige-ferienwohnung-in-castelletto-di-brenzone-mit-seeblick-23.jpg\" title=\"\" data-rl_title=\"\" class=\"rl-gallery-link\" data-rl_caption=\"\" data-rel=\"lightbox-gallery-1\" data-magnific_type=\"gallery\" data-rl_><img loading=\"lazy\" decoding=\"async\" src=\"https:\/\/agriturismouliveta.it\/agriturismo-gardasee\/wp-content\/uploads\/2025\/04\/gremal-ruhige-ferienwohnung-in-castelletto-di-brenzone-mit-seeblick-23-550x367.jpg\" width=\"550\" height=\"367\" alt=\"\" \/><\/a><\/div><div class=\"rl-gallery-item\"><a href=\"https:\/\/agriturismouliveta.it\/agriturismo-gardasee\/wp-content\/uploads\/2025\/04\/gremal-ruhige-ferienwohnung-in-castelletto-di-brenzone-mit-seeblick-24.jpg\" title=\"\" data-rl_title=\"\" class=\"rl-gallery-link\" data-rl_caption=\"\" data-rel=\"lightbox-gallery-1\" data-magnific_type=\"gallery\" data-rl_><img loading=\"lazy\" decoding=\"async\" src=\"https:\/\/agriturismouliveta.it\/agriturismo-gardasee\/wp-content\/uploads\/2025\/04\/gremal-ruhige-ferienwohnung-in-castelletto-di-brenzone-mit-seeblick-24-550x367.jpg\" width=\"550\" height=\"367\" alt=\"\" \/><\/a><\/div><div class=\"rl-gallery-item\"><a href=\"https:\/\/agriturismouliveta.it\/agriturismo-gardasee\/wp-content\/uploads\/2025\/04\/gremal-ruhige-ferienwohnung-in-castelletto-di-brenzone-mit-seeblick-25.jpg\" title=\"\" data-rl_title=\"\" class=\"rl-gallery-link\" data-rl_caption=\"\" data-rel=\"lightbox-gallery-1\" data-magnific_type=\"gallery\" data-rl_><img loading=\"lazy\" decoding=\"async\" src=\"https:\/\/agriturismouliveta.it\/agriturismo-gardasee\/wp-content\/uploads\/2025\/04\/gremal-ruhige-ferienwohnung-in-castelletto-di-brenzone-mit-seeblick-25-550x367.jpg\" width=\"550\" height=\"367\" alt=\"\" \/><\/a><\/div><div class=\"rl-gallery-item\"><a href=\"https:\/\/agriturismouliveta.it\/agriturismo-gardasee\/wp-content\/uploads\/2025\/04\/gremal-ruhige-ferienwohnung-in-castelletto-di-brenzone-mit-seeblick-26.jpg\" title=\"\" data-rl_title=\"\" class=\"rl-gallery-link\" data-rl_caption=\"\" data-rel=\"lightbox-gallery-1\" data-magnific_type=\"gallery\" data-rl_><img loading=\"lazy\" decoding=\"async\" src=\"https:\/\/agriturismouliveta.it\/agriturismo-gardasee\/wp-content\/uploads\/2025\/04\/gremal-ruhige-ferienwohnung-in-castelletto-di-brenzone-mit-seeblick-26-550x367.jpg\" width=\"550\" height=\"367\" alt=\"\" \/><\/a><\/div><div class=\"rl-gallery-item\"><a href=\"https:\/\/agriturismouliveta.it\/agriturismo-gardasee\/wp-content\/uploads\/2025\/04\/gremal-ruhige-ferienwohnung-in-castelletto-di-brenzone-mit-seeblick-27.jpg\" title=\"\" data-rl_title=\"\" class=\"rl-gallery-link\" data-rl_caption=\"\" data-rel=\"lightbox-gallery-1\" data-magnific_type=\"gallery\" data-rl_><img loading=\"lazy\" decoding=\"async\" src=\"https:\/\/agriturismouliveta.it\/agriturismo-gardasee\/wp-content\/uploads\/2025\/04\/gremal-ruhige-ferienwohnung-in-castelletto-di-brenzone-mit-seeblick-27-550x367.jpg\" width=\"550\" height=\"367\" alt=\"\" \/><\/a><\/div><div class=\"rl-gallery-item\"><a href=\"https:\/\/agriturismouliveta.it\/agriturismo-gardasee\/wp-content\/uploads\/2025\/04\/gremal-ruhige-ferienwohnung-in-castelletto-di-brenzone-mit-seeblick-28.jpg\" title=\"\" data-rl_title=\"\" class=\"rl-gallery-link\" data-rl_caption=\"\" data-rel=\"lightbox-gallery-1\" data-magnific_type=\"gallery\" data-rl_><img loading=\"lazy\" decoding=\"async\" src=\"https:\/\/agriturismouliveta.it\/agriturismo-gardasee\/wp-content\/uploads\/2025\/04\/gremal-ruhige-ferienwohnung-in-castelletto-di-brenzone-mit-seeblick-28-550x367.jpg\" width=\"550\" height=\"367\" alt=\"\" \/><\/a><\/div><div class=\"rl-gallery-item\"><a href=\"https:\/\/agriturismouliveta.it\/agriturismo-gardasee\/wp-content\/uploads\/2025\/04\/gremal-ruhige-ferienwohnung-in-castelletto-di-brenzone-mit-seeblick-29.jpg\" title=\"\" data-rl_title=\"\" class=\"rl-gallery-link\" data-rl_caption=\"\" data-rel=\"lightbox-gallery-1\" data-magnific_type=\"gallery\" data-rl_><img loading=\"lazy\" decoding=\"async\" src=\"https:\/\/agriturismouliveta.it\/agriturismo-gardasee\/wp-content\/uploads\/2025\/04\/gremal-ruhige-ferienwohnung-in-castelletto-di-brenzone-mit-seeblick-29-550x367.jpg\" width=\"550\" height=\"367\" alt=\"\" \/><\/a><\/div><div class=\"rl-gallery-item\"><a href=\"https:\/\/agriturismouliveta.it\/agriturismo-gardasee\/wp-content\/uploads\/2025\/04\/gremal-ruhige-ferienwohnung-in-castelletto-di-brenzone-mit-seeblick-30.jpg\" title=\"\" data-rl_title=\"\" class=\"rl-gallery-link\" data-rl_caption=\"\" data-rel=\"lightbox-gallery-1\" data-magnific_type=\"gallery\" data-rl_><img loading=\"lazy\" decoding=\"async\" src=\"https:\/\/agriturismouliveta.it\/agriturismo-gardasee\/wp-content\/uploads\/2025\/04\/gremal-ruhige-ferienwohnung-in-castelletto-di-brenzone-mit-seeblick-30-550x367.jpg\" width=\"550\" height=\"367\" alt=\"\" \/><\/a><\/div><div class=\"rl-gallery-item\"><a href=\"https:\/\/agriturismouliveta.it\/agriturismo-gardasee\/wp-content\/uploads\/2025\/04\/gremal-ruhige-ferienwohnung-in-castelletto-di-brenzone-mit-seeblick-31.jpg\" title=\"\" data-rl_title=\"\" class=\"rl-gallery-link\" data-rl_caption=\"\" data-rel=\"lightbox-gallery-1\" data-magnific_type=\"gallery\" data-rl_><img loading=\"lazy\" decoding=\"async\" src=\"https:\/\/agriturismouliveta.it\/agriturismo-gardasee\/wp-content\/uploads\/2025\/04\/gremal-ruhige-ferienwohnung-in-castelletto-di-brenzone-mit-seeblick-31-550x367.jpg\" width=\"550\" height=\"367\" alt=\"\" \/><\/a><\/div><div class=\"rl-gallery-item\"><a href=\"https:\/\/agriturismouliveta.it\/agriturismo-gardasee\/wp-content\/uploads\/2025\/04\/gremal-ruhige-ferienwohnung-in-castelletto-di-brenzone-mit-seeblick-32.jpg\" title=\"\" data-rl_title=\"\" class=\"rl-gallery-link\" data-rl_caption=\"\" data-rel=\"lightbox-gallery-1\" data-magnific_type=\"gallery\" data-rl_><img loading=\"lazy\" decoding=\"async\" src=\"https:\/\/agriturismouliveta.it\/agriturismo-gardasee\/wp-content\/uploads\/2025\/04\/gremal-ruhige-ferienwohnung-in-castelletto-di-brenzone-mit-seeblick-32-550x367.jpg\" width=\"550\" height=\"367\" alt=\"\" \/><\/a><\/div><div class=\"rl-gallery-item\"><a href=\"https:\/\/agriturismouliveta.it\/agriturismo-gardasee\/wp-content\/uploads\/2025\/04\/gremal-ruhige-ferienwohnung-in-castelletto-di-brenzone-mit-seeblick-33.jpg\" title=\"\" data-rl_title=\"\" class=\"rl-gallery-link\" data-rl_caption=\"\" data-rel=\"lightbox-gallery-1\" data-magnific_type=\"gallery\" data-rl_><img loading=\"lazy\" decoding=\"async\" src=\"https:\/\/agriturismouliveta.it\/agriturismo-gardasee\/wp-content\/uploads\/2025\/04\/gremal-ruhige-ferienwohnung-in-castelletto-di-brenzone-mit-seeblick-33-550x367.jpg\" width=\"550\" height=\"367\" alt=\"\" \/><\/a><\/div><div class=\"rl-gallery-item\"><a href=\"https:\/\/agriturismouliveta.it\/agriturismo-gardasee\/wp-content\/uploads\/2025\/04\/gremal-ruhige-ferienwohnung-in-castelletto-di-brenzone-mit-seeblick-34.jpg\" title=\"\" data-rl_title=\"\" class=\"rl-gallery-link\" data-rl_caption=\"\" data-rel=\"lightbox-gallery-1\" data-magnific_type=\"gallery\" data-rl_><img loading=\"lazy\" decoding=\"async\" src=\"https:\/\/agriturismouliveta.it\/agriturismo-gardasee\/wp-content\/uploads\/2025\/04\/gremal-ruhige-ferienwohnung-in-castelletto-di-brenzone-mit-seeblick-34-550x367.jpg\" width=\"550\" height=\"367\" alt=\"\" \/><\/a><\/div><div class=\"rl-gallery-item\"><a href=\"https:\/\/agriturismouliveta.it\/agriturismo-gardasee\/wp-content\/uploads\/2025\/04\/gremal-ruhige-ferienwohnung-in-castelletto-di-brenzone-mit-seeblick-35.jpg\" title=\"\" data-rl_title=\"\" class=\"rl-gallery-link\" data-rl_caption=\"\" data-rel=\"lightbox-gallery-1\" data-magnific_type=\"gallery\" data-rl_><img loading=\"lazy\" decoding=\"async\" src=\"https:\/\/agriturismouliveta.it\/agriturismo-gardasee\/wp-content\/uploads\/2025\/04\/gremal-ruhige-ferienwohnung-in-castelletto-di-brenzone-mit-seeblick-35-550x367.jpg\" width=\"550\" height=\"367\" alt=\"\" \/><\/a><\/div><div class=\"rl-gallery-item\"><a href=\"https:\/\/agriturismouliveta.it\/agriturismo-gardasee\/wp-content\/uploads\/2025\/04\/gremal-ruhige-ferienwohnung-in-castelletto-di-brenzone-mit-seeblick-36.jpg\" title=\"\" data-rl_title=\"\" class=\"rl-gallery-link\" data-rl_caption=\"\" data-rel=\"lightbox-gallery-1\" data-magnific_type=\"gallery\" data-rl_><img loading=\"lazy\" decoding=\"async\" src=\"https:\/\/agriturismouliveta.it\/agriturismo-gardasee\/wp-content\/uploads\/2025\/04\/gremal-ruhige-ferienwohnung-in-castelletto-di-brenzone-mit-seeblick-36-550x367.jpg\" width=\"550\" height=\"367\" alt=\"\" \/><\/a><\/div><div class=\"rl-gallery-item\"><a href=\"https:\/\/agriturismouliveta.it\/agriturismo-gardasee\/wp-content\/uploads\/2025\/04\/gremal-ruhige-ferienwohnung-in-castelletto-di-brenzone-mit-seeblick-37.jpg\" title=\"\" data-rl_title=\"\" class=\"rl-gallery-link\" data-rl_caption=\"\" data-rel=\"lightbox-gallery-1\" data-magnific_type=\"gallery\" data-rl_><img loading=\"lazy\" decoding=\"async\" src=\"https:\/\/agriturismouliveta.it\/agriturismo-gardasee\/wp-content\/uploads\/2025\/04\/gremal-ruhige-ferienwohnung-in-castelletto-di-brenzone-mit-seeblick-37-550x367.jpg\" width=\"550\" height=\"367\" alt=\"\" \/><\/a><\/div> <\/div> <\/div><\/div>\n\t\t\t\t\t\t<\/div>\n\t\t\t\t<\/div>\n\t\t\t\t<div class=\"elementor-element elementor-element-1028dfb elementor-hidden-desktop elementor-hidden-tablet elementor-widget elementor-widget-shortcode\" data-id=\"1028dfb\" data-element_type=\"widget\" data-e-type=\"widget\" data-widget_type=\"shortcode.default\">\n\t\t\t\t<div class=\"elementor-widget-container\">\n\t\t\t\t\t\t\t<div class=\"elementor-shortcode\"><div class=\"rl-gallery-container rl-loading\" id=\"rl-gallery-container-2\" data-gallery_id=\"9903\"> <div class=\"rl-gallery rl-basicgrid-gallery rl-hover-icon-9\" id=\"rl-gallery-2\" data-gallery_no=\"2\"> <div class=\"rl-gallery-item\"><a href=\"https:\/\/agriturismouliveta.it\/agriturismo-gardasee\/wp-content\/uploads\/2025\/04\/gremal-ruhige-ferienwohnung-in-castelletto-di-brenzone-mit-seeblick-mob-01.jpg\" title=\"\" data-rl_title=\"\" class=\"rl-gallery-link\" data-rl_caption=\"\" data-rel=\"lightbox-gallery-2\" data-magnific_type=\"gallery\" data-rl_><img loading=\"lazy\" decoding=\"async\" src=\"https:\/\/agriturismouliveta.it\/agriturismo-gardasee\/wp-content\/uploads\/2025\/04\/gremal-ruhige-ferienwohnung-in-castelletto-di-brenzone-mit-seeblick-mob-01-550x367.jpg\" width=\"550\" height=\"367\" alt=\"\" \/><\/a><\/div><div class=\"rl-gallery-item\"><a href=\"https:\/\/agriturismouliveta.it\/agriturismo-gardasee\/wp-content\/uploads\/2025\/04\/gremal-ruhige-ferienwohnung-in-castelletto-di-brenzone-mit-seeblick-mob-02.jpg\" title=\"\" data-rl_title=\"\" class=\"rl-gallery-link\" data-rl_caption=\"\" data-rel=\"lightbox-gallery-2\" data-magnific_type=\"gallery\" data-rl_><img loading=\"lazy\" decoding=\"async\" src=\"https:\/\/agriturismouliveta.it\/agriturismo-gardasee\/wp-content\/uploads\/2025\/04\/gremal-ruhige-ferienwohnung-in-castelletto-di-brenzone-mit-seeblick-mob-02-550x367.jpg\" width=\"550\" height=\"367\" alt=\"\" \/><\/a><\/div><div class=\"rl-gallery-item\"><a href=\"https:\/\/agriturismouliveta.it\/agriturismo-gardasee\/wp-content\/uploads\/2025\/04\/gremal-ruhige-ferienwohnung-in-castelletto-di-brenzone-mit-seeblick-mob-03.jpg\" title=\"\" data-rl_title=\"\" class=\"rl-gallery-link\" data-rl_caption=\"\" data-rel=\"lightbox-gallery-2\" data-magnific_type=\"gallery\" data-rl_><img loading=\"lazy\" decoding=\"async\" src=\"https:\/\/agriturismouliveta.it\/agriturismo-gardasee\/wp-content\/uploads\/2025\/04\/gremal-ruhige-ferienwohnung-in-castelletto-di-brenzone-mit-seeblick-mob-03-550x367.jpg\" width=\"550\" height=\"367\" alt=\"\" \/><\/a><\/div><div class=\"rl-gallery-item\"><a href=\"https:\/\/agriturismouliveta.it\/agriturismo-gardasee\/wp-content\/uploads\/2025\/04\/gremal-ruhige-ferienwohnung-in-castelletto-di-brenzone-mit-seeblick-mob-04.jpg\" title=\"\" data-rl_title=\"\" class=\"rl-gallery-link\" data-rl_caption=\"\" data-rel=\"lightbox-gallery-2\" data-magnific_type=\"gallery\" data-rl_><img loading=\"lazy\" decoding=\"async\" src=\"https:\/\/agriturismouliveta.it\/agriturismo-gardasee\/wp-content\/uploads\/2025\/04\/gremal-ruhige-ferienwohnung-in-castelletto-di-brenzone-mit-seeblick-mob-04-550x367.jpg\" width=\"550\" height=\"367\" alt=\"\" \/><\/a><\/div><div class=\"rl-gallery-item\"><a href=\"https:\/\/agriturismouliveta.it\/agriturismo-gardasee\/wp-content\/uploads\/2025\/04\/gremal-ruhige-ferienwohnung-in-castelletto-di-brenzone-mit-seeblick-mob-05.jpg\" title=\"\" data-rl_title=\"\" class=\"rl-gallery-link\" data-rl_caption=\"\" data-rel=\"lightbox-gallery-2\" data-magnific_type=\"gallery\" data-rl_><img loading=\"lazy\" decoding=\"async\" src=\"https:\/\/agriturismouliveta.it\/agriturismo-gardasee\/wp-content\/uploads\/2025\/04\/gremal-ruhige-ferienwohnung-in-castelletto-di-brenzone-mit-seeblick-mob-05-550x367.jpg\" width=\"550\" height=\"367\" alt=\"\" \/><\/a><\/div><div class=\"rl-gallery-item\"><a href=\"https:\/\/agriturismouliveta.it\/agriturismo-gardasee\/wp-content\/uploads\/2025\/04\/gremal-ruhige-ferienwohnung-in-castelletto-di-brenzone-mit-seeblick-mob-06.jpg\" title=\"\" data-rl_title=\"\" class=\"rl-gallery-link\" data-rl_caption=\"\" data-rel=\"lightbox-gallery-2\" data-magnific_type=\"gallery\" data-rl_><img loading=\"lazy\" decoding=\"async\" src=\"https:\/\/agriturismouliveta.it\/agriturismo-gardasee\/wp-content\/uploads\/2025\/04\/gremal-ruhige-ferienwohnung-in-castelletto-di-brenzone-mit-seeblick-mob-06-550x367.jpg\" width=\"550\" height=\"367\" alt=\"\" \/><\/a><\/div><div class=\"rl-gallery-item\"><a href=\"https:\/\/agriturismouliveta.it\/agriturismo-gardasee\/wp-content\/uploads\/2025\/04\/gremal-ruhige-ferienwohnung-in-castelletto-di-brenzone-mit-seeblick-mob-07.jpg\" title=\"\" data-rl_title=\"\" class=\"rl-gallery-link\" data-rl_caption=\"\" data-rel=\"lightbox-gallery-2\" data-magnific_type=\"gallery\" data-rl_><img loading=\"lazy\" decoding=\"async\" src=\"https:\/\/agriturismouliveta.it\/agriturismo-gardasee\/wp-content\/uploads\/2025\/04\/gremal-ruhige-ferienwohnung-in-castelletto-di-brenzone-mit-seeblick-mob-07-550x367.jpg\" width=\"550\" height=\"367\" alt=\"\" \/><\/a><\/div><div class=\"rl-gallery-item\"><a href=\"https:\/\/agriturismouliveta.it\/agriturismo-gardasee\/wp-content\/uploads\/2025\/04\/gremal-ruhige-ferienwohnung-in-castelletto-di-brenzone-mit-seeblick-mob-08.jpg\" title=\"\" data-rl_title=\"\" class=\"rl-gallery-link\" data-rl_caption=\"\" data-rel=\"lightbox-gallery-2\" data-magnific_type=\"gallery\" data-rl_><img loading=\"lazy\" decoding=\"async\" src=\"https:\/\/agriturismouliveta.it\/agriturismo-gardasee\/wp-content\/uploads\/2025\/04\/gremal-ruhige-ferienwohnung-in-castelletto-di-brenzone-mit-seeblick-mob-08-550x367.jpg\" width=\"550\" height=\"367\" alt=\"\" \/><\/a><\/div><div class=\"rl-gallery-item\"><a href=\"https:\/\/agriturismouliveta.it\/agriturismo-gardasee\/wp-content\/uploads\/2025\/04\/gremal-ruhige-ferienwohnung-in-castelletto-di-brenzone-mit-seeblick-mob-09.jpg\" title=\"\" data-rl_title=\"\" class=\"rl-gallery-link\" data-rl_caption=\"\" data-rel=\"lightbox-gallery-2\" data-magnific_type=\"gallery\" data-rl_><img loading=\"lazy\" decoding=\"async\" src=\"https:\/\/agriturismouliveta.it\/agriturismo-gardasee\/wp-content\/uploads\/2025\/04\/gremal-ruhige-ferienwohnung-in-castelletto-di-brenzone-mit-seeblick-mob-09-550x367.jpg\" width=\"550\" height=\"367\" alt=\"\" \/><\/a><\/div><div class=\"rl-gallery-item\"><a href=\"https:\/\/agriturismouliveta.it\/agriturismo-gardasee\/wp-content\/uploads\/2025\/04\/gremal-ruhige-ferienwohnung-in-castelletto-di-brenzone-mit-seeblick-mob-10.jpg\" title=\"\" data-rl_title=\"\" class=\"rl-gallery-link\" data-rl_caption=\"\" data-rel=\"lightbox-gallery-2\" data-magnific_type=\"gallery\" data-rl_><img loading=\"lazy\" decoding=\"async\" src=\"https:\/\/agriturismouliveta.it\/agriturismo-gardasee\/wp-content\/uploads\/2025\/04\/gremal-ruhige-ferienwohnung-in-castelletto-di-brenzone-mit-seeblick-mob-10-550x367.jpg\" width=\"550\" height=\"367\" alt=\"\" \/><\/a><\/div><div class=\"rl-gallery-item\"><a href=\"https:\/\/agriturismouliveta.it\/agriturismo-gardasee\/wp-content\/uploads\/2025\/04\/gremal-ruhige-ferienwohnung-in-castelletto-di-brenzone-mit-seeblick-mob-11.jpg\" title=\"\" data-rl_title=\"\" class=\"rl-gallery-link\" data-rl_caption=\"\" data-rel=\"lightbox-gallery-2\" data-magnific_type=\"gallery\" data-rl_><img loading=\"lazy\" decoding=\"async\" src=\"https:\/\/agriturismouliveta.it\/agriturismo-gardasee\/wp-content\/uploads\/2025\/04\/gremal-ruhige-ferienwohnung-in-castelletto-di-brenzone-mit-seeblick-mob-11-550x367.jpg\" width=\"550\" height=\"367\" alt=\"\" \/><\/a><\/div><div class=\"rl-gallery-item\"><a href=\"https:\/\/agriturismouliveta.it\/agriturismo-gardasee\/wp-content\/uploads\/2025\/04\/gremal-ruhige-ferienwohnung-in-castelletto-di-brenzone-mit-seeblick-mob-12.jpg\" title=\"\" data-rl_title=\"\" class=\"rl-gallery-link\" data-rl_caption=\"\" data-rel=\"lightbox-gallery-2\" data-magnific_type=\"gallery\" data-rl_><img loading=\"lazy\" decoding=\"async\" src=\"https:\/\/agriturismouliveta.it\/agriturismo-gardasee\/wp-content\/uploads\/2025\/04\/gremal-ruhige-ferienwohnung-in-castelletto-di-brenzone-mit-seeblick-mob-12-550x367.jpg\" width=\"550\" height=\"367\" alt=\"\" \/><\/a><\/div><div class=\"rl-gallery-item\"><a href=\"https:\/\/agriturismouliveta.it\/agriturismo-gardasee\/wp-content\/uploads\/2025\/04\/gremal-ruhige-ferienwohnung-in-castelletto-di-brenzone-mit-seeblick-mob-13.jpg\" title=\"\" data-rl_title=\"\" class=\"rl-gallery-link\" data-rl_caption=\"\" data-rel=\"lightbox-gallery-2\" data-magnific_type=\"gallery\" data-rl_><img loading=\"lazy\" decoding=\"async\" src=\"https:\/\/agriturismouliveta.it\/agriturismo-gardasee\/wp-content\/uploads\/2025\/04\/gremal-ruhige-ferienwohnung-in-castelletto-di-brenzone-mit-seeblick-mob-13-550x367.jpg\" width=\"550\" height=\"367\" alt=\"\" \/><\/a><\/div><div class=\"rl-gallery-item\"><a href=\"https:\/\/agriturismouliveta.it\/agriturismo-gardasee\/wp-content\/uploads\/2025\/04\/gremal-ruhige-ferienwohnung-in-castelletto-di-brenzone-mit-seeblick-mob-14.jpg\" title=\"\" data-rl_title=\"\" class=\"rl-gallery-link\" data-rl_caption=\"\" data-rel=\"lightbox-gallery-2\" data-magnific_type=\"gallery\" data-rl_><img loading=\"lazy\" decoding=\"async\" src=\"https:\/\/agriturismouliveta.it\/agriturismo-gardasee\/wp-content\/uploads\/2025\/04\/gremal-ruhige-ferienwohnung-in-castelletto-di-brenzone-mit-seeblick-mob-14-550x367.jpg\" width=\"550\" height=\"367\" alt=\"\" \/><\/a><\/div><div class=\"rl-gallery-item\"><a href=\"https:\/\/agriturismouliveta.it\/agriturismo-gardasee\/wp-content\/uploads\/2025\/04\/gremal-ruhige-ferienwohnung-in-castelletto-di-brenzone-mit-seeblick-mob-15.jpg\" title=\"\" data-rl_title=\"\" class=\"rl-gallery-link\" data-rl_caption=\"\" data-rel=\"lightbox-gallery-2\" data-magnific_type=\"gallery\" data-rl_><img loading=\"lazy\" decoding=\"async\" src=\"https:\/\/agriturismouliveta.it\/agriturismo-gardasee\/wp-content\/uploads\/2025\/04\/gremal-ruhige-ferienwohnung-in-castelletto-di-brenzone-mit-seeblick-mob-15-550x367.jpg\" width=\"550\" height=\"367\" alt=\"\" \/><\/a><\/div><div class=\"rl-gallery-item\"><a href=\"https:\/\/agriturismouliveta.it\/agriturismo-gardasee\/wp-content\/uploads\/2025\/04\/gremal-ruhige-ferienwohnung-in-castelletto-di-brenzone-mit-seeblick-mob-17.jpg\" title=\"\" data-rl_title=\"\" class=\"rl-gallery-link\" data-rl_caption=\"\" data-rel=\"lightbox-gallery-2\" data-magnific_type=\"gallery\" data-rl_><img loading=\"lazy\" decoding=\"async\" src=\"https:\/\/agriturismouliveta.it\/agriturismo-gardasee\/wp-content\/uploads\/2025\/04\/gremal-ruhige-ferienwohnung-in-castelletto-di-brenzone-mit-seeblick-mob-17-550x367.jpg\" width=\"550\" height=\"367\" alt=\"\" \/><\/a><\/div><div class=\"rl-gallery-item\"><a href=\"https:\/\/agriturismouliveta.it\/agriturismo-gardasee\/wp-content\/uploads\/2025\/04\/gremal-ruhige-ferienwohnung-in-castelletto-di-brenzone-mit-seeblick-mob-18.jpg\" title=\"\" data-rl_title=\"\" class=\"rl-gallery-link\" data-rl_caption=\"\" data-rel=\"lightbox-gallery-2\" data-magnific_type=\"gallery\" data-rl_><img loading=\"lazy\" decoding=\"async\" src=\"https:\/\/agriturismouliveta.it\/agriturismo-gardasee\/wp-content\/uploads\/2025\/04\/gremal-ruhige-ferienwohnung-in-castelletto-di-brenzone-mit-seeblick-mob-18-550x367.jpg\" width=\"550\" height=\"367\" alt=\"\" \/><\/a><\/div><div class=\"rl-gallery-item\"><a href=\"https:\/\/agriturismouliveta.it\/agriturismo-gardasee\/wp-content\/uploads\/2025\/04\/gremal-ruhige-ferienwohnung-in-castelletto-di-brenzone-mit-seeblick-mob-19.jpg\" title=\"\" data-rl_title=\"\" class=\"rl-gallery-link\" data-rl_caption=\"\" data-rel=\"lightbox-gallery-2\" data-magnific_type=\"gallery\" data-rl_><img loading=\"lazy\" decoding=\"async\" src=\"https:\/\/agriturismouliveta.it\/agriturismo-gardasee\/wp-content\/uploads\/2025\/04\/gremal-ruhige-ferienwohnung-in-castelletto-di-brenzone-mit-seeblick-mob-19-550x367.jpg\" width=\"550\" height=\"367\" alt=\"\" \/><\/a><\/div><div class=\"rl-gallery-item\"><a href=\"https:\/\/agriturismouliveta.it\/agriturismo-gardasee\/wp-content\/uploads\/2025\/04\/gremal-ruhige-ferienwohnung-in-castelletto-di-brenzone-mit-seeblick-mob-20.jpg\" title=\"\" data-rl_title=\"\" class=\"rl-gallery-link\" data-rl_caption=\"\" data-rel=\"lightbox-gallery-2\" data-magnific_type=\"gallery\" data-rl_><img loading=\"lazy\" decoding=\"async\" src=\"https:\/\/agriturismouliveta.it\/agriturismo-gardasee\/wp-content\/uploads\/2025\/04\/gremal-ruhige-ferienwohnung-in-castelletto-di-brenzone-mit-seeblick-mob-20-550x367.jpg\" width=\"550\" height=\"367\" alt=\"\" \/><\/a><\/div><div class=\"rl-gallery-item\"><a href=\"https:\/\/agriturismouliveta.it\/agriturismo-gardasee\/wp-content\/uploads\/2025\/04\/gremal-ruhige-ferienwohnung-in-castelletto-di-brenzone-mit-seeblick-mob-21.jpg\" title=\"\" data-rl_title=\"\" class=\"rl-gallery-link\" data-rl_caption=\"\" data-rel=\"lightbox-gallery-2\" data-magnific_type=\"gallery\" data-rl_><img loading=\"lazy\" decoding=\"async\" src=\"https:\/\/agriturismouliveta.it\/agriturismo-gardasee\/wp-content\/uploads\/2025\/04\/gremal-ruhige-ferienwohnung-in-castelletto-di-brenzone-mit-seeblick-mob-21-550x367.jpg\" width=\"550\" height=\"367\" alt=\"\" \/><\/a><\/div><div class=\"rl-gallery-item\"><a href=\"https:\/\/agriturismouliveta.it\/agriturismo-gardasee\/wp-content\/uploads\/2025\/04\/gremal-ruhige-ferienwohnung-in-castelletto-di-brenzone-mit-seeblick-mob-22.jpg\" title=\"\" data-rl_title=\"\" class=\"rl-gallery-link\" data-rl_caption=\"\" data-rel=\"lightbox-gallery-2\" data-magnific_type=\"gallery\" data-rl_><img loading=\"lazy\" decoding=\"async\" src=\"https:\/\/agriturismouliveta.it\/agriturismo-gardasee\/wp-content\/uploads\/2025\/04\/gremal-ruhige-ferienwohnung-in-castelletto-di-brenzone-mit-seeblick-mob-22-550x367.jpg\" width=\"550\" height=\"367\" alt=\"\" \/><\/a><\/div><div class=\"rl-gallery-item\"><a href=\"https:\/\/agriturismouliveta.it\/agriturismo-gardasee\/wp-content\/uploads\/2025\/04\/gremal-ruhige-ferienwohnung-in-castelletto-di-brenzone-mit-seeblick-mob-23.jpg\" title=\"\" data-rl_title=\"\" class=\"rl-gallery-link\" data-rl_caption=\"\" data-rel=\"lightbox-gallery-2\" data-magnific_type=\"gallery\" data-rl_><img loading=\"lazy\" decoding=\"async\" src=\"https:\/\/agriturismouliveta.it\/agriturismo-gardasee\/wp-content\/uploads\/2025\/04\/gremal-ruhige-ferienwohnung-in-castelletto-di-brenzone-mit-seeblick-mob-23-550x367.jpg\" width=\"550\" height=\"367\" alt=\"\" \/><\/a><\/div><div class=\"rl-gallery-item\"><a href=\"https:\/\/agriturismouliveta.it\/agriturismo-gardasee\/wp-content\/uploads\/2025\/04\/gremal-ruhige-ferienwohnung-in-castelletto-di-brenzone-mit-seeblick-mob-24.jpg\" title=\"\" data-rl_title=\"\" class=\"rl-gallery-link\" data-rl_caption=\"\" data-rel=\"lightbox-gallery-2\" data-magnific_type=\"gallery\" data-rl_><img loading=\"lazy\" decoding=\"async\" src=\"https:\/\/agriturismouliveta.it\/agriturismo-gardasee\/wp-content\/uploads\/2025\/04\/gremal-ruhige-ferienwohnung-in-castelletto-di-brenzone-mit-seeblick-mob-24-550x367.jpg\" width=\"550\" height=\"367\" alt=\"\" \/><\/a><\/div><div class=\"rl-gallery-item\"><a href=\"https:\/\/agriturismouliveta.it\/agriturismo-gardasee\/wp-content\/uploads\/2025\/04\/gremal-ruhige-ferienwohnung-in-castelletto-di-brenzone-mit-seeblick-mob-25.jpg\" title=\"\" data-rl_title=\"\" class=\"rl-gallery-link\" data-rl_caption=\"\" data-rel=\"lightbox-gallery-2\" data-magnific_type=\"gallery\" data-rl_><img loading=\"lazy\" decoding=\"async\" src=\"https:\/\/agriturismouliveta.it\/agriturismo-gardasee\/wp-content\/uploads\/2025\/04\/gremal-ruhige-ferienwohnung-in-castelletto-di-brenzone-mit-seeblick-mob-25-550x367.jpg\" width=\"550\" height=\"367\" alt=\"\" \/><\/a><\/div><div class=\"rl-gallery-item\"><a href=\"https:\/\/agriturismouliveta.it\/agriturismo-gardasee\/wp-content\/uploads\/2025\/04\/gremal-ruhige-ferienwohnung-in-castelletto-di-brenzone-mit-seeblick-mob-26.jpg\" title=\"\" data-rl_title=\"\" class=\"rl-gallery-link\" data-rl_caption=\"\" data-rel=\"lightbox-gallery-2\" data-magnific_type=\"gallery\" data-rl_><img loading=\"lazy\" decoding=\"async\" src=\"https:\/\/agriturismouliveta.it\/agriturismo-gardasee\/wp-content\/uploads\/2025\/04\/gremal-ruhige-ferienwohnung-in-castelletto-di-brenzone-mit-seeblick-mob-26-550x367.jpg\" width=\"550\" height=\"367\" alt=\"\" \/><\/a><\/div><div class=\"rl-gallery-item\"><a href=\"https:\/\/agriturismouliveta.it\/agriturismo-gardasee\/wp-content\/uploads\/2025\/04\/gremal-ruhige-ferienwohnung-in-castelletto-di-brenzone-mit-seeblick-mob-27.jpg\" title=\"\" data-rl_title=\"\" class=\"rl-gallery-link\" data-rl_caption=\"\" data-rel=\"lightbox-gallery-2\" data-magnific_type=\"gallery\" data-rl_><img loading=\"lazy\" decoding=\"async\" src=\"https:\/\/agriturismouliveta.it\/agriturismo-gardasee\/wp-content\/uploads\/2025\/04\/gremal-ruhige-ferienwohnung-in-castelletto-di-brenzone-mit-seeblick-mob-27-550x367.jpg\" width=\"550\" height=\"367\" alt=\"\" \/><\/a><\/div><div class=\"rl-gallery-item\"><a href=\"https:\/\/agriturismouliveta.it\/agriturismo-gardasee\/wp-content\/uploads\/2025\/04\/gremal-ruhige-ferienwohnung-in-castelletto-di-brenzone-mit-seeblick-mob-28.jpg\" title=\"\" data-rl_title=\"\" class=\"rl-gallery-link\" data-rl_caption=\"\" data-rel=\"lightbox-gallery-2\" data-magnific_type=\"gallery\" data-rl_><img loading=\"lazy\" decoding=\"async\" src=\"https:\/\/agriturismouliveta.it\/agriturismo-gardasee\/wp-content\/uploads\/2025\/04\/gremal-ruhige-ferienwohnung-in-castelletto-di-brenzone-mit-seeblick-mob-28-550x367.jpg\" width=\"550\" height=\"367\" alt=\"\" \/><\/a><\/div><div class=\"rl-gallery-item\"><a href=\"https:\/\/agriturismouliveta.it\/agriturismo-gardasee\/wp-content\/uploads\/2025\/04\/gremal-ruhige-ferienwohnung-in-castelletto-di-brenzone-mit-seeblick-mob-29.jpg\" title=\"\" data-rl_title=\"\" class=\"rl-gallery-link\" data-rl_caption=\"\" data-rel=\"lightbox-gallery-2\" data-magnific_type=\"gallery\" data-rl_><img loading=\"lazy\" decoding=\"async\" src=\"https:\/\/agriturismouliveta.it\/agriturismo-gardasee\/wp-content\/uploads\/2025\/04\/gremal-ruhige-ferienwohnung-in-castelletto-di-brenzone-mit-seeblick-mob-29-550x367.jpg\" width=\"550\" height=\"367\" alt=\"\" \/><\/a><\/div><div class=\"rl-gallery-item\"><a href=\"https:\/\/agriturismouliveta.it\/agriturismo-gardasee\/wp-content\/uploads\/2025\/04\/gremal-ruhige-ferienwohnung-in-castelletto-di-brenzone-mit-seeblick-mob-30.jpg\" title=\"\" data-rl_title=\"\" class=\"rl-gallery-link\" data-rl_caption=\"\" data-rel=\"lightbox-gallery-2\" data-magnific_type=\"gallery\" data-rl_><img loading=\"lazy\" decoding=\"async\" src=\"https:\/\/agriturismouliveta.it\/agriturismo-gardasee\/wp-content\/uploads\/2025\/04\/gremal-ruhige-ferienwohnung-in-castelletto-di-brenzone-mit-seeblick-mob-30-550x367.jpg\" width=\"550\" height=\"367\" alt=\"\" \/><\/a><\/div><div class=\"rl-gallery-item\"><a href=\"https:\/\/agriturismouliveta.it\/agriturismo-gardasee\/wp-content\/uploads\/2025\/04\/gremal-ruhige-ferienwohnung-in-castelletto-di-brenzone-mit-seeblick-mob-31.jpg\" title=\"\" data-rl_title=\"\" class=\"rl-gallery-link\" data-rl_caption=\"\" data-rel=\"lightbox-gallery-2\" data-magnific_type=\"gallery\" data-rl_><img loading=\"lazy\" decoding=\"async\" src=\"https:\/\/agriturismouliveta.it\/agriturismo-gardasee\/wp-content\/uploads\/2025\/04\/gremal-ruhige-ferienwohnung-in-castelletto-di-brenzone-mit-seeblick-mob-31-550x367.jpg\" width=\"550\" height=\"367\" alt=\"\" \/><\/a><\/div><div class=\"rl-gallery-item\"><a href=\"https:\/\/agriturismouliveta.it\/agriturismo-gardasee\/wp-content\/uploads\/2025\/04\/gremal-ruhige-ferienwohnung-in-castelletto-di-brenzone-mit-seeblick-mob-32.jpg\" title=\"\" data-rl_title=\"\" class=\"rl-gallery-link\" data-rl_caption=\"\" data-rel=\"lightbox-gallery-2\" data-magnific_type=\"gallery\" data-rl_><img loading=\"lazy\" decoding=\"async\" src=\"https:\/\/agriturismouliveta.it\/agriturismo-gardasee\/wp-content\/uploads\/2025\/04\/gremal-ruhige-ferienwohnung-in-castelletto-di-brenzone-mit-seeblick-mob-32-550x367.jpg\" width=\"550\" height=\"367\" alt=\"\" \/><\/a><\/div><div class=\"rl-gallery-item\"><a href=\"https:\/\/agriturismouliveta.it\/agriturismo-gardasee\/wp-content\/uploads\/2025\/04\/gremal-ruhige-ferienwohnung-in-castelletto-di-brenzone-mit-seeblick-mob-33.jpg\" title=\"\" data-rl_title=\"\" class=\"rl-gallery-link\" data-rl_caption=\"\" data-rel=\"lightbox-gallery-2\" data-magnific_type=\"gallery\" data-rl_><img loading=\"lazy\" decoding=\"async\" src=\"https:\/\/agriturismouliveta.it\/agriturismo-gardasee\/wp-content\/uploads\/2025\/04\/gremal-ruhige-ferienwohnung-in-castelletto-di-brenzone-mit-seeblick-mob-33-550x367.jpg\" width=\"550\" height=\"367\" alt=\"\" \/><\/a><\/div><div class=\"rl-gallery-item\"><a href=\"https:\/\/agriturismouliveta.it\/agriturismo-gardasee\/wp-content\/uploads\/2025\/04\/gremal-ruhige-ferienwohnung-in-castelletto-di-brenzone-mit-seeblick-mob-34.jpg\" title=\"\" data-rl_title=\"\" class=\"rl-gallery-link\" data-rl_caption=\"\" data-rel=\"lightbox-gallery-2\" data-magnific_type=\"gallery\" data-rl_><img loading=\"lazy\" decoding=\"async\" src=\"https:\/\/agriturismouliveta.it\/agriturismo-gardasee\/wp-content\/uploads\/2025\/04\/gremal-ruhige-ferienwohnung-in-castelletto-di-brenzone-mit-seeblick-mob-34-550x367.jpg\" width=\"550\" height=\"367\" alt=\"\" \/><\/a><\/div><div class=\"rl-gallery-item\"><a href=\"https:\/\/agriturismouliveta.it\/agriturismo-gardasee\/wp-content\/uploads\/2025\/04\/gremal-ruhige-ferienwohnung-in-castelletto-di-brenzone-mit-seeblick-mob-35.jpg\" title=\"\" data-rl_title=\"\" class=\"rl-gallery-link\" data-rl_caption=\"\" data-rel=\"lightbox-gallery-2\" data-magnific_type=\"gallery\" data-rl_><img loading=\"lazy\" decoding=\"async\" src=\"https:\/\/agriturismouliveta.it\/agriturismo-gardasee\/wp-content\/uploads\/2025\/04\/gremal-ruhige-ferienwohnung-in-castelletto-di-brenzone-mit-seeblick-mob-35-550x367.jpg\" width=\"550\" height=\"367\" alt=\"\" \/><\/a><\/div><div class=\"rl-gallery-item\"><a href=\"https:\/\/agriturismouliveta.it\/agriturismo-gardasee\/wp-content\/uploads\/2025\/04\/gremal-ruhige-ferienwohnung-in-castelletto-di-brenzone-mit-seeblick-mob-36.jpg\" title=\"\" data-rl_title=\"\" class=\"rl-gallery-link\" data-rl_caption=\"\" data-rel=\"lightbox-gallery-2\" data-magnific_type=\"gallery\" data-rl_><img loading=\"lazy\" decoding=\"async\" src=\"https:\/\/agriturismouliveta.it\/agriturismo-gardasee\/wp-content\/uploads\/2025\/04\/gremal-ruhige-ferienwohnung-in-castelletto-di-brenzone-mit-seeblick-mob-36-550x367.jpg\" width=\"550\" height=\"367\" alt=\"\" \/><\/a><\/div><div class=\"rl-gallery-item\"><a href=\"https:\/\/agriturismouliveta.it\/agriturismo-gardasee\/wp-content\/uploads\/2025\/04\/gremal-ruhige-ferienwohnung-in-castelletto-di-brenzone-mit-seeblick-mob-37.jpg\" title=\"\" data-rl_title=\"\" class=\"rl-gallery-link\" data-rl_caption=\"\" data-rel=\"lightbox-gallery-2\" data-magnific_type=\"gallery\" data-rl_><img loading=\"lazy\" decoding=\"async\" src=\"https:\/\/agriturismouliveta.it\/agriturismo-gardasee\/wp-content\/uploads\/2025\/04\/gremal-ruhige-ferienwohnung-in-castelletto-di-brenzone-mit-seeblick-mob-37-550x367.jpg\" width=\"550\" height=\"367\" alt=\"\" \/><\/a><\/div> <\/div> <\/div><\/div>\n\t\t\t\t\t\t<\/div>\n\t\t\t\t<\/div>\n\t\t\t\t\t<\/div>\n\t\t<\/div>\n\t\t\t\t\t<\/div>\n\t\t<\/section>\n\t\t\t\t<section class=\"elementor-section elementor-top-section elementor-element elementor-element-47691ff1 elementor-section-stretched elementor-section-boxed elementor-section-height-default elementor-section-height-default\" data-id=\"47691ff1\" data-element_type=\"section\" data-e-type=\"section\" data-settings=\"{&quot;stretch_section&quot;:&quot;section-stretched&quot;}\">\n\t\t\t\t\t\t<div class=\"elementor-container elementor-column-gap-default\">\n\t\t\t\t\t<div class=\"elementor-column elementor-col-100 elementor-top-column elementor-element elementor-element-1b0ee0ca\" data-id=\"1b0ee0ca\" data-element_type=\"column\" data-e-type=\"column\">\n\t\t\t<div class=\"elementor-widget-wrap elementor-element-populated\">\n\t\t\t\t\t\t<div class=\"elementor-element elementor-element-237e5076 elementor-widget elementor-widget-heading\" data-id=\"237e5076\" data-element_type=\"widget\" data-e-type=\"widget\" data-widget_type=\"heading.default\">\n\t\t\t\t<div class=\"elementor-widget-container\">\n\t\t\t\t\t<h2 class=\"elementor-heading-title elementor-size-default\">Preise pro Ferienwohnung u. Woche<\/h2>\t\t\t\t<\/div>\n\t\t\t\t<\/div>\n\t\t\t\t<div class=\"elementor-element elementor-element-3fa48c84 elementor-widget elementor-widget-heading\" data-id=\"3fa48c84\" data-element_type=\"widget\" data-e-type=\"widget\" data-widget_type=\"heading.default\">\n\t\t\t\t<div class=\"elementor-widget-container\">\n\t\t\t\t\t<h2 class=\"elementor-heading-title elementor-size-default\">\"GREMAL\"<\/h2>\t\t\t\t<\/div>\n\t\t\t\t<\/div>\n\t\t\t\t<div class=\"elementor-element elementor-element-113c3c0c elementor-widget-divider--view-line elementor-widget elementor-widget-divider\" data-id=\"113c3c0c\" data-element_type=\"widget\" data-e-type=\"widget\" data-widget_type=\"divider.default\">\n\t\t\t\t<div class=\"elementor-widget-container\">\n\t\t\t\t\t\t\t<div class=\"elementor-divider\">\n\t\t\t<span class=\"elementor-divider-separator\">\n\t\t\t\t\t\t<\/span>\n\t\t<\/div>\n\t\t\t\t\t\t<\/div>\n\t\t\t\t<\/div>\n\t\t\t\t\t<\/div>\n\t\t<\/div>\n\t\t\t\t\t<\/div>\n\t\t<\/section>\n\t\t\t\t<section class=\"elementor-section elementor-top-section elementor-element elementor-element-5ec960e elementor-section-stretched elementor-section-boxed elementor-section-height-default elementor-section-height-default\" data-id=\"5ec960e\" data-element_type=\"section\" data-e-type=\"section\" data-settings=\"{&quot;stretch_section&quot;:&quot;section-stretched&quot;}\">\n\t\t\t\t\t\t<div class=\"elementor-container elementor-column-gap-default\">\n\t\t\t\t\t<div class=\"elementor-column elementor-col-100 elementor-top-column elementor-element elementor-element-8283f30\" data-id=\"8283f30\" data-element_type=\"column\" data-e-type=\"column\">\n\t\t\t<div class=\"elementor-widget-wrap elementor-element-populated\">\n\t\t\t\t\t\t<div class=\"elementor-element elementor-element-f60f945 elementor-hidden-tablet elementor-hidden-phone elementor-widget elementor-widget-shortcode\" data-id=\"f60f945\" data-element_type=\"widget\" data-e-type=\"widget\" data-widget_type=\"shortcode.default\">\n\t\t\t\t<div class=\"elementor-widget-container\">\n\t\t\t\t\t\t\t<div class=\"elementor-shortcode\"><table class=\"tabprezzi\">\n<thead>\n<tr>\n<th>2026<\/th>\n<th colspan=\"6\">Termine<\/th>\n<\/tr>\n<\/thead>\n<tbody>\n<tr>\n<th>Personen<\/th>\n<th>01.03-28.03<br \/>26.09-31.10<\/th>\n<th>28.03-11.04<br \/>&#8211; &#8211; &#8211;<\/th>\n<th>11.04-16.05<br \/>19.09-26.09<\/th>\n<th>16.05-20.06<br \/>&#8211; &#8211; &#8211;<\/th>\n<th>20.06-04.07<br \/>29.08-19.09<\/th>\n<th>04.07-29.08<\/th>\n<\/tr>\n\n<tr>\n<th>Bis 2<\/th>\n<td>569<\/td>\n<td>710<\/td>\n<td>605<\/td>\n<td>710<\/td>\n<td>790<\/td>\n<td>1020<\/td>\n<\/tr>\n<tr>\n<th>3<\/th>\n<td>594<\/td>\n<td>735<\/td>\n<td>630<\/td>\n<td>735<\/td>\n<td>790<\/td>\n<td>1020<\/td>\n<\/tr>\n<tr>\n<th>4<\/th>\n<td>619<\/td>\n<td>760<\/td>\n<td>655<\/td>\n<td>760<\/td>\n<td>790<\/td>\n<td>1020<\/td>\n<\/tr>\n<\/tbody>\n<\/table>\n<div style=\"max-width:800px; margin:0 auto;\">\n<p>Jede weitere Person: + \u20ac 25,00<\/p>\n<p><strong>Folgende Leistungen sind im Preis enthalten<\/strong><\/p>\n<ul>\n<li>Bettw\u00e4sche, Hand- u. Badet\u00fccher, K\u00fcchenhandt\u00fccher<\/li>\n<li>Strom, Gas f\u00fcr die K\u00fcche, kaltes u. warmes Wasser<\/li>\n<li>Endreinigung, ausgenommen die K\u00fcchenzeile<\/li>\n<li>Kaffemaschine<\/li>\n<li>Toaster<\/li>\n<li>Wasserkocher<\/li>\n<li>Haartrockner<\/li>\n<li>WLan<\/li>\n<li>\u00fcberdachter Autostellplatz<\/li>\n<li>Babybettchen auf Anfrage<\/li>\n<\/ul>\n<p><strong>Nebenkosten<\/strong><\/p>\n<ul>\n<li>Kleine Hunde : \u20ac 49,00 \/ Woche<\/li>\n<li>Heizung: \u20ac 15,00\/Tag<\/li>\n<li>Klimaanlage (nur in den Apartments Uliveta verf\u00fcgbar): 15,00 Euro pro Tag<br \/>(<b>Wichtig<\/b>: Der Service wird nicht t\u00e4glich oder jeden zweiten Tag angeboten, sondern wird ausschlie\u00dflich f\u00fcr die gesamte Dauer des Aufenthalts aktiviert und kann auch am Anreisetag oder w\u00e4hrend des Aufenthalts angefordert werden. In diesem Fall gilt er bis zum Abreisetag).<\/li>\n<\/ul>\n<p><strong>Grundsteuer Gemeinde Brenzone<\/strong><\/p>\n<ul>\n<li>Uliveta: 2,00 Euro Erwachsene\/Nacht &#8211; Kinder bis 11J. frei<\/li>\n<li>Fasor: 2,50 Euro Erwachsene\/Nacht &#8211; Kinder bis 11J. frei<\/li>\n<\/ul>\n<\/div>\n\n<\/div>\n\t\t\t\t\t\t<\/div>\n\t\t\t\t<\/div>\n\t\t\t\t<div class=\"elementor-element elementor-element-f28940d elementor-hidden-desktop elementor-widget elementor-widget-shortcode\" data-id=\"f28940d\" data-element_type=\"widget\" data-e-type=\"widget\" data-widget_type=\"shortcode.default\">\n\t\t\t\t<div class=\"elementor-widget-container\">\n\t\t\t\t\t\t\t<div class=\"elementor-shortcode\"><div class=\"mob-tab-row\">\n<div class=\"mob-tab-col-a\">\n    <table class=\"tabprezzi mob-tab\">\n<thead>\n<tr style=\"height:100px;\">\n<th  style=\"width:100%;\" >TERMINE<br \/>2026<\/th>\n<\/tr>\n<\/thead>\n<tbody>\n<tr>\n<th>01.03 &#8211; 28.03<\/th>\n<\/tr>\n<tr>\n<th>28.03 &#8211; 11.04<\/th>\n<\/tr>\n<tr>\n<th>11.04 &#8211; 16.05<\/th>\n<\/tr>\n<tr>\n<th>16.05 &#8211; 20.06<\/th>\n<\/tr>\n<tr>\n<th>20.06 &#8211; 04.07<\/th>\n<\/tr>\n<tr>\n<th>04.07 &#8211; 29.08<\/th>\n<\/tr>\n<tr>\n<th>29.08 &#8211; 19.09<\/th>\n<\/tr>\n<tr>\n<th>19.09 &#8211; 26.09<\/th>\n<\/tr>\n<tr>\n<th>26.09 &#8211; 31.10<\/th>\n<\/tr>\n<\/tbody>\n<\/table>\n\n      <\/div>\n<div class=\"mob-tab-col-b\">\n<table class=\"tabprezzi mob-tab\" >\n<thead>\n<th colspan=\"3\">PERSONEN<\/th>\n<\/tr>\n<tr>\n<th>Bis 2<\/th>\n<th>3<\/th>\n<th>4<\/th>\n<\/tr>\n<\/thead>\n<tbody>\n<tr>\n<td>569<\/td>\n<td>594<\/td>\n<td>619<\/td>\n<\/tr>\n<tr>\n<td>710<\/td>\n<td>735<\/td>\n<td>760<\/td>\n<\/tr>\n<tr>\n<td>605<\/td>\n<td>630<\/td>\n<td>655<\/td>\n<\/tr>\n<tr>\n<td>710<\/td>\n<td>735<\/td>\n<td>760<\/td>\n<\/tr>\n<tr>\n<td>790<\/td>\n<td>720<\/td>\n<td>720<\/td>\n<\/tr>\n<tr>\n<td>1020<\/td>\n<td>1020<\/td>\n<td>1020<\/td>\n<\/tr>\n<tr>\n<td>790<\/td>\n<td>790<\/td>\n<td>790<\/td>\n<\/tr>\n<tr>\n<td>605<\/td>\n<td>630<\/td>\n<td>655<\/td>\n<\/tr>\n<tr>\n<td>569<\/td>\n<td>594<\/td>\n<td>619<\/td>\n<\/tr>\n<\/tbody>\n<\/table><\/div>\n<\/div>\n<div style=\"max-width:800px; margin:0 auto;\">\n<p>Jede weitere Person: + \u20ac 25,00<\/p>\n<p><strong>Folgende Leistungen sind im Preis enthalten<\/strong><\/p>\n<ul>\n<li>Bettw\u00e4sche, Hand- u. Badet\u00fccher, K\u00fcchenhandt\u00fccher<\/li>\n<li>Strom, Gas f\u00fcr die K\u00fcche, kaltes u. warmes Wasser<\/li>\n<li>Endreinigung, ausgenommen die K\u00fcchenzeile<\/li>\n<li>Kaffemaschine<\/li>\n<li>Toaster<\/li>\n<li>Wasserkocher<\/li>\n<li>Haartrockner<\/li>\n<li>WLan<\/li>\n<li>\u00fcberdachter Autostellplatz<\/li>\n<li>Babybettchen auf Anfrage<\/li>\n<\/ul>\n<p><strong>Nebenkosten<\/strong><\/p>\n<ul>\n<li>Kleine Hunde : \u20ac 49,00 \/ Woche<\/li>\n<li>Heizung: \u20ac 15,00\/Tag<\/li>\n<li>Klimaanlage (nur in den Apartments Uliveta verf\u00fcgbar): 15,00 Euro pro Tag<br \/>(<b>Wichtig<\/b>: Der Service wird nicht t\u00e4glich oder jeden zweiten Tag angeboten, sondern wird ausschlie\u00dflich f\u00fcr die gesamte Dauer des Aufenthalts aktiviert und kann auch am Anreisetag oder w\u00e4hrend des Aufenthalts angefordert werden. In diesem Fall gilt er bis zum Abreisetag).<\/li>\n<\/ul>\n<p><strong>Grundsteuer Gemeinde Brenzone<\/strong><\/p>\n<ul>\n<li>Uliveta: 2,00 Euro Erwachsene\/Nacht &#8211; Kinder bis 11J. frei<\/li>\n<li>Fasor: 2,50 Euro Erwachsene\/Nacht &#8211; Kinder bis 11J. frei<\/li>\n<\/ul>\n<\/div>\n\n<\/div>\n\t\t\t\t\t\t<\/div>\n\t\t\t\t<\/div>\n\t\t\t\t\t<\/div>\n\t\t<\/div>\n\t\t\t\t\t<\/div>\n\t\t<\/section>\n\t\t\t\t<section class=\"elementor-section elementor-top-section elementor-element elementor-element-ef3fec4 elementor-hidden-desktop elementor-hidden-tablet elementor-hidden-mobile elementor-section-stretched elementor-section-boxed elementor-section-height-default elementor-section-height-default\" data-id=\"ef3fec4\" data-element_type=\"section\" data-e-type=\"section\" data-settings=\"{&quot;stretch_section&quot;:&quot;section-stretched&quot;}\">\n\t\t\t\t\t\t<div class=\"elementor-container elementor-column-gap-default\">\n\t\t\t\t\t<div class=\"elementor-column elementor-col-100 elementor-top-column elementor-element elementor-element-d43dea8\" data-id=\"d43dea8\" data-element_type=\"column\" data-e-type=\"column\">\n\t\t\t<div class=\"elementor-widget-wrap elementor-element-populated\">\n\t\t\t\t\t\t<div class=\"elementor-element elementor-element-d2074ca elementor-hidden-tablet elementor-hidden-mobile elementor-widget elementor-widget-toggle\" data-id=\"d2074ca\" data-element_type=\"widget\" data-e-type=\"widget\" data-widget_type=\"toggle.default\">\n\t\t\t\t<div class=\"elementor-widget-container\">\n\t\t\t\t\t\t\t<div class=\"elementor-toggle\">\n\t\t\t\t\t\t\t<div class=\"elementor-toggle-item\">\n\t\t\t\t\t<div id=\"elementor-tab-title-2201\" class=\"elementor-tab-title\" data-tab=\"1\" role=\"button\" aria-controls=\"elementor-tab-content-2201\" aria-expanded=\"false\">\n\t\t\t\t\t\t\t\t\t\t\t\t<span class=\"elementor-toggle-icon elementor-toggle-icon-left\" aria-hidden=\"true\">\n\t\t\t\t\t\t\t\t\t\t\t\t\t\t\t<span class=\"elementor-toggle-icon-closed\"><i class=\"fas fa-caret-right\"><\/i><\/span>\n\t\t\t\t\t\t\t\t<span class=\"elementor-toggle-icon-opened\"><i class=\"elementor-toggle-icon-opened fas fa-caret-up\"><\/i><\/span>\n\t\t\t\t\t\t\t\t\t\t\t\t\t<\/span>\n\t\t\t\t\t\t\t\t\t\t\t\t<a class=\"elementor-toggle-title\" tabindex=\"0\">Preisliste 2023 - hier klicken<\/a>\n\t\t\t\t\t<\/div>\n\n\t\t\t\t\t<div id=\"elementor-tab-content-2201\" class=\"elementor-tab-content elementor-clearfix\" data-tab=\"1\" role=\"region\" aria-labelledby=\"elementor-tab-title-2201\"><p><!-- Incorrect slug --> \n<tr>\n<th>Bis 2<\/th>\n<td>350<\/td>\n<td>405<\/td>\n<td>385<\/td>\n<td>490<\/td>\n<td>570<\/td>\n<td>690<\/td>\n<\/tr>\n<tr>\n<th>3<\/th>\n<td>375<\/td>\n<td>430<\/td>\n<td>410<\/td>\n<td>515<\/td>\n<td>570<\/td>\n<td>690<\/td>\n<\/tr>\n<tr>\n<th>4<\/th>\n<td>400<\/td>\n<td>455<\/td>\n<td>435<\/td>\n<td>540<\/td>\n<td>570<\/td>\n<td>690<\/td>\n<\/tr>\n<\/tbody>\n<\/table>\n<div style=\"max-width:800px; margin:0 auto;\">\n<p>Jede weitere Person: + \u20ac 25,00<\/p>\n<p><strong>Folgende Leistungen sind im Preis enthalten<\/strong><\/p>\n<ul>\n<li>Bettw\u00e4sche, Hand- u. Badet\u00fccher, K\u00fcchenhandt\u00fccher<\/li>\n<li>Strom, Gas f\u00fcr die K\u00fcche, kaltes u. warmes Wasser<\/li>\n<li>Endreinigung, ausgenommen die K\u00fcchenzeile<\/li>\n<li>Kaffemaschine<\/li>\n<li>Toaster<\/li>\n<li>Wasserkocher<\/li>\n<li>Haartrockner<\/li>\n<li>WLan<\/li>\n<li>\u00fcberdachter Autostellplatz<\/li>\n<li>Babybettchen auf Anfrage<\/li>\n<\/ul>\n<p><strong>Nebenkosten<\/strong><\/p>\n<ul>\n<li>Kleine Hunde : \u20ac 49,00 \/ Woche<\/li>\n<li>Heizung: \u20ac 15,00\/Tag<\/li>\n<li>Klimaanlage (nur in den Apartments Uliveta verf\u00fcgbar): 15,00 Euro pro Tag<br \/>(<b>Wichtig<\/b>: Der Service wird nicht t\u00e4glich oder jeden zweiten Tag angeboten, sondern wird ausschlie\u00dflich f\u00fcr die gesamte Dauer des Aufenthalts aktiviert und kann auch am Anreisetag oder w\u00e4hrend des Aufenthalts angefordert werden. In diesem Fall gilt er bis zum Abreisetag).<\/li>\n<\/ul>\n<p><strong>Grundsteuer Gemeinde Brenzone<\/strong><\/p>\n<ul>\n<li>Uliveta: 2,00 Euro Erwachsene\/Nacht &#8211; Kinder bis 11J. frei<\/li>\n<li>Fasor: 2,50 Euro Erwachsene\/Nacht &#8211; Kinder bis 11J. frei<\/li>\n<\/ul>\n<\/div>\n\n<\/p><\/div>\n\t\t\t\t<\/div>\n\t\t\t\t\t\t\t\t<\/div>\n\t\t\t\t\t\t<\/div>\n\t\t\t\t<\/div>\n\t\t\t\t<div class=\"elementor-element elementor-element-a535d4d elementor-hidden-desktop elementor-widget elementor-widget-toggle\" data-id=\"a535d4d\" data-element_type=\"widget\" data-e-type=\"widget\" data-widget_type=\"toggle.default\">\n\t\t\t\t<div class=\"elementor-widget-container\">\n\t\t\t\t\t\t\t<div class=\"elementor-toggle\">\n\t\t\t\t\t\t\t<div class=\"elementor-toggle-item\">\n\t\t\t\t\t<div id=\"elementor-tab-title-1731\" class=\"elementor-tab-title\" data-tab=\"1\" role=\"button\" aria-controls=\"elementor-tab-content-1731\" aria-expanded=\"false\">\n\t\t\t\t\t\t\t\t\t\t\t\t<span class=\"elementor-toggle-icon elementor-toggle-icon-left\" aria-hidden=\"true\">\n\t\t\t\t\t\t\t\t\t\t\t\t\t\t\t<span class=\"elementor-toggle-icon-closed\"><i class=\"fas fa-caret-right\"><\/i><\/span>\n\t\t\t\t\t\t\t\t<span class=\"elementor-toggle-icon-opened\"><i class=\"elementor-toggle-icon-opened fas fa-caret-up\"><\/i><\/span>\n\t\t\t\t\t\t\t\t\t\t\t\t\t<\/span>\n\t\t\t\t\t\t\t\t\t\t\t\t<a class=\"elementor-toggle-title\" tabindex=\"0\">Preisliste 2023 - hier klicken<\/a>\n\t\t\t\t\t<\/div>\n\n\t\t\t\t\t<div id=\"elementor-tab-content-1731\" class=\"elementor-tab-content elementor-clearfix\" data-tab=\"1\" role=\"region\" aria-labelledby=\"elementor-tab-title-1731\"><p><div class=\"mob-tab-row\">\n<div class=\"mob-tab-col-a\">\n    <table class=\"tabprezzi mob-tab\">\n<thead>\n<tr style=\"height:100px;\">\n<th  style=\"width:100%;\" >TERMINE<br \/>2024<\/th>\n<\/tr>\n<\/thead>\n<tbody>\n<tr>\n<th>02.03 &#8211; 23.03<\/th>\n<\/tr>\n<tr>\n<th>23.03 &#8211; 06.04<\/th>\n<\/tr>\n<tr>\n<th>06.04 &#8211; 27.04<\/th>\n<\/tr>\n<tr>\n<th>27.04 &#8211; 18.05<\/th>\n<\/tr>\n<tr>\n<th>18.05 &#8211; 22.06<\/th>\n<\/tr>\n<tr>\n<th>22.06 &#8211; 06.07<\/th>\n<\/tr>\n<tr>\n<th>06.07 &#8211; 31.08<\/th>\n<\/tr>\n<tr>\n<th>31.08 &#8211; 07.09<\/th>\n<\/tr>\n<tr>\n<th>07.09 &#8211; 21.09<\/th>\n<\/tr>\n<tr>\n<th>21.09 &#8211; 28.09<\/th>\n<\/tr>\n<tr>\n<th>28.09 &#8211; 02.11<\/th>\n<\/tr>\n<\/tbody>\n<\/table>\n\n      <\/div>\n<div class=\"mob-tab-col-b\">\n<table class=\"tabprezzi mob-tab\" >\n<thead>\n<th colspan=\"3\">PERSONEN<\/th>\n<\/tr>\n<tr>\n<th>Bis 2<\/th>\n<th>3<\/th>\n<th>4<\/th>\n<\/tr>\n<\/thead>\n<tbody>\n<tr>\n<td>350<\/td>\n<td>375<\/td>\n<td>400<\/td>\n<\/tr>\n<tr>\n<td>405<\/td>\n<td>430<\/td>\n<td>455<\/td>\n<\/tr>\n<tr>\n<td>350<\/td>\n<td>375<\/td>\n<td>400<\/td>\n<\/tr>\n<tr>\n<td>385<\/td>\n<td>410<\/td>\n<td>435<\/td>\n<\/tr>\n<tr>\n<td>490<\/td>\n<td>515<\/td>\n<td>540<\/td>\n<\/tr>\n<tr>\n<td>570<\/td>\n<td>570<\/td>\n<td>570<\/td>\n<\/tr>\n<tr>\n<td>690<\/td>\n<td>690<\/td>\n<td>690<\/td>\n<\/tr>\n<tr>\n<td>570<\/td>\n<td>570<\/td>\n<td>570<\/td>\n<\/tr>\n<tr>\n<td>490<\/td>\n<td>515<\/td>\n<td>540<\/td>\n<\/tr>\n<tr>\n<td>385<\/td>\n<td>410<\/td>\n<td>435<\/td>\n<\/tr>\n<tr>\n<td>350<\/td>\n<td>375<\/td>\n<td>400<\/td>\n<\/tr>\n<\/tbody>\n<\/table><\/div>\n<\/div>\n<div style=\"max-width:800px; margin:0 auto;\">\n<p>Jede weitere Person: + \u20ac 25,00<\/p>\n<p><strong>Folgende Leistungen sind im Preis enthalten<\/strong><\/p>\n<ul>\n<li>Bettw\u00e4sche, Hand- u. Badet\u00fccher, K\u00fcchenhandt\u00fccher<\/li>\n<li>Strom, Gas f\u00fcr die K\u00fcche, kaltes u. warmes Wasser<\/li>\n<li>Endreinigung, ausgenommen die K\u00fcchenzeile<\/li>\n<li>Kaffemaschine<\/li>\n<li>Toaster<\/li>\n<li>Wasserkocher<\/li>\n<li>Haartrockner<\/li>\n<li>WLan<\/li>\n<li>\u00fcberdachter Autostellplatz<\/li>\n<li>Babybettchen auf Anfrage<\/li>\n<\/ul>\n<p><strong>Nebenkosten<\/strong><\/p>\n<ul>\n<li>Kleine Hunde : \u20ac 49,00 \/ Woche<\/li>\n<li>Heizung: \u20ac 15,00\/Tag<\/li>\n<li>Klimaanlage (nur in den Apartments Uliveta verf\u00fcgbar): 15,00 Euro pro Tag<br \/>(<b>Wichtig<\/b>: Der Service wird nicht t\u00e4glich oder jeden zweiten Tag angeboten, sondern wird ausschlie\u00dflich f\u00fcr die gesamte Dauer des Aufenthalts aktiviert und kann auch am Anreisetag oder w\u00e4hrend des Aufenthalts angefordert werden. In diesem Fall gilt er bis zum Abreisetag).<\/li>\n<\/ul>\n<p><strong>Grundsteuer Gemeinde Brenzone<\/strong><\/p>\n<ul>\n<li>Uliveta: 2,00 Euro Erwachsene\/Nacht &#8211; Kinder bis 11J. frei<\/li>\n<li>Fasor: 2,50 Euro Erwachsene\/Nacht &#8211; Kinder bis 11J. frei<\/li>\n<\/ul>\n<\/div>\n\n.<\/p><\/div>\n\t\t\t\t<\/div>\n\t\t\t\t\t\t\t\t<\/div>\n\t\t\t\t\t\t<\/div>\n\t\t\t\t<\/div>\n\t\t\t\t\t<\/div>\n\t\t<\/div>\n\t\t\t\t\t<\/div>\n\t\t<\/section>\n\t\t\t\t<section class=\"elementor-section elementor-top-section elementor-element elementor-element-fb320f5 elementor-section-stretched elementor-section-boxed elementor-section-height-default elementor-section-height-default\" data-id=\"fb320f5\" data-element_type=\"section\" data-e-type=\"section\" data-settings=\"{&quot;stretch_section&quot;:&quot;section-stretched&quot;,&quot;background_background&quot;:&quot;classic&quot;}\">\n\t\t\t\t\t\t<div class=\"elementor-container elementor-column-gap-default\">\n\t\t\t\t\t<div class=\"elementor-column elementor-col-100 elementor-top-column elementor-element elementor-element-4b28b35\" data-id=\"4b28b35\" data-element_type=\"column\" data-e-type=\"column\" data-settings=\"{&quot;background_background&quot;:&quot;classic&quot;}\">\n\t\t\t<div class=\"elementor-widget-wrap elementor-element-populated\">\n\t\t\t\t\t\t<div class=\"elementor-element elementor-element-9f8a285 elementor-widget elementor-widget-heading\" data-id=\"9f8a285\" data-element_type=\"widget\" data-e-type=\"widget\" data-widget_type=\"heading.default\">\n\t\t\t\t<div class=\"elementor-widget-container\">\n\t\t\t\t\t<h2 class=\"elementor-heading-title elementor-size-default\">Anfrage Formular Ferienwohnung \"Gremal\"<\/h2>\t\t\t\t<\/div>\n\t\t\t\t<\/div>\n\t\t\t\t<div class=\"elementor-element elementor-element-7056ff4 elementor-widget-divider--view-line elementor-widget elementor-widget-divider\" data-id=\"7056ff4\" data-element_type=\"widget\" data-e-type=\"widget\" data-widget_type=\"divider.default\">\n\t\t\t\t<div class=\"elementor-widget-container\">\n\t\t\t\t\t\t\t<div class=\"elementor-divider\">\n\t\t\t<span class=\"elementor-divider-separator\">\n\t\t\t\t\t\t<\/span>\n\t\t<\/div>\n\t\t\t\t\t\t<\/div>\n\t\t\t\t<\/div>\n\t\t\t\t<div class=\"elementor-element elementor-element-c254c45 elementor-widget elementor-widget-shortcode\" data-id=\"c254c45\" data-element_type=\"widget\" data-e-type=\"widget\" data-widget_type=\"shortcode.default\">\n\t\t\t\t<div class=\"elementor-widget-container\">\n\t\t\t\t\t\t\t<div class=\"elementor-shortcode\"><\/div>\n\t\t\t\t\t\t<\/div>\n\t\t\t\t<\/div>\n\t\t\t\t\t<\/div>\n\t\t<\/div>\n\t\t\t\t\t<\/div>\n\t\t<\/section>\n\t\t\t\t<\/div>\n\t\t","protected":false},"featured_media":9866,"template":"elementor_header_footer","categories":[37],"class_list":["post-6210","hb_accommodation","type-hb_accommodation","status-publish","has-post-thumbnail","hentry","category-fewo-ein-sz"],"_links":{"self":[{"href":"https:\/\/agriturismouliveta.it\/agriturismo-gardasee\/wp-json\/wp\/v2\/hb_accommodation\/6210","targetHints":{"allow":["GET"]}}],"collection":[{"href":"https:\/\/agriturismouliveta.it\/agriturismo-gardasee\/wp-json\/wp\/v2\/hb_accommodation"}],"about":[{"href":"https:\/\/agriturismouliveta.it\/agriturismo-gardasee\/wp-json\/wp\/v2\/types\/hb_accommodation"}],"version-history":[{"count":5,"href":"https:\/\/agriturismouliveta.it\/agriturismo-gardasee\/wp-json\/wp\/v2\/hb_accommodation\/6210\/revisions"}],"predecessor-version":[{"id":10403,"href":"https:\/\/agriturismouliveta.it\/agriturismo-gardasee\/wp-json\/wp\/v2\/hb_accommodation\/6210\/revisions\/10403"}],"wp:featuredmedia":[{"embeddable":true,"href":"https:\/\/agriturismouliveta.it\/agriturismo-gardasee\/wp-json\/wp\/v2\/media\/9866"}],"wp:attachment":[{"href":"https:\/\/agriturismouliveta.it\/agriturismo-gardasee\/wp-json\/wp\/v2\/media?parent=6210"}],"wp:term":[{"taxonomy":"category","embeddable":true,"href":"https:\/\/agriturismouliveta.it\/agriturismo-gardasee\/wp-json\/wp\/v2\/categories?post=6210"}],"curies":[{"name":"wp","href":"https:\/\/api.w.org\/{rel}","templated":true}]}}