{"id":7672,"date":"2021-03-15T21:27:39","date_gmt":"2021-03-15T20:27:39","guid":{"rendered":"https:\/\/agriturismouliveta.it\/agriturismo-gardasee\/?post_type=hb_accommodation&#038;p=7672"},"modified":"2026-01-11T13:11:06","modified_gmt":"2026-01-11T12:11:06","slug":"ferienwohnung-frantoio","status":"publish","type":"hb_accommodation","link":"https:\/\/agriturismouliveta.it\/agriturismo-gardasee\/ferienwohnungen\/ferienwohnung-frantoio","title":{"rendered":"Ferienwohnung Frantoio"},"content":{"rendered":"\t\t<div data-elementor-type=\"wp-post\" data-elementor-id=\"7672\" class=\"elementor elementor-7672\">\n\t\t\t\t\t\t<section class=\"elementor-section elementor-top-section elementor-element elementor-element-3c87e293 elementor-section-boxed elementor-section-height-default elementor-section-height-default\" data-id=\"3c87e293\" data-element_type=\"section\" data-e-type=\"section\">\n\t\t\t\t\t\t<div class=\"elementor-container elementor-column-gap-default\">\n\t\t\t\t\t<div class=\"elementor-column elementor-col-100 elementor-top-column elementor-element elementor-element-6d4893ad\" data-id=\"6d4893ad\" data-element_type=\"column\" data-e-type=\"column\">\n\t\t\t<div class=\"elementor-widget-wrap elementor-element-populated\">\n\t\t\t\t\t\t<div class=\"elementor-element elementor-element-5ec36f80 elementor-widget elementor-widget-text-editor\" data-id=\"5ec36f80\" data-element_type=\"widget\" data-e-type=\"widget\" data-widget_type=\"text-editor.default\">\n\t\t\t\t<div class=\"elementor-widget-container\">\n\t\t\t\t\t\t\t\t\t<p style=\"text-align: center;\">Ferienwohnung &#8222;Frantoio&#8220; verf\u00fcgt \u00fcber ein Balkon und Seeblick und ist geeignet f\u00fcr 2 bis 4 Personen.<\/p><p style=\"text-align: center;\"><span style=\"color: var( --e-global-color-text ); font-family: var( --e-global-typography-text-font-family ), Sans-serif; font-weight: var( --e-global-typography-text-font-weight );\">Die Wohnung ist ca. 50qm gro\u00df. und besteht aus 1 x Wohnzimmer mit Kochecke und Terasse, 1 x Schlafzimmer und 1 x Badezimmer.<\/span><\/p>\t\t\t\t\t\t\t\t<\/div>\n\t\t\t\t<\/div>\n\t\t\t\t\t<\/div>\n\t\t<\/div>\n\t\t\t\t\t<\/div>\n\t\t<\/section>\n\t\t\t\t<section class=\"elementor-section elementor-top-section elementor-element elementor-element-4fb61c7b elementor-section-stretched elementor-section-boxed elementor-section-height-default elementor-section-height-default\" data-id=\"4fb61c7b\" data-element_type=\"section\" data-e-type=\"section\" data-settings=\"{&quot;stretch_section&quot;:&quot;section-stretched&quot;,&quot;background_background&quot;:&quot;classic&quot;}\">\n\t\t\t\t\t\t<div class=\"elementor-container elementor-column-gap-default\">\n\t\t\t\t\t<div class=\"elementor-column elementor-col-50 elementor-top-column elementor-element elementor-element-7867c468\" data-id=\"7867c468\" data-element_type=\"column\" data-e-type=\"column\">\n\t\t\t<div class=\"elementor-widget-wrap elementor-element-populated\">\n\t\t\t\t\t\t<div class=\"elementor-element elementor-element-d16d110 elementor-widget elementor-widget-heading\" data-id=\"d16d110\" data-element_type=\"widget\" data-e-type=\"widget\" data-widget_type=\"heading.default\">\n\t\t\t\t<div class=\"elementor-widget-container\">\n\t\t\t\t\t<h2 class=\"elementor-heading-title elementor-size-default\">Grundriss<\/h2>\t\t\t\t<\/div>\n\t\t\t\t<\/div>\n\t\t\t\t<div class=\"elementor-element elementor-element-6004b93 elementor-widget-divider--view-line elementor-widget elementor-widget-divider\" data-id=\"6004b93\" data-element_type=\"widget\" data-e-type=\"widget\" data-widget_type=\"divider.default\">\n\t\t\t\t<div class=\"elementor-widget-container\">\n\t\t\t\t\t\t\t<div class=\"elementor-divider\">\n\t\t\t<span class=\"elementor-divider-separator\">\n\t\t\t\t\t\t<\/span>\n\t\t<\/div>\n\t\t\t\t\t\t<\/div>\n\t\t\t\t<\/div>\n\t\t\t\t<div class=\"elementor-element elementor-element-7ec7a5e8 elementor-hidden-tablet elementor-hidden-phone elementor-widget elementor-widget-text-editor\" data-id=\"7ec7a5e8\" data-element_type=\"widget\" data-e-type=\"widget\" data-widget_type=\"text-editor.default\">\n\t\t\t\t<div class=\"elementor-widget-container\">\n\t\t\t\t\t\t\t\t\t<p>Halten Sie die Maus \u00fcber die Symbole, um Bilder der R\u00e4ume zu sehen<\/p>\t\t\t\t\t\t\t\t<\/div>\n\t\t\t\t<\/div>\n\t\t\t\t\t<\/div>\n\t\t<\/div>\n\t\t\t\t<div class=\"elementor-column elementor-col-50 elementor-top-column elementor-element elementor-element-49b5ff17\" data-id=\"49b5ff17\" data-element_type=\"column\" data-e-type=\"column\">\n\t\t\t<div class=\"elementor-widget-wrap elementor-element-populated\">\n\t\t\t\t\t\t<div class=\"elementor-element elementor-element-74efdf25 elementor-hidden-tablet elementor-hidden-phone elementor-widget elementor-widget-shortcode\" data-id=\"74efdf25\" data-element_type=\"widget\" data-e-type=\"widget\" data-widget_type=\"shortcode.default\">\n\t\t\t\t<div class=\"elementor-widget-container\">\n\t\t\t\t\t\t\t<div class=\"elementor-shortcode\">\t<div class=\"wrap_svl_center\">\r\n\t<div class=\"wrap_svl_center_box\">\r\n\t<div class=\"wrap_svl\" id=\"body_drag_7675\">\r\n\t\t<div class=\"images_wrap\">\r\n                            <img decoding=\"async\" src=\"https:\/\/agriturismouliveta.it\/agriturismo-gardasee\/wp-content\/uploads\/2021\/03\/6-agriturismo-gardasee-uliveta-ferienwohnung-frantoio-grundriss.png\" alt=\"Grundriss der Ferienwohnung\">\r\n            \t\t<\/div>\t\r\n\t\t \t\t \t\t <div class=\"drag_element tips \" style=\"top:78.84%;left:66.7%;\" >\r\n\t\t \t<div class=\"point_style  ihotspot_tooltop_html\" data-placement=\"n\" data-html=\"\t\t \t\t\t                  &lt;div class=&quot;box_view_html&quot;&gt;\r\n\t\t\t\t\t&lt;span class=&quot;close_ihp&quot;&gt;\r\n\t\t\t\t\t\t&lt;svg version=&quot;1.1&quot; xmlns=&quot;http:\/\/www.w3.org\/2000\/svg&quot; xmlns:xlink=&quot;http:\/\/www.w3.org\/1999\/xlink&quot; x=&quot;0px&quot; y=&quot;0px&quot; viewBox=&quot;0 0 1000 1000&quot; enable-background=&quot;new 0 0 1000 1000&quot; xml:space=&quot;preserve&quot;&gt;&lt;g&gt;&lt;path d=&quot;M153.7,153.7C57.9,249.5,10,365.3,10,499c0,135.7,47.9,251.5,143.7,347.3l0,0C249.5,942.1,363.3,990,499,990c135.7,0,251.5-47.9,347.3-143.7C942.1,750.5,990,634.7,990,499c0-135.7-47.9-249.5-143.7-345.3l0,0C750.5,57.9,634.7,10,499,10C365.3,10,249.5,57.9,153.7,153.7z M209.6,211.6l2-2C289.4,129.7,387.2,89.8,499,89.8c113.8,0,209.6,39.9,291.4,121.8c79.8,77.8,119.8,175.6,119.8,287.4c0,113.8-39.9,209.6-119.8,291.4C708.6,870.3,612.8,910.2,499,910.2c-111.8,0-209.6-39.9-287.4-119.8C129.8,708.6,89.8,612.8,89.8,499C89.8,387.2,129.8,289.4,209.6,211.6z&quot;\/&gt;&lt;path d=&quot;M293.4,331.3c0,12,4,22,12,29.9L443.1,497L305.4,632.7c-8,8-12,18-12,29.9c0,10,4,18,12,26c8,8,18,12,28,12c12,0,20-4,27.9-10L499,552.9l135.7,137.7c8,6,16,10,28,10c12,0,21.9-4,27.9-10c8-8,12-18,12-28c0-12-4-21.9-12-29.9L554.9,497l135.7-135.7c8-8,12-18,12-27.9c0-12-4-22-12-29.9c-6-8-16-12-25.9-12c-12,0-21.9,4-29.9,12L499,441.1L363.3,303.4c-8-8-18-12-29.9-12c-10,0-20,4-28,12C297.4,311.4,293.4,321.4,293.4,331.3z&quot;\/&gt;&lt;\/g&gt;&lt;\/svg&gt;&lt;\/span&gt;\r\n\t\t\t\t\t\t&lt;p&gt;&lt;a href=&quot;https:\/\/agriturismouliveta.it\/agriturismo-gardasee\/wp-content\/uploads\/2021\/03\/agriturismo-gardasee-uliveta-ferienwohnung-frantoio-11.jpg&quot; data-rel=&quot;lightbox-image-0&quot; data-magnific_type=&quot;image&quot; data-rl_title=&quot;&quot; data-rl_caption=&quot;&quot; title=&quot;&quot;&gt;&lt;img fetchpriority=&quot;high&quot; decoding=&quot;async&quot; class=&quot;aligncenter size-large wp-image-6960&quot; src=&quot;https:\/\/agriturismouliveta.it\/agriturismo-gardasee\/wp-content\/uploads\/2021\/03\/agriturismo-gardasee-uliveta-ferienwohnung-frantoio-11-550x367.jpg&quot; alt=&quot;&quot; width=&quot;550&quot; height=&quot;367&quot; srcset=&quot;https:\/\/agriturismouliveta.it\/agriturismo-gardasee\/wp-content\/uploads\/2021\/03\/agriturismo-gardasee-uliveta-ferienwohnung-frantoio-11-550x367.jpg 550w, https:\/\/agriturismouliveta.it\/agriturismo-gardasee\/wp-content\/uploads\/2021\/03\/agriturismo-gardasee-uliveta-ferienwohnung-frantoio-11-300x200.jpg 300w, https:\/\/agriturismouliveta.it\/agriturismo-gardasee\/wp-content\/uploads\/2021\/03\/agriturismo-gardasee-uliveta-ferienwohnung-frantoio-11-768x512.jpg 768w, https:\/\/agriturismouliveta.it\/agriturismo-gardasee\/wp-content\/uploads\/2021\/03\/agriturismo-gardasee-uliveta-ferienwohnung-frantoio-11.jpg 1400w&quot; sizes=&quot;(max-width: 550px) 100vw, 550px&quot; \/&gt;&lt;\/a&gt;&lt;\/p&gt;\n\t\t\t\t\t&lt;\/div&gt;\r\n\t\t\t \t\t \t\t \">\r\n\t\t \t\t<a href=\"https:\/\/agriturismouliveta.it\/agriturismo-gardasee\/wp-content\/uploads\/2021\/03\/agriturismo-gardasee-uliveta-ferienwohnung-frantoio-11.jpg\" title=\"\" target=\"_self\" data-rel=\"lightbox-image-0\" data-magnific_type=\"image\" data-rl_title=\"\" data-rl_caption=\"\">\t\t\t \t\t\t\t\t \t\t\t<div class=\"pins_animation ihotspot_pulse\" style=\"top:-12.5px;left:-12.5px;height:25px;width:25px\"><\/div>\r\n\t\t\t \t\t\t\t\t \t\t<img decoding=\"async\" src=\"https:\/\/agriturismouliveta.it\/agriturismo-gardasee\/wp-content\/uploads\/2021\/02\/occhio-25px.png\" class=\"pins_image ihotspot_hastooltop\" style=\"top:-12.5px;left:-12.5px\" alt=\"\">\r\n\t\t\t \t\t\t\t \t\t<\/a>\t\t \t<\/div>\r\n\t\t <\/div>\r\n\t\t \t\t <div class=\"drag_element tips \" style=\"top:19.09%;left:70.89%;\" >\r\n\t\t \t<div class=\"point_style  ihotspot_tooltop_html\" data-placement=\"n\" data-html=\"\t\t \t\t\t                  &lt;div class=&quot;box_view_html&quot;&gt;\r\n\t\t\t\t\t&lt;span class=&quot;close_ihp&quot;&gt;\r\n\t\t\t\t\t\t&lt;svg version=&quot;1.1&quot; xmlns=&quot;http:\/\/www.w3.org\/2000\/svg&quot; xmlns:xlink=&quot;http:\/\/www.w3.org\/1999\/xlink&quot; x=&quot;0px&quot; y=&quot;0px&quot; viewBox=&quot;0 0 1000 1000&quot; enable-background=&quot;new 0 0 1000 1000&quot; xml:space=&quot;preserve&quot;&gt;&lt;g&gt;&lt;path d=&quot;M153.7,153.7C57.9,249.5,10,365.3,10,499c0,135.7,47.9,251.5,143.7,347.3l0,0C249.5,942.1,363.3,990,499,990c135.7,0,251.5-47.9,347.3-143.7C942.1,750.5,990,634.7,990,499c0-135.7-47.9-249.5-143.7-345.3l0,0C750.5,57.9,634.7,10,499,10C365.3,10,249.5,57.9,153.7,153.7z M209.6,211.6l2-2C289.4,129.7,387.2,89.8,499,89.8c113.8,0,209.6,39.9,291.4,121.8c79.8,77.8,119.8,175.6,119.8,287.4c0,113.8-39.9,209.6-119.8,291.4C708.6,870.3,612.8,910.2,499,910.2c-111.8,0-209.6-39.9-287.4-119.8C129.8,708.6,89.8,612.8,89.8,499C89.8,387.2,129.8,289.4,209.6,211.6z&quot;\/&gt;&lt;path d=&quot;M293.4,331.3c0,12,4,22,12,29.9L443.1,497L305.4,632.7c-8,8-12,18-12,29.9c0,10,4,18,12,26c8,8,18,12,28,12c12,0,20-4,27.9-10L499,552.9l135.7,137.7c8,6,16,10,28,10c12,0,21.9-4,27.9-10c8-8,12-18,12-28c0-12-4-21.9-12-29.9L554.9,497l135.7-135.7c8-8,12-18,12-27.9c0-12-4-22-12-29.9c-6-8-16-12-25.9-12c-12,0-21.9,4-29.9,12L499,441.1L363.3,303.4c-8-8-18-12-29.9-12c-10,0-20,4-28,12C297.4,311.4,293.4,321.4,293.4,331.3z&quot;\/&gt;&lt;\/g&gt;&lt;\/svg&gt;&lt;\/span&gt;\r\n\t\t\t\t\t\t&lt;p&gt;&lt;a href=&quot;https:\/\/agriturismouliveta.it\/agriturismo-gardasee\/wp-content\/uploads\/2021\/03\/agriturismo-gardasee-uliveta-ferienwohnung-frantoio-01.jpg&quot; data-rel=&quot;lightbox-image-0&quot; data-magnific_type=&quot;image&quot; data-rl_title=&quot;&quot; data-rl_caption=&quot;&quot; title=&quot;&quot;&gt;&lt;img decoding=&quot;async&quot; class=&quot;aligncenter size-large wp-image-6950&quot; src=&quot;https:\/\/agriturismouliveta.it\/agriturismo-gardasee\/wp-content\/uploads\/2021\/03\/agriturismo-gardasee-uliveta-ferienwohnung-frantoio-01-550x367.jpg&quot; alt=&quot;&quot; width=&quot;550&quot; height=&quot;367&quot; srcset=&quot;https:\/\/agriturismouliveta.it\/agriturismo-gardasee\/wp-content\/uploads\/2021\/03\/agriturismo-gardasee-uliveta-ferienwohnung-frantoio-01-550x367.jpg 550w, https:\/\/agriturismouliveta.it\/agriturismo-gardasee\/wp-content\/uploads\/2021\/03\/agriturismo-gardasee-uliveta-ferienwohnung-frantoio-01-300x200.jpg 300w, https:\/\/agriturismouliveta.it\/agriturismo-gardasee\/wp-content\/uploads\/2021\/03\/agriturismo-gardasee-uliveta-ferienwohnung-frantoio-01-768x512.jpg 768w, https:\/\/agriturismouliveta.it\/agriturismo-gardasee\/wp-content\/uploads\/2021\/03\/agriturismo-gardasee-uliveta-ferienwohnung-frantoio-01.jpg 1400w&quot; sizes=&quot;(max-width: 550px) 100vw, 550px&quot; \/&gt;&lt;\/a&gt;&lt;\/p&gt;\n\t\t\t\t\t&lt;\/div&gt;\r\n\t\t\t \t\t \t\t \">\r\n\t\t \t\t<a href=\"https:\/\/agriturismouliveta.it\/agriturismo-gardasee\/wp-content\/uploads\/2021\/03\/agriturismo-gardasee-uliveta-ferienwohnung-frantoio-01.jpg\" title=\"\" target=\"_self\" data-rel=\"lightbox-image-1\" data-magnific_type=\"image\" data-rl_title=\"\" data-rl_caption=\"\">\t\t\t \t\t\t\t\t \t\t\t<div class=\"pins_animation ihotspot_pulse\" style=\"top:-12.5px;left:-12.5px;height:25px;width:25px\"><\/div>\r\n\t\t\t \t\t\t\t\t \t\t<img decoding=\"async\" src=\"https:\/\/agriturismouliveta.it\/agriturismo-gardasee\/wp-content\/uploads\/2021\/02\/occhio-25px.png\" class=\"pins_image ihotspot_hastooltop\" style=\"top:-12.5px;left:-12.5px\" alt=\"\">\r\n\t\t\t \t\t\t\t \t\t<\/a>\t\t \t<\/div>\r\n\t\t <\/div>\r\n\t\t \t\t <div class=\"drag_element tips \" style=\"top:23.24%;left:38.51%;\" >\r\n\t\t \t<div class=\"point_style  ihotspot_tooltop_html\" data-placement=\"n\" data-html=\"\t\t \t\t\t                  &lt;div class=&quot;box_view_html&quot;&gt;\r\n\t\t\t\t\t&lt;span class=&quot;close_ihp&quot;&gt;\r\n\t\t\t\t\t\t&lt;svg version=&quot;1.1&quot; xmlns=&quot;http:\/\/www.w3.org\/2000\/svg&quot; xmlns:xlink=&quot;http:\/\/www.w3.org\/1999\/xlink&quot; x=&quot;0px&quot; y=&quot;0px&quot; viewBox=&quot;0 0 1000 1000&quot; enable-background=&quot;new 0 0 1000 1000&quot; xml:space=&quot;preserve&quot;&gt;&lt;g&gt;&lt;path d=&quot;M153.7,153.7C57.9,249.5,10,365.3,10,499c0,135.7,47.9,251.5,143.7,347.3l0,0C249.5,942.1,363.3,990,499,990c135.7,0,251.5-47.9,347.3-143.7C942.1,750.5,990,634.7,990,499c0-135.7-47.9-249.5-143.7-345.3l0,0C750.5,57.9,634.7,10,499,10C365.3,10,249.5,57.9,153.7,153.7z M209.6,211.6l2-2C289.4,129.7,387.2,89.8,499,89.8c113.8,0,209.6,39.9,291.4,121.8c79.8,77.8,119.8,175.6,119.8,287.4c0,113.8-39.9,209.6-119.8,291.4C708.6,870.3,612.8,910.2,499,910.2c-111.8,0-209.6-39.9-287.4-119.8C129.8,708.6,89.8,612.8,89.8,499C89.8,387.2,129.8,289.4,209.6,211.6z&quot;\/&gt;&lt;path d=&quot;M293.4,331.3c0,12,4,22,12,29.9L443.1,497L305.4,632.7c-8,8-12,18-12,29.9c0,10,4,18,12,26c8,8,18,12,28,12c12,0,20-4,27.9-10L499,552.9l135.7,137.7c8,6,16,10,28,10c12,0,21.9-4,27.9-10c8-8,12-18,12-28c0-12-4-21.9-12-29.9L554.9,497l135.7-135.7c8-8,12-18,12-27.9c0-12-4-22-12-29.9c-6-8-16-12-25.9-12c-12,0-21.9,4-29.9,12L499,441.1L363.3,303.4c-8-8-18-12-29.9-12c-10,0-20,4-28,12C297.4,311.4,293.4,321.4,293.4,331.3z&quot;\/&gt;&lt;\/g&gt;&lt;\/svg&gt;&lt;\/span&gt;\r\n\t\t\t\t\t\t&lt;p&gt;&lt;a href=&quot;https:\/\/agriturismouliveta.it\/agriturismo-gardasee\/wp-content\/uploads\/2021\/03\/agriturismo-gardasee-uliveta-ferienwohnung-frantoio-17.jpg&quot; data-rel=&quot;lightbox-image-0&quot; data-magnific_type=&quot;image&quot; data-rl_title=&quot;&quot; data-rl_caption=&quot;&quot; title=&quot;&quot;&gt;&lt;img decoding=&quot;async&quot; class=&quot;aligncenter size-large wp-image-6966&quot; src=&quot;https:\/\/agriturismouliveta.it\/agriturismo-gardasee\/wp-content\/uploads\/2021\/03\/agriturismo-gardasee-uliveta-ferienwohnung-frantoio-17-550x367.jpg&quot; alt=&quot;&quot; width=&quot;550&quot; height=&quot;367&quot; srcset=&quot;https:\/\/agriturismouliveta.it\/agriturismo-gardasee\/wp-content\/uploads\/2021\/03\/agriturismo-gardasee-uliveta-ferienwohnung-frantoio-17-550x367.jpg 550w, https:\/\/agriturismouliveta.it\/agriturismo-gardasee\/wp-content\/uploads\/2021\/03\/agriturismo-gardasee-uliveta-ferienwohnung-frantoio-17-300x200.jpg 300w, https:\/\/agriturismouliveta.it\/agriturismo-gardasee\/wp-content\/uploads\/2021\/03\/agriturismo-gardasee-uliveta-ferienwohnung-frantoio-17-768x512.jpg 768w, https:\/\/agriturismouliveta.it\/agriturismo-gardasee\/wp-content\/uploads\/2021\/03\/agriturismo-gardasee-uliveta-ferienwohnung-frantoio-17.jpg 1400w&quot; sizes=&quot;(max-width: 550px) 100vw, 550px&quot; \/&gt;&lt;\/a&gt;&lt;\/p&gt;\n\t\t\t\t\t&lt;\/div&gt;\r\n\t\t\t \t\t \t\t \">\r\n\t\t \t\t<a href=\"https:\/\/agriturismouliveta.it\/agriturismo-gardasee\/wp-content\/uploads\/2021\/03\/agriturismo-gardasee-uliveta-ferienwohnung-frantoio-17.jpg\" title=\"\" target=\"_self\" data-rel=\"lightbox-image-2\" data-magnific_type=\"image\" data-rl_title=\"\" data-rl_caption=\"\">\t\t\t \t\t\t\t\t \t\t\t<div class=\"pins_animation ihotspot_pulse\" style=\"top:-12.5px;left:-12.5px;height:25px;width:25px\"><\/div>\r\n\t\t\t \t\t\t\t\t \t\t<img decoding=\"async\" src=\"https:\/\/agriturismouliveta.it\/agriturismo-gardasee\/wp-content\/uploads\/2021\/02\/occhio-25px.png\" class=\"pins_image ihotspot_hastooltop\" style=\"top:-12.5px;left:-12.5px\" alt=\"\">\r\n\t\t\t \t\t\t\t \t\t<\/a>\t\t \t<\/div>\r\n\t\t <\/div>\r\n\t\t \t\t <div class=\"drag_element tips \" style=\"top:43.02%;left:12.91%;\" >\r\n\t\t \t<div class=\"point_style  ihotspot_tooltop_html\" data-placement=\"n\" data-html=\"\t\t \t\t\t                  &lt;div class=&quot;box_view_html&quot;&gt;\r\n\t\t\t\t\t&lt;span class=&quot;close_ihp&quot;&gt;\r\n\t\t\t\t\t\t&lt;svg version=&quot;1.1&quot; xmlns=&quot;http:\/\/www.w3.org\/2000\/svg&quot; xmlns:xlink=&quot;http:\/\/www.w3.org\/1999\/xlink&quot; x=&quot;0px&quot; y=&quot;0px&quot; viewBox=&quot;0 0 1000 1000&quot; enable-background=&quot;new 0 0 1000 1000&quot; xml:space=&quot;preserve&quot;&gt;&lt;g&gt;&lt;path d=&quot;M153.7,153.7C57.9,249.5,10,365.3,10,499c0,135.7,47.9,251.5,143.7,347.3l0,0C249.5,942.1,363.3,990,499,990c135.7,0,251.5-47.9,347.3-143.7C942.1,750.5,990,634.7,990,499c0-135.7-47.9-249.5-143.7-345.3l0,0C750.5,57.9,634.7,10,499,10C365.3,10,249.5,57.9,153.7,153.7z M209.6,211.6l2-2C289.4,129.7,387.2,89.8,499,89.8c113.8,0,209.6,39.9,291.4,121.8c79.8,77.8,119.8,175.6,119.8,287.4c0,113.8-39.9,209.6-119.8,291.4C708.6,870.3,612.8,910.2,499,910.2c-111.8,0-209.6-39.9-287.4-119.8C129.8,708.6,89.8,612.8,89.8,499C89.8,387.2,129.8,289.4,209.6,211.6z&quot;\/&gt;&lt;path d=&quot;M293.4,331.3c0,12,4,22,12,29.9L443.1,497L305.4,632.7c-8,8-12,18-12,29.9c0,10,4,18,12,26c8,8,18,12,28,12c12,0,20-4,27.9-10L499,552.9l135.7,137.7c8,6,16,10,28,10c12,0,21.9-4,27.9-10c8-8,12-18,12-28c0-12-4-21.9-12-29.9L554.9,497l135.7-135.7c8-8,12-18,12-27.9c0-12-4-22-12-29.9c-6-8-16-12-25.9-12c-12,0-21.9,4-29.9,12L499,441.1L363.3,303.4c-8-8-18-12-29.9-12c-10,0-20,4-28,12C297.4,311.4,293.4,321.4,293.4,331.3z&quot;\/&gt;&lt;\/g&gt;&lt;\/svg&gt;&lt;\/span&gt;\r\n\t\t\t\t\t\t&lt;p&gt;&lt;a href=&quot;https:\/\/agriturismouliveta.it\/agriturismo-gardasee\/wp-content\/uploads\/2021\/03\/agriturismo-gardasee-uliveta-ferienwohnung-frantoio-27.jpg&quot; data-rel=&quot;lightbox-image-0&quot; data-magnific_type=&quot;image&quot; data-rl_title=&quot;&quot; data-rl_caption=&quot;&quot; title=&quot;&quot;&gt;&lt;img loading=&quot;lazy&quot; decoding=&quot;async&quot; class=&quot;aligncenter size-large wp-image-6976&quot; src=&quot;https:\/\/agriturismouliveta.it\/agriturismo-gardasee\/wp-content\/uploads\/2021\/03\/agriturismo-gardasee-uliveta-ferienwohnung-frantoio-27-550x367.jpg&quot; alt=&quot;&quot; width=&quot;550&quot; height=&quot;367&quot; srcset=&quot;https:\/\/agriturismouliveta.it\/agriturismo-gardasee\/wp-content\/uploads\/2021\/03\/agriturismo-gardasee-uliveta-ferienwohnung-frantoio-27-550x367.jpg 550w, https:\/\/agriturismouliveta.it\/agriturismo-gardasee\/wp-content\/uploads\/2021\/03\/agriturismo-gardasee-uliveta-ferienwohnung-frantoio-27-300x200.jpg 300w, https:\/\/agriturismouliveta.it\/agriturismo-gardasee\/wp-content\/uploads\/2021\/03\/agriturismo-gardasee-uliveta-ferienwohnung-frantoio-27-768x512.jpg 768w, https:\/\/agriturismouliveta.it\/agriturismo-gardasee\/wp-content\/uploads\/2021\/03\/agriturismo-gardasee-uliveta-ferienwohnung-frantoio-27.jpg 1400w&quot; sizes=&quot;(max-width: 550px) 100vw, 550px&quot; \/&gt;&lt;\/a&gt;&lt;\/p&gt;\n\t\t\t\t\t&lt;\/div&gt;\r\n\t\t\t \t\t \t\t \">\r\n\t\t \t\t<a href=\"https:\/\/agriturismouliveta.it\/agriturismo-gardasee\/wp-content\/uploads\/2021\/03\/agriturismo-gardasee-uliveta-ferienwohnung-frantoio-27.jpg\" title=\"\" target=\"_self\" data-rel=\"lightbox-image-3\" data-magnific_type=\"image\" data-rl_title=\"\" data-rl_caption=\"\">\t\t\t \t\t\t\t\t \t\t\t<div class=\"pins_animation ihotspot_pulse\" style=\"top:-12.5px;left:-12.5px;height:25px;width:25px\"><\/div>\r\n\t\t\t \t\t\t\t\t \t\t<img decoding=\"async\" src=\"https:\/\/agriturismouliveta.it\/agriturismo-gardasee\/wp-content\/uploads\/2021\/02\/occhio-25px.png\" class=\"pins_image ihotspot_hastooltop\" style=\"top:-12.5px;left:-12.5px\" alt=\"\">\r\n\t\t\t \t\t\t\t \t\t<\/a>\t\t \t<\/div>\r\n\t\t <\/div>\r\n\t\t \t\t \r\n\t\t  \t\t \t\r\n\t <\/div>\r\n\t <\/div>\r\n\t <\/div>\r\n\t<\/div>\n\t\t\t\t\t\t<\/div>\n\t\t\t\t<\/div>\n\t\t\t\t<div class=\"elementor-element elementor-element-7b369cc4 elementor-hidden-desktop elementor-widget elementor-widget-image\" data-id=\"7b369cc4\" data-element_type=\"widget\" data-e-type=\"widget\" data-widget_type=\"image.default\">\n\t\t\t\t<div class=\"elementor-widget-container\">\n\t\t\t\t\t\t\t\t\t\t\t\t\t\t\t<img loading=\"lazy\" decoding=\"async\" width=\"550\" height=\"450\" src=\"https:\/\/agriturismouliveta.it\/agriturismo-gardasee\/wp-content\/uploads\/2021\/03\/6-agriturismo-gardasee-uliveta-ferienwohnung-frantoio-grundriss-550x450.png\" class=\"attachment-large size-large wp-image-7676\" alt=\"Grundriss der Ferienwohnung\" srcset=\"https:\/\/agriturismouliveta.it\/agriturismo-gardasee\/wp-content\/uploads\/2021\/03\/6-agriturismo-gardasee-uliveta-ferienwohnung-frantoio-grundriss-550x450.png 550w, https:\/\/agriturismouliveta.it\/agriturismo-gardasee\/wp-content\/uploads\/2021\/03\/6-agriturismo-gardasee-uliveta-ferienwohnung-frantoio-grundriss-300x246.png 300w, https:\/\/agriturismouliveta.it\/agriturismo-gardasee\/wp-content\/uploads\/2021\/03\/6-agriturismo-gardasee-uliveta-ferienwohnung-frantoio-grundriss-768x629.png 768w, https:\/\/agriturismouliveta.it\/agriturismo-gardasee\/wp-content\/uploads\/2021\/03\/6-agriturismo-gardasee-uliveta-ferienwohnung-frantoio-grundriss.png 883w\" sizes=\"(max-width: 550px) 100vw, 550px\" \/>\t\t\t\t\t\t\t\t\t\t\t\t\t\t\t<\/div>\n\t\t\t\t<\/div>\n\t\t\t\t\t<\/div>\n\t\t<\/div>\n\t\t\t\t\t<\/div>\n\t\t<\/section>\n\t\t\t\t<section class=\"elementor-section elementor-top-section elementor-element elementor-element-5996b57e elementor-section-boxed elementor-section-height-default elementor-section-height-default\" data-id=\"5996b57e\" data-element_type=\"section\" data-e-type=\"section\">\n\t\t\t\t\t\t<div class=\"elementor-container elementor-column-gap-default\">\n\t\t\t\t\t<div class=\"elementor-column elementor-col-100 elementor-top-column elementor-element elementor-element-65649372\" data-id=\"65649372\" data-element_type=\"column\" data-e-type=\"column\">\n\t\t\t<div class=\"elementor-widget-wrap elementor-element-populated\">\n\t\t\t\t\t\t<div class=\"elementor-element elementor-element-1108413e elementor-widget elementor-widget-heading\" data-id=\"1108413e\" data-element_type=\"widget\" data-e-type=\"widget\" data-widget_type=\"heading.default\">\n\t\t\t\t<div class=\"elementor-widget-container\">\n\t\t\t\t\t<h2 class=\"elementor-heading-title elementor-size-default\">Kapazit\u00e4t<\/h2>\t\t\t\t<\/div>\n\t\t\t\t<\/div>\n\t\t\t\t<div class=\"elementor-element elementor-element-2be5dbc9 elementor-widget-divider--view-line elementor-widget elementor-widget-divider\" data-id=\"2be5dbc9\" data-element_type=\"widget\" data-e-type=\"widget\" data-widget_type=\"divider.default\">\n\t\t\t\t<div class=\"elementor-widget-container\">\n\t\t\t\t\t\t\t<div class=\"elementor-divider\">\n\t\t\t<span class=\"elementor-divider-separator\">\n\t\t\t\t\t\t<\/span>\n\t\t<\/div>\n\t\t\t\t\t\t<\/div>\n\t\t\t\t<\/div>\n\t\t\t\t<div class=\"elementor-element elementor-element-6c04427 elementor-widget elementor-widget-html\" data-id=\"6c04427\" data-element_type=\"widget\" data-e-type=\"widget\" data-widget_type=\"html.default\">\n\t\t\t\t<div class=\"elementor-widget-container\">\n\t\t\t\t\t<table class=\"tabfeatures\" summary=\"Ferienwohnung Gardasee 50qm\"><colgroup> <col width=\"40%\"> <\/col> <col width=\"60%\"> <\/col><\/colgroup>\r\n<tbody>\r\n<tr>\r\n<td>Wohnfl\u00e4cke QM<\/td>\r\n<td>50<\/td>\r\n<\/tr>\r\n<tr>\r\n<td>Belegung standard<\/td>\r\n<td>2 Personen<\/td>\r\n<\/tr>\r\n<tr>\r\n<td>Belegung max.<\/td>\r\n<td>4 Personen<\/td>\r\n<\/tr>\r\n<\/tbody>\r\n<\/table>\t\t\t\t<\/div>\n\t\t\t\t<\/div>\n\t\t\t\t\t<\/div>\n\t\t<\/div>\n\t\t\t\t\t<\/div>\n\t\t<\/section>\n\t\t\t\t<section class=\"elementor-section elementor-top-section elementor-element elementor-element-4db3e324 elementor-section-boxed elementor-section-height-default elementor-section-height-default\" data-id=\"4db3e324\" data-element_type=\"section\" data-e-type=\"section\">\n\t\t\t\t\t\t<div class=\"elementor-container elementor-column-gap-default\">\n\t\t\t\t\t<div class=\"elementor-column elementor-col-100 elementor-top-column elementor-element elementor-element-58529725\" data-id=\"58529725\" data-element_type=\"column\" data-e-type=\"column\">\n\t\t\t<div class=\"elementor-widget-wrap elementor-element-populated\">\n\t\t\t\t\t\t<div class=\"elementor-element elementor-element-29cd4912 elementor-widget elementor-widget-heading\" data-id=\"29cd4912\" data-element_type=\"widget\" data-e-type=\"widget\" data-widget_type=\"heading.default\">\n\t\t\t\t<div class=\"elementor-widget-container\">\n\t\t\t\t\t<h2 class=\"elementor-heading-title elementor-size-default\">R\u00e4ume<\/h2>\t\t\t\t<\/div>\n\t\t\t\t<\/div>\n\t\t\t\t<div class=\"elementor-element elementor-element-48d5fede elementor-widget-divider--view-line elementor-widget elementor-widget-divider\" data-id=\"48d5fede\" data-element_type=\"widget\" data-e-type=\"widget\" data-widget_type=\"divider.default\">\n\t\t\t\t<div class=\"elementor-widget-container\">\n\t\t\t\t\t\t\t<div class=\"elementor-divider\">\n\t\t\t<span class=\"elementor-divider-separator\">\n\t\t\t\t\t\t<\/span>\n\t\t<\/div>\n\t\t\t\t\t\t<\/div>\n\t\t\t\t<\/div>\n\t\t\t\t<div class=\"elementor-element elementor-element-d2d990e elementor-widget elementor-widget-html\" data-id=\"d2d990e\" data-element_type=\"widget\" data-e-type=\"widget\" data-widget_type=\"html.default\">\n\t\t\t\t<div class=\"elementor-widget-container\">\n\t\t\t\t\t<table class=\"tabfeatures\" summary=\"Zwei-Zimmer-Wohnung Gardasee \"><colgroup> <col width=\"40%\"> <\/col> <col width=\"60%\"> <\/col><\/colgroup>\r\n<tbody>\r\n<tr>\r\n<td>Wohnzimmer<\/td>\r\n<td>Schlafsofa<br>\r\nTisch mit 4 Stuhle<br>\r\nTV-Sat<\/td>\r\n<\/tr>\r\n<tr>\r\n<td>Kochnische<\/td>\r\n<td>4 Kochplaten (Gas)<br>\r\nGasofen<br>\r\nK\u00fchlschrank m. Gefrierfach<br>\r\nKaffemaschine<br>Toaster<br>Wasserkocher<\/td>\r\n<\/tr>\r\n<tr>\r\n<td>Schlafzimmer<\/td>\r\n<td>1 x Doppelbett<\/td>\r\n<\/tr>\r\n<tr>\r\n<td>Badezimmer<\/td>\r\n<td>Du-Wc<br>\r\nBidet<br>\r\nWaschbecken<\/td>\r\n<\/tr>\r\n<tr>\r\n<td>Terrasse<\/td>\r\n<td>Tisch mit 4-6 Stuhle<\/td>\r\n<\/tr>\r\n<\/tbody>\r\n<\/table>\t\t\t\t<\/div>\n\t\t\t\t<\/div>\n\t\t\t\t\t<\/div>\n\t\t<\/div>\n\t\t\t\t\t<\/div>\n\t\t<\/section>\n\t\t\t\t<section class=\"elementor-section elementor-top-section elementor-element elementor-element-35e5ba2b elementor-section-boxed elementor-section-height-default elementor-section-height-default\" data-id=\"35e5ba2b\" data-element_type=\"section\" data-e-type=\"section\">\n\t\t\t\t\t\t<div class=\"elementor-container elementor-column-gap-default\">\n\t\t\t\t\t<div class=\"elementor-column elementor-col-100 elementor-top-column elementor-element elementor-element-44c4f301\" data-id=\"44c4f301\" data-element_type=\"column\" data-e-type=\"column\">\n\t\t\t<div class=\"elementor-widget-wrap elementor-element-populated\">\n\t\t\t\t\t\t<div class=\"elementor-element elementor-element-57e397fb elementor-widget elementor-widget-heading\" data-id=\"57e397fb\" data-element_type=\"widget\" data-e-type=\"widget\" data-widget_type=\"heading.default\">\n\t\t\t\t<div class=\"elementor-widget-container\">\n\t\t\t\t\t<h2 class=\"elementor-heading-title elementor-size-default\">Schlafpl\u00e4tze<\/h2>\t\t\t\t<\/div>\n\t\t\t\t<\/div>\n\t\t\t\t<div class=\"elementor-element elementor-element-5d69edc4 elementor-widget-divider--view-line elementor-widget elementor-widget-divider\" data-id=\"5d69edc4\" data-element_type=\"widget\" data-e-type=\"widget\" data-widget_type=\"divider.default\">\n\t\t\t\t<div class=\"elementor-widget-container\">\n\t\t\t\t\t\t\t<div class=\"elementor-divider\">\n\t\t\t<span class=\"elementor-divider-separator\">\n\t\t\t\t\t\t<\/span>\n\t\t<\/div>\n\t\t\t\t\t\t<\/div>\n\t\t\t\t<\/div>\n\t\t\t\t<div class=\"elementor-element elementor-element-eb8b4f5 elementor-widget elementor-widget-html\" data-id=\"eb8b4f5\" data-element_type=\"widget\" data-e-type=\"widget\" data-widget_type=\"html.default\">\n\t\t\t\t<div class=\"elementor-widget-container\">\n\t\t\t\t\t<table class=\"tabfeatures\" summary=\"Ferienwohnung Gardasee 50qm\"><colgroup> <col width=\"40%\"> <\/col> <col width=\"60%\"> <\/col><\/colgroup>\r\n<tbody>\r\n<tr>\r\n<td>Doppelbett<\/td>\r\n<td>2 Personen<\/td>\r\n<\/tr>\r\n<tr>\r\n<td>Schlafcouch<\/td>\r\n<td>2 Personen<\/td>\r\n<\/tr>\r\n<\/tbody>\r\n<\/table>\t\t\t\t<\/div>\n\t\t\t\t<\/div>\n\t\t\t\t\t<\/div>\n\t\t<\/div>\n\t\t\t\t\t<\/div>\n\t\t<\/section>\n\t\t\t\t<section class=\"elementor-section elementor-top-section elementor-element elementor-element-24141a69 elementor-section-stretched elementor-section-full_width elementor-section-height-default elementor-section-height-default\" data-id=\"24141a69\" data-element_type=\"section\" data-e-type=\"section\" data-settings=\"{&quot;stretch_section&quot;:&quot;section-stretched&quot;,&quot;background_background&quot;:&quot;classic&quot;}\">\n\t\t\t\t\t\t\t<div class=\"elementor-background-overlay\"><\/div>\n\t\t\t\t\t\t\t<div class=\"elementor-container elementor-column-gap-default\">\n\t\t\t\t\t<div class=\"elementor-column elementor-col-100 elementor-top-column elementor-element elementor-element-6ee77d22\" data-id=\"6ee77d22\" data-element_type=\"column\" data-e-type=\"column\">\n\t\t\t<div class=\"elementor-widget-wrap elementor-element-populated\">\n\t\t\t\t\t\t<div class=\"elementor-element elementor-element-f86eb87 elementor-widget elementor-widget-heading\" data-id=\"f86eb87\" data-element_type=\"widget\" data-e-type=\"widget\" data-widget_type=\"heading.default\">\n\t\t\t\t<div class=\"elementor-widget-container\">\n\t\t\t\t\t<h2 class=\"elementor-heading-title elementor-size-default\">Fotogallerie<\/h2>\t\t\t\t<\/div>\n\t\t\t\t<\/div>\n\t\t\t\t<div class=\"elementor-element elementor-element-41412dd7 elementor-widget-divider--view-line elementor-widget elementor-widget-divider\" data-id=\"41412dd7\" data-element_type=\"widget\" data-e-type=\"widget\" data-widget_type=\"divider.default\">\n\t\t\t\t<div class=\"elementor-widget-container\">\n\t\t\t\t\t\t\t<div class=\"elementor-divider\">\n\t\t\t<span class=\"elementor-divider-separator\">\n\t\t\t\t\t\t<\/span>\n\t\t<\/div>\n\t\t\t\t\t\t<\/div>\n\t\t\t\t<\/div>\n\t\t\t\t<div class=\"elementor-element elementor-element-760bada2 elementor-hidden-phone elementor-widget elementor-widget-shortcode\" data-id=\"760bada2\" data-element_type=\"widget\" data-e-type=\"widget\" data-widget_type=\"shortcode.default\">\n\t\t\t\t<div class=\"elementor-widget-container\">\n\t\t\t\t\t\t\t<div class=\"elementor-shortcode\"><div class=\"rl-gallery-container rl-loading\" id=\"rl-gallery-container-1\" data-gallery_id=\"7677\"> <div class=\"rl-gallery rl-basicgrid-gallery rl-hover-effect-1 rl-hover-icon-9\" id=\"rl-gallery-1\" data-gallery_no=\"1\"> <div class=\"rl-gallery-item\"><a href=\"https:\/\/agriturismouliveta.it\/agriturismo-gardasee\/wp-content\/uploads\/2021\/03\/agriturismo-gardasee-uliveta-ferienwohnung-frantoio-24.jpg\" title=\"\" data-rl_title=\"\" class=\"rl-gallery-link\" data-rl_caption=\"\" data-rel=\"lightbox-gallery-1\" data-magnific_type=\"gallery\"><img loading=\"lazy\" decoding=\"async\" src=\"https:\/\/agriturismouliveta.it\/agriturismo-gardasee\/wp-content\/uploads\/2021\/03\/agriturismo-gardasee-uliveta-ferienwohnung-frantoio-24-550x367.jpg\" width=\"550\" height=\"367\" alt=\"Eingang zum Badezimmer\" \/><\/a><\/div><div class=\"rl-gallery-item\"><a href=\"https:\/\/agriturismouliveta.it\/agriturismo-gardasee\/wp-content\/uploads\/2021\/03\/agriturismo-gardasee-uliveta-ferienwohnung-frantoio-25.jpg\" title=\"\" data-rl_title=\"\" class=\"rl-gallery-link\" data-rl_caption=\"\" data-rel=\"lightbox-gallery-1\" data-magnific_type=\"gallery\"><img loading=\"lazy\" decoding=\"async\" src=\"https:\/\/agriturismouliveta.it\/agriturismo-gardasee\/wp-content\/uploads\/2021\/03\/agriturismo-gardasee-uliveta-ferienwohnung-frantoio-25-550x367.jpg\" width=\"550\" height=\"367\" alt=\"Allgemeiner Blick in das Badezimmer\" \/><\/a><\/div><div class=\"rl-gallery-item\"><a href=\"https:\/\/agriturismouliveta.it\/agriturismo-gardasee\/wp-content\/uploads\/2021\/03\/agriturismo-gardasee-uliveta-ferienwohnung-frantoio-26.jpg\" title=\"\" data-rl_title=\"\" class=\"rl-gallery-link\" data-rl_caption=\"\" data-rel=\"lightbox-gallery-1\" data-magnific_type=\"gallery\"><img loading=\"lazy\" decoding=\"async\" src=\"https:\/\/agriturismouliveta.it\/agriturismo-gardasee\/wp-content\/uploads\/2021\/03\/agriturismo-gardasee-uliveta-ferienwohnung-frantoio-26-550x367.jpg\" width=\"550\" height=\"367\" alt=\"Allgemeiner Blick in das Badezimmer\" \/><\/a><\/div><div class=\"rl-gallery-item\"><a href=\"https:\/\/agriturismouliveta.it\/agriturismo-gardasee\/wp-content\/uploads\/2021\/03\/agriturismo-gardasee-uliveta-ferienwohnung-frantoio-27.jpg\" title=\"\" data-rl_title=\"\" class=\"rl-gallery-link\" data-rl_caption=\"\" data-rel=\"lightbox-gallery-1\" data-magnific_type=\"gallery\"><img loading=\"lazy\" decoding=\"async\" src=\"https:\/\/agriturismouliveta.it\/agriturismo-gardasee\/wp-content\/uploads\/2021\/03\/agriturismo-gardasee-uliveta-ferienwohnung-frantoio-27-550x367.jpg\" width=\"550\" height=\"367\" alt=\"Draufsicht auf das Badezimmereinrichtung\" \/><\/a><\/div><div class=\"rl-gallery-item\"><a href=\"https:\/\/agriturismouliveta.it\/agriturismo-gardasee\/wp-content\/uploads\/2021\/03\/agriturismo-gardasee-uliveta-ferienwohnung-frantoio-28.jpg\" title=\"\" data-rl_title=\"\" class=\"rl-gallery-link\" data-rl_caption=\"\" data-rel=\"lightbox-gallery-1\" data-magnific_type=\"gallery\"><img loading=\"lazy\" decoding=\"async\" src=\"https:\/\/agriturismouliveta.it\/agriturismo-gardasee\/wp-content\/uploads\/2021\/03\/agriturismo-gardasee-uliveta-ferienwohnung-frantoio-28-550x367.jpg\" width=\"550\" height=\"367\" alt=\"Draufsicht auf die Dusche\" \/><\/a><\/div><div class=\"rl-gallery-item\"><a href=\"https:\/\/agriturismouliveta.it\/agriturismo-gardasee\/wp-content\/uploads\/2021\/03\/agriturismo-gardasee-uliveta-ferienwohnung-frantoio-29.jpg\" title=\"\" data-rl_title=\"\" class=\"rl-gallery-link\" data-rl_caption=\"\" data-rel=\"lightbox-gallery-1\" data-magnific_type=\"gallery\"><img loading=\"lazy\" decoding=\"async\" src=\"https:\/\/agriturismouliveta.it\/agriturismo-gardasee\/wp-content\/uploads\/2021\/03\/agriturismo-gardasee-uliveta-ferienwohnung-frantoio-29-550x367.jpg\" width=\"550\" height=\"367\" alt=\"Blick aus dem Badezimmer aus\" \/><\/a><\/div><div class=\"rl-gallery-item\"><a href=\"https:\/\/agriturismouliveta.it\/agriturismo-gardasee\/wp-content\/uploads\/2021\/03\/agriturismo-gardasee-uliveta-ferienwohnung-frantoio-30.jpg\" title=\"\" data-rl_title=\"\" class=\"rl-gallery-link\" data-rl_caption=\"\" data-rel=\"lightbox-gallery-1\" data-magnific_type=\"gallery\"><img loading=\"lazy\" decoding=\"async\" src=\"https:\/\/agriturismouliveta.it\/agriturismo-gardasee\/wp-content\/uploads\/2021\/03\/agriturismo-gardasee-uliveta-ferienwohnung-frantoio-30-550x367.jpg\" width=\"550\" height=\"367\" alt=\"Detail des Waschbeckens im Badezimmer\" \/><\/a><\/div><div class=\"rl-gallery-item\"><a href=\"https:\/\/agriturismouliveta.it\/agriturismo-gardasee\/wp-content\/uploads\/2021\/03\/agriturismo-gardasee-uliveta-ferienwohnung-frantoio-11.jpg\" title=\"\" data-rl_title=\"\" class=\"rl-gallery-link\" data-rl_caption=\"\" data-rel=\"lightbox-gallery-1\" data-magnific_type=\"gallery\"><img loading=\"lazy\" decoding=\"async\" src=\"https:\/\/agriturismouliveta.it\/agriturismo-gardasee\/wp-content\/uploads\/2021\/03\/agriturismo-gardasee-uliveta-ferienwohnung-frantoio-11-550x367.jpg\" width=\"550\" height=\"367\" alt=\"Blick vom Balkon auf die Olivenhaine\" \/><\/a><\/div><div class=\"rl-gallery-item\"><a href=\"https:\/\/agriturismouliveta.it\/agriturismo-gardasee\/wp-content\/uploads\/2021\/03\/agriturismo-gardasee-uliveta-ferienwohnung-frantoio-12.jpg\" title=\"\" data-rl_title=\"\" class=\"rl-gallery-link\" data-rl_caption=\"\" data-rel=\"lightbox-gallery-1\" data-magnific_type=\"gallery\"><img loading=\"lazy\" decoding=\"async\" src=\"https:\/\/agriturismouliveta.it\/agriturismo-gardasee\/wp-content\/uploads\/2021\/03\/agriturismo-gardasee-uliveta-ferienwohnung-frantoio-12-550x367.jpg\" width=\"550\" height=\"367\" alt=\"Blick auf den See vom Balkon aus\" \/><\/a><\/div><div class=\"rl-gallery-item\"><a href=\"https:\/\/agriturismouliveta.it\/agriturismo-gardasee\/wp-content\/uploads\/2021\/03\/agriturismo-gardasee-uliveta-ferienwohnung-frantoio-13.jpg\" title=\"\" data-rl_title=\"\" class=\"rl-gallery-link\" data-rl_caption=\"\" data-rel=\"lightbox-gallery-1\" data-magnific_type=\"gallery\"><img loading=\"lazy\" decoding=\"async\" src=\"https:\/\/agriturismouliveta.it\/agriturismo-gardasee\/wp-content\/uploads\/2021\/03\/agriturismo-gardasee-uliveta-ferienwohnung-frantoio-13-550x367.jpg\" width=\"550\" height=\"367\" alt=\"An einem sch\u00f6nen, sonnigen Fr\u00fchlingsmorgen ist der Tisch zum Fr\u00fchst\u00fcck auf der Terrasse der Ferienwohnung\" \/><\/a><\/div><div class=\"rl-gallery-item\"><a href=\"https:\/\/agriturismouliveta.it\/agriturismo-gardasee\/wp-content\/uploads\/2021\/03\/agriturismo-gardasee-uliveta-ferienwohnung-frantoio-14.jpg\" title=\"\" data-rl_title=\"\" class=\"rl-gallery-link\" data-rl_caption=\"\" data-rel=\"lightbox-gallery-1\" data-magnific_type=\"gallery\"><img loading=\"lazy\" decoding=\"async\" src=\"https:\/\/agriturismouliveta.it\/agriturismo-gardasee\/wp-content\/uploads\/2021\/03\/agriturismo-gardasee-uliveta-ferienwohnung-frantoio-14-550x367.jpg\" width=\"550\" height=\"367\" alt=\"Fr\u00fchst\u00fcckstisch auf dem Balkon der Ferienwohnung\" \/><\/a><\/div><div class=\"rl-gallery-item\"><a href=\"https:\/\/agriturismouliveta.it\/agriturismo-gardasee\/wp-content\/uploads\/2021\/03\/agriturismo-gardasee-uliveta-ferienwohnung-frantoio-32.jpg\" title=\"\" data-rl_title=\"\" class=\"rl-gallery-link\" data-rl_caption=\"\" data-rel=\"lightbox-gallery-1\" data-magnific_type=\"gallery\"><img loading=\"lazy\" decoding=\"async\" src=\"https:\/\/agriturismouliveta.it\/agriturismo-gardasee\/wp-content\/uploads\/2021\/03\/agriturismo-gardasee-uliveta-ferienwohnung-frantoio-32-550x367.jpg\" width=\"550\" height=\"367\" alt=\"Blick auf den See vom Balkon aus\" \/><\/a><\/div><div class=\"rl-gallery-item\"><a href=\"https:\/\/agriturismouliveta.it\/agriturismo-gardasee\/wp-content\/uploads\/2021\/03\/agriturismo-gardasee-uliveta-ferienwohnung-frantoio-31.jpg\" title=\"\" data-rl_title=\"\" class=\"rl-gallery-link\" data-rl_caption=\"\" data-rel=\"lightbox-gallery-1\" data-magnific_type=\"gallery\"><img loading=\"lazy\" decoding=\"async\" src=\"https:\/\/agriturismouliveta.it\/agriturismo-gardasee\/wp-content\/uploads\/2021\/03\/agriturismo-gardasee-uliveta-ferienwohnung-frantoio-31-550x367.jpg\" width=\"550\" height=\"367\" alt=\"Detail der Fr\u00fchst\u00fcckstisch auf der Balkon und der Gardasee im Hintergrund\" \/><\/a><\/div><div class=\"rl-gallery-item\"><a href=\"https:\/\/agriturismouliveta.it\/agriturismo-gardasee\/wp-content\/uploads\/2021\/03\/agriturismo-gardasee-uliveta-ferienwohnung-frantoio-02.jpg\" title=\"\" data-rl_title=\"\" class=\"rl-gallery-link\" data-rl_caption=\"\" data-rel=\"lightbox-gallery-1\" data-magnific_type=\"gallery\"><img loading=\"lazy\" decoding=\"async\" src=\"https:\/\/agriturismouliveta.it\/agriturismo-gardasee\/wp-content\/uploads\/2021\/03\/agriturismo-gardasee-uliveta-ferienwohnung-frantoio-02-550x367.jpg\" width=\"550\" height=\"367\" alt=\"Weite Sicht auf den Kochbereich\" \/><\/a><\/div><div class=\"rl-gallery-item\"><a href=\"https:\/\/agriturismouliveta.it\/agriturismo-gardasee\/wp-content\/uploads\/2021\/03\/agriturismo-gardasee-uliveta-ferienwohnung-frantoio-03.jpg\" title=\"\" data-rl_title=\"\" class=\"rl-gallery-link\" data-rl_caption=\"\" data-rel=\"lightbox-gallery-1\" data-magnific_type=\"gallery\"><img loading=\"lazy\" decoding=\"async\" src=\"https:\/\/agriturismouliveta.it\/agriturismo-gardasee\/wp-content\/uploads\/2021\/03\/agriturismo-gardasee-uliveta-ferienwohnung-frantoio-03-550x367.jpg\" width=\"550\" height=\"367\" alt=\"Blick vom gedeckten Tisch auf den Kochbereich\" \/><\/a><\/div><div class=\"rl-gallery-item\"><a href=\"https:\/\/agriturismouliveta.it\/agriturismo-gardasee\/wp-content\/uploads\/2021\/03\/agriturismo-gardasee-uliveta-ferienwohnung-frantoio-16.jpg\" title=\"\" data-rl_title=\"\" class=\"rl-gallery-link\" data-rl_caption=\"\" data-rel=\"lightbox-gallery-1\" data-magnific_type=\"gallery\"><img loading=\"lazy\" decoding=\"async\" src=\"https:\/\/agriturismouliveta.it\/agriturismo-gardasee\/wp-content\/uploads\/2021\/03\/agriturismo-gardasee-uliveta-ferienwohnung-frantoio-16-550x367.jpg\" width=\"550\" height=\"367\" alt=\"Blick auf den Korridor in Richtung des Wohnzimmers\" \/><\/a><\/div><div class=\"rl-gallery-item\"><a href=\"https:\/\/agriturismouliveta.it\/agriturismo-gardasee\/wp-content\/uploads\/2021\/03\/agriturismo-gardasee-uliveta-ferienwohnung-frantoio-15.jpg\" title=\"\" data-rl_title=\"\" class=\"rl-gallery-link\" data-rl_caption=\"\" data-rel=\"lightbox-gallery-1\" data-magnific_type=\"gallery\"><img loading=\"lazy\" decoding=\"async\" src=\"https:\/\/agriturismouliveta.it\/agriturismo-gardasee\/wp-content\/uploads\/2021\/03\/agriturismo-gardasee-uliveta-ferienwohnung-frantoio-15-550x367.jpg\" width=\"550\" height=\"367\" alt=\"Detail auf dem Tisch und im Hintergrund der Blick auf den See aus dem Fenster\" \/><\/a><\/div><div class=\"rl-gallery-item\"><a href=\"https:\/\/agriturismouliveta.it\/agriturismo-gardasee\/wp-content\/uploads\/2021\/03\/agriturismo-gardasee-uliveta-ferienwohnung-frantoio-07.jpg\" title=\"\" data-rl_title=\"\" class=\"rl-gallery-link\" data-rl_caption=\"\" data-rel=\"lightbox-gallery-1\" data-magnific_type=\"gallery\"><img loading=\"lazy\" decoding=\"async\" src=\"https:\/\/agriturismouliveta.it\/agriturismo-gardasee\/wp-content\/uploads\/2021\/03\/agriturismo-gardasee-uliveta-ferienwohnung-frantoio-07-550x367.jpg\" width=\"550\" height=\"367\" alt=\"Detail einer K\u00fcchenkommode mit K\u00fcchenutensilien\" \/><\/a><\/div><div class=\"rl-gallery-item\"><a href=\"https:\/\/agriturismouliveta.it\/agriturismo-gardasee\/wp-content\/uploads\/2021\/03\/agriturismo-gardasee-uliveta-ferienwohnung-frantoio-05.jpg\" title=\"\" data-rl_title=\"\" class=\"rl-gallery-link\" data-rl_caption=\"\" data-rel=\"lightbox-gallery-1\" data-magnific_type=\"gallery\"><img loading=\"lazy\" decoding=\"async\" src=\"https:\/\/agriturismouliveta.it\/agriturismo-gardasee\/wp-content\/uploads\/2021\/03\/agriturismo-gardasee-uliveta-ferienwohnung-frantoio-05-550x367.jpg\" width=\"550\" height=\"367\" alt=\"Detail des K\u00fcchenofens\" \/><\/a><\/div><div class=\"rl-gallery-item\"><a href=\"https:\/\/agriturismouliveta.it\/agriturismo-gardasee\/wp-content\/uploads\/2021\/03\/agriturismo-gardasee-uliveta-ferienwohnung-frantoio-06.jpg\" title=\"\" data-rl_title=\"\" class=\"rl-gallery-link\" data-rl_caption=\"\" data-rel=\"lightbox-gallery-1\" data-magnific_type=\"gallery\"><img loading=\"lazy\" decoding=\"async\" src=\"https:\/\/agriturismouliveta.it\/agriturismo-gardasee\/wp-content\/uploads\/2021\/03\/agriturismo-gardasee-uliveta-ferienwohnung-frantoio-06-550x367.jpg\" width=\"550\" height=\"367\" alt=\"Detail eines Schranks mit Tellern und Gl\u00e4sern\" \/><\/a><\/div><div class=\"rl-gallery-item\"><a href=\"https:\/\/agriturismouliveta.it\/agriturismo-gardasee\/wp-content\/uploads\/2021\/03\/agriturismo-gardasee-uliveta-ferienwohnung-frantoio-04.jpg\" title=\"\" data-rl_title=\"\" class=\"rl-gallery-link\" data-rl_caption=\"\" data-rel=\"lightbox-gallery-1\" data-magnific_type=\"gallery\"><img loading=\"lazy\" decoding=\"async\" src=\"https:\/\/agriturismouliveta.it\/agriturismo-gardasee\/wp-content\/uploads\/2021\/03\/agriturismo-gardasee-uliveta-ferienwohnung-frantoio-04-550x367.jpg\" width=\"550\" height=\"367\" alt=\"Detail des offenen K\u00fchlschranks\" \/><\/a><\/div><div class=\"rl-gallery-item\"><a href=\"https:\/\/agriturismouliveta.it\/agriturismo-gardasee\/wp-content\/uploads\/2021\/03\/agriturismo-gardasee-uliveta-ferienwohnung-frantoio-17.jpg\" title=\"\" data-rl_title=\"\" class=\"rl-gallery-link\" data-rl_caption=\"\" data-rel=\"lightbox-gallery-1\" data-magnific_type=\"gallery\"><img loading=\"lazy\" decoding=\"async\" src=\"https:\/\/agriturismouliveta.it\/agriturismo-gardasee\/wp-content\/uploads\/2021\/03\/agriturismo-gardasee-uliveta-ferienwohnung-frantoio-17-550x367.jpg\" width=\"550\" height=\"367\" alt=\"Blick auf das Doppelbett\" \/><\/a><\/div><div class=\"rl-gallery-item\"><a href=\"https:\/\/agriturismouliveta.it\/agriturismo-gardasee\/wp-content\/uploads\/2021\/03\/agriturismo-gardasee-uliveta-ferienwohnung-frantoio-18.jpg\" title=\"\" data-rl_title=\"\" class=\"rl-gallery-link\" data-rl_caption=\"\" data-rel=\"lightbox-gallery-1\" data-magnific_type=\"gallery\"><img loading=\"lazy\" decoding=\"async\" src=\"https:\/\/agriturismouliveta.it\/agriturismo-gardasee\/wp-content\/uploads\/2021\/03\/agriturismo-gardasee-uliveta-ferienwohnung-frantoio-18-550x367.jpg\" width=\"550\" height=\"367\" alt=\"Blick auf das Doppelbett\" \/><\/a><\/div><div class=\"rl-gallery-item\"><a href=\"https:\/\/agriturismouliveta.it\/agriturismo-gardasee\/wp-content\/uploads\/2021\/03\/agriturismo-gardasee-uliveta-ferienwohnung-frantoio-19.jpg\" title=\"\" data-rl_title=\"\" class=\"rl-gallery-link\" data-rl_caption=\"\" data-rel=\"lightbox-gallery-1\" data-magnific_type=\"gallery\"><img loading=\"lazy\" decoding=\"async\" src=\"https:\/\/agriturismouliveta.it\/agriturismo-gardasee\/wp-content\/uploads\/2021\/03\/agriturismo-gardasee-uliveta-ferienwohnung-frantoio-19-550x367.jpg\" width=\"550\" height=\"367\" alt=\"Bett Detail\" \/><\/a><\/div><div class=\"rl-gallery-item\"><a href=\"https:\/\/agriturismouliveta.it\/agriturismo-gardasee\/wp-content\/uploads\/2021\/03\/agriturismo-gardasee-uliveta-ferienwohnung-frantoio-20.jpg\" title=\"\" data-rl_title=\"\" class=\"rl-gallery-link\" data-rl_caption=\"\" data-rel=\"lightbox-gallery-1\" data-magnific_type=\"gallery\"><img loading=\"lazy\" decoding=\"async\" src=\"https:\/\/agriturismouliveta.it\/agriturismo-gardasee\/wp-content\/uploads\/2021\/03\/agriturismo-gardasee-uliveta-ferienwohnung-frantoio-20-550x367.jpg\" width=\"550\" height=\"367\" alt=\"Detail der Kinderbett\" \/><\/a><\/div><div class=\"rl-gallery-item\"><a href=\"https:\/\/agriturismouliveta.it\/agriturismo-gardasee\/wp-content\/uploads\/2021\/03\/agriturismo-gardasee-uliveta-ferienwohnung-frantoio-21.jpg\" title=\"\" data-rl_title=\"\" class=\"rl-gallery-link\" data-rl_caption=\"\" data-rel=\"lightbox-gallery-1\" data-magnific_type=\"gallery\"><img loading=\"lazy\" decoding=\"async\" src=\"https:\/\/agriturismouliveta.it\/agriturismo-gardasee\/wp-content\/uploads\/2021\/03\/agriturismo-gardasee-uliveta-ferienwohnung-frantoio-21-550x367.jpg\" width=\"550\" height=\"367\" alt=\"Detail eines Nachttisches\" \/><\/a><\/div><div class=\"rl-gallery-item\"><a href=\"https:\/\/agriturismouliveta.it\/agriturismo-gardasee\/wp-content\/uploads\/2021\/03\/agriturismo-gardasee-uliveta-ferienwohnung-frantoio-22.jpg\" title=\"\" data-rl_title=\"\" class=\"rl-gallery-link\" data-rl_caption=\"\" data-rel=\"lightbox-gallery-1\" data-magnific_type=\"gallery\"><img loading=\"lazy\" decoding=\"async\" src=\"https:\/\/agriturismouliveta.it\/agriturismo-gardasee\/wp-content\/uploads\/2021\/03\/agriturismo-gardasee-uliveta-ferienwohnung-frantoio-22-550x367.jpg\" width=\"550\" height=\"367\" alt=\"Detail eines Nachttisches\" \/><\/a><\/div><div class=\"rl-gallery-item\"><a href=\"https:\/\/agriturismouliveta.it\/agriturismo-gardasee\/wp-content\/uploads\/2021\/03\/agriturismo-gardasee-uliveta-ferienwohnung-frantoio-23.jpg\" title=\"\" data-rl_title=\"\" class=\"rl-gallery-link\" data-rl_caption=\"\" data-rel=\"lightbox-gallery-1\" data-magnific_type=\"gallery\"><img loading=\"lazy\" decoding=\"async\" src=\"https:\/\/agriturismouliveta.it\/agriturismo-gardasee\/wp-content\/uploads\/2021\/03\/agriturismo-gardasee-uliveta-ferienwohnung-frantoio-23-550x367.jpg\" width=\"550\" height=\"367\" alt=\"Blick auf das Kinderbett\" \/><\/a><\/div><div class=\"rl-gallery-item\"><a href=\"https:\/\/agriturismouliveta.it\/agriturismo-gardasee\/wp-content\/uploads\/2021\/03\/agriturismo-gardasee-uliveta-ferienwohnung-frantoio-08.jpg\" title=\"\" data-rl_title=\"\" class=\"rl-gallery-link\" data-rl_caption=\"\" data-rel=\"lightbox-gallery-1\" data-magnific_type=\"gallery\"><img loading=\"lazy\" decoding=\"async\" src=\"https:\/\/agriturismouliveta.it\/agriturismo-gardasee\/wp-content\/uploads\/2021\/03\/agriturismo-gardasee-uliveta-ferienwohnung-frantoio-08-550x367.jpg\" width=\"550\" height=\"367\" alt=\"Blick auf das Sofa\" \/><\/a><\/div><div class=\"rl-gallery-item\"><a href=\"https:\/\/agriturismouliveta.it\/agriturismo-gardasee\/wp-content\/uploads\/2021\/03\/agriturismo-gardasee-uliveta-ferienwohnung-frantoio-09.jpg\" title=\"\" data-rl_title=\"\" class=\"rl-gallery-link\" data-rl_caption=\"\" data-rel=\"lightbox-gallery-1\" data-magnific_type=\"gallery\"><img loading=\"lazy\" decoding=\"async\" src=\"https:\/\/agriturismouliveta.it\/agriturismo-gardasee\/wp-content\/uploads\/2021\/03\/agriturismo-gardasee-uliveta-ferienwohnung-frantoio-09-550x367.jpg\" width=\"550\" height=\"367\" alt=\"Sofa Detail\" \/><\/a><\/div><div class=\"rl-gallery-item\"><a href=\"https:\/\/agriturismouliveta.it\/agriturismo-gardasee\/wp-content\/uploads\/2021\/03\/agriturismo-gardasee-uliveta-ferienwohnung-frantoio-10.jpg\" title=\"\" data-rl_title=\"\" class=\"rl-gallery-link\" data-rl_caption=\"\" data-rel=\"lightbox-gallery-1\" data-magnific_type=\"gallery\"><img loading=\"lazy\" decoding=\"async\" src=\"https:\/\/agriturismouliveta.it\/agriturismo-gardasee\/wp-content\/uploads\/2021\/03\/agriturismo-gardasee-uliveta-ferienwohnung-frantoio-10-550x367.jpg\" width=\"550\" height=\"367\" alt=\"TV-Ausschnitt\" \/><\/a><\/div><div class=\"rl-gallery-item\"><a href=\"https:\/\/agriturismouliveta.it\/agriturismo-gardasee\/wp-content\/uploads\/2021\/03\/agriturismo-gardasee-uliveta-ferienwohnung-frantoio-01.jpg\" title=\"\" data-rl_title=\"\" class=\"rl-gallery-link\" data-rl_caption=\"\" data-rel=\"lightbox-gallery-1\" data-magnific_type=\"gallery\"><img loading=\"lazy\" decoding=\"async\" src=\"https:\/\/agriturismouliveta.it\/agriturismo-gardasee\/wp-content\/uploads\/2021\/03\/agriturismo-gardasee-uliveta-ferienwohnung-frantoio-01-550x367.jpg\" width=\"550\" height=\"367\" alt=\"Gro\u00dfansicht des Zimmers mit K\u00fcchenzeile und gro\u00dfen Fenstert\u00fcren, die auf den Balkon f\u00fchren\" \/><\/a><\/div> <\/div> <\/div><\/div>\n\t\t\t\t\t\t<\/div>\n\t\t\t\t<\/div>\n\t\t\t\t<div class=\"elementor-element elementor-element-5e861ed4 elementor-hidden-desktop elementor-hidden-tablet elementor-widget elementor-widget-shortcode\" data-id=\"5e861ed4\" data-element_type=\"widget\" data-e-type=\"widget\" data-widget_type=\"shortcode.default\">\n\t\t\t\t<div class=\"elementor-widget-container\">\n\t\t\t\t\t\t\t<div class=\"elementor-shortcode\"><div class=\"rl-gallery-container rl-loading\" id=\"rl-gallery-container-2\" data-gallery_id=\"7680\"> <div class=\"rl-gallery rl-basicgrid-gallery rl-hover-effect-1 rl-hover-icon-9\" id=\"rl-gallery-2\" data-gallery_no=\"2\"> <div class=\"rl-gallery-item\"><a href=\"https:\/\/agriturismouliveta.it\/agriturismo-gardasee\/wp-content\/uploads\/2021\/03\/agriturismo-gardasee-uliveta-ferienwohnung-frantoio-720-01.jpg\" title=\"\" data-rl_title=\"\" class=\"rl-gallery-link\" data-rl_caption=\"\" data-rel=\"lightbox-gallery-2\" data-magnific_type=\"gallery\"><img loading=\"lazy\" decoding=\"async\" src=\"https:\/\/agriturismouliveta.it\/agriturismo-gardasee\/wp-content\/uploads\/2021\/03\/agriturismo-gardasee-uliveta-ferienwohnung-frantoio-720-01-550x367.jpg\" width=\"550\" height=\"367\" alt=\"\" \/><\/a><\/div><div class=\"rl-gallery-item\"><a href=\"https:\/\/agriturismouliveta.it\/agriturismo-gardasee\/wp-content\/uploads\/2021\/03\/agriturismo-gardasee-uliveta-ferienwohnung-frantoio-720-02.jpg\" title=\"\" data-rl_title=\"\" class=\"rl-gallery-link\" data-rl_caption=\"\" data-rel=\"lightbox-gallery-2\" data-magnific_type=\"gallery\"><img loading=\"lazy\" decoding=\"async\" src=\"https:\/\/agriturismouliveta.it\/agriturismo-gardasee\/wp-content\/uploads\/2021\/03\/agriturismo-gardasee-uliveta-ferienwohnung-frantoio-720-02-550x367.jpg\" width=\"550\" height=\"367\" alt=\"\" \/><\/a><\/div><div class=\"rl-gallery-item\"><a href=\"https:\/\/agriturismouliveta.it\/agriturismo-gardasee\/wp-content\/uploads\/2021\/03\/agriturismo-gardasee-uliveta-ferienwohnung-frantoio-720-03.jpg\" title=\"\" data-rl_title=\"\" class=\"rl-gallery-link\" data-rl_caption=\"\" data-rel=\"lightbox-gallery-2\" data-magnific_type=\"gallery\"><img loading=\"lazy\" decoding=\"async\" src=\"https:\/\/agriturismouliveta.it\/agriturismo-gardasee\/wp-content\/uploads\/2021\/03\/agriturismo-gardasee-uliveta-ferienwohnung-frantoio-720-03-550x367.jpg\" width=\"550\" height=\"367\" alt=\"\" \/><\/a><\/div><div class=\"rl-gallery-item\"><a href=\"https:\/\/agriturismouliveta.it\/agriturismo-gardasee\/wp-content\/uploads\/2021\/03\/agriturismo-gardasee-uliveta-ferienwohnung-frantoio-720-04.jpg\" title=\"\" data-rl_title=\"\" class=\"rl-gallery-link\" data-rl_caption=\"\" data-rel=\"lightbox-gallery-2\" data-magnific_type=\"gallery\"><img loading=\"lazy\" decoding=\"async\" src=\"https:\/\/agriturismouliveta.it\/agriturismo-gardasee\/wp-content\/uploads\/2021\/03\/agriturismo-gardasee-uliveta-ferienwohnung-frantoio-720-04-550x367.jpg\" width=\"550\" height=\"367\" alt=\"\" \/><\/a><\/div><div class=\"rl-gallery-item\"><a href=\"https:\/\/agriturismouliveta.it\/agriturismo-gardasee\/wp-content\/uploads\/2021\/03\/agriturismo-gardasee-uliveta-ferienwohnung-frantoio-720-05.jpg\" title=\"\" data-rl_title=\"\" class=\"rl-gallery-link\" data-rl_caption=\"\" data-rel=\"lightbox-gallery-2\" data-magnific_type=\"gallery\"><img loading=\"lazy\" decoding=\"async\" src=\"https:\/\/agriturismouliveta.it\/agriturismo-gardasee\/wp-content\/uploads\/2021\/03\/agriturismo-gardasee-uliveta-ferienwohnung-frantoio-720-05-550x367.jpg\" width=\"550\" height=\"367\" alt=\"\" \/><\/a><\/div><div class=\"rl-gallery-item\"><a href=\"https:\/\/agriturismouliveta.it\/agriturismo-gardasee\/wp-content\/uploads\/2021\/03\/agriturismo-gardasee-uliveta-ferienwohnung-frantoio-720-06.jpg\" title=\"\" data-rl_title=\"\" class=\"rl-gallery-link\" data-rl_caption=\"\" data-rel=\"lightbox-gallery-2\" data-magnific_type=\"gallery\"><img loading=\"lazy\" decoding=\"async\" src=\"https:\/\/agriturismouliveta.it\/agriturismo-gardasee\/wp-content\/uploads\/2021\/03\/agriturismo-gardasee-uliveta-ferienwohnung-frantoio-720-06-550x367.jpg\" width=\"550\" height=\"367\" alt=\"\" \/><\/a><\/div><div class=\"rl-gallery-item\"><a href=\"https:\/\/agriturismouliveta.it\/agriturismo-gardasee\/wp-content\/uploads\/2021\/03\/agriturismo-gardasee-uliveta-ferienwohnung-frantoio-720-07.jpg\" title=\"\" data-rl_title=\"\" class=\"rl-gallery-link\" data-rl_caption=\"\" data-rel=\"lightbox-gallery-2\" data-magnific_type=\"gallery\"><img loading=\"lazy\" decoding=\"async\" src=\"https:\/\/agriturismouliveta.it\/agriturismo-gardasee\/wp-content\/uploads\/2021\/03\/agriturismo-gardasee-uliveta-ferienwohnung-frantoio-720-07-550x367.jpg\" width=\"550\" height=\"367\" alt=\"\" \/><\/a><\/div><div class=\"rl-gallery-item\"><a href=\"https:\/\/agriturismouliveta.it\/agriturismo-gardasee\/wp-content\/uploads\/2021\/03\/agriturismo-gardasee-uliveta-ferienwohnung-frantoio-720-08.jpg\" title=\"\" data-rl_title=\"\" class=\"rl-gallery-link\" data-rl_caption=\"\" data-rel=\"lightbox-gallery-2\" data-magnific_type=\"gallery\"><img loading=\"lazy\" decoding=\"async\" src=\"https:\/\/agriturismouliveta.it\/agriturismo-gardasee\/wp-content\/uploads\/2021\/03\/agriturismo-gardasee-uliveta-ferienwohnung-frantoio-720-08-550x367.jpg\" width=\"550\" height=\"367\" alt=\"\" \/><\/a><\/div><div class=\"rl-gallery-item\"><a href=\"https:\/\/agriturismouliveta.it\/agriturismo-gardasee\/wp-content\/uploads\/2021\/03\/agriturismo-gardasee-uliveta-ferienwohnung-frantoio-720-09.jpg\" title=\"\" data-rl_title=\"\" class=\"rl-gallery-link\" data-rl_caption=\"\" data-rel=\"lightbox-gallery-2\" data-magnific_type=\"gallery\"><img loading=\"lazy\" decoding=\"async\" src=\"https:\/\/agriturismouliveta.it\/agriturismo-gardasee\/wp-content\/uploads\/2021\/03\/agriturismo-gardasee-uliveta-ferienwohnung-frantoio-720-09-550x367.jpg\" width=\"550\" height=\"367\" alt=\"\" \/><\/a><\/div><div class=\"rl-gallery-item\"><a href=\"https:\/\/agriturismouliveta.it\/agriturismo-gardasee\/wp-content\/uploads\/2021\/03\/agriturismo-gardasee-uliveta-ferienwohnung-frantoio-720-10.jpg\" title=\"\" data-rl_title=\"\" class=\"rl-gallery-link\" data-rl_caption=\"\" data-rel=\"lightbox-gallery-2\" data-magnific_type=\"gallery\"><img loading=\"lazy\" decoding=\"async\" src=\"https:\/\/agriturismouliveta.it\/agriturismo-gardasee\/wp-content\/uploads\/2021\/03\/agriturismo-gardasee-uliveta-ferienwohnung-frantoio-720-10-550x367.jpg\" width=\"550\" height=\"367\" alt=\"\" \/><\/a><\/div><div class=\"rl-gallery-item\"><a href=\"https:\/\/agriturismouliveta.it\/agriturismo-gardasee\/wp-content\/uploads\/2021\/03\/agriturismo-gardasee-uliveta-ferienwohnung-frantoio-720-11.jpg\" title=\"\" data-rl_title=\"\" class=\"rl-gallery-link\" data-rl_caption=\"\" data-rel=\"lightbox-gallery-2\" data-magnific_type=\"gallery\"><img loading=\"lazy\" decoding=\"async\" src=\"https:\/\/agriturismouliveta.it\/agriturismo-gardasee\/wp-content\/uploads\/2021\/03\/agriturismo-gardasee-uliveta-ferienwohnung-frantoio-720-11-550x367.jpg\" width=\"550\" height=\"367\" alt=\"\" \/><\/a><\/div><div class=\"rl-gallery-item\"><a href=\"https:\/\/agriturismouliveta.it\/agriturismo-gardasee\/wp-content\/uploads\/2021\/03\/agriturismo-gardasee-uliveta-ferienwohnung-frantoio-720-12.jpg\" title=\"\" data-rl_title=\"\" class=\"rl-gallery-link\" data-rl_caption=\"\" data-rel=\"lightbox-gallery-2\" data-magnific_type=\"gallery\"><img loading=\"lazy\" decoding=\"async\" src=\"https:\/\/agriturismouliveta.it\/agriturismo-gardasee\/wp-content\/uploads\/2021\/03\/agriturismo-gardasee-uliveta-ferienwohnung-frantoio-720-12-550x367.jpg\" width=\"550\" height=\"367\" alt=\"\" \/><\/a><\/div><div class=\"rl-gallery-item\"><a href=\"https:\/\/agriturismouliveta.it\/agriturismo-gardasee\/wp-content\/uploads\/2021\/03\/agriturismo-gardasee-uliveta-ferienwohnung-frantoio-720-13.jpg\" title=\"\" data-rl_title=\"\" class=\"rl-gallery-link\" data-rl_caption=\"\" data-rel=\"lightbox-gallery-2\" data-magnific_type=\"gallery\"><img loading=\"lazy\" decoding=\"async\" src=\"https:\/\/agriturismouliveta.it\/agriturismo-gardasee\/wp-content\/uploads\/2021\/03\/agriturismo-gardasee-uliveta-ferienwohnung-frantoio-720-13-550x367.jpg\" width=\"550\" height=\"367\" alt=\"\" \/><\/a><\/div><div class=\"rl-gallery-item\"><a href=\"https:\/\/agriturismouliveta.it\/agriturismo-gardasee\/wp-content\/uploads\/2021\/03\/agriturismo-gardasee-uliveta-ferienwohnung-frantoio-720-14.jpg\" title=\"\" data-rl_title=\"\" class=\"rl-gallery-link\" data-rl_caption=\"\" data-rel=\"lightbox-gallery-2\" data-magnific_type=\"gallery\"><img loading=\"lazy\" decoding=\"async\" src=\"https:\/\/agriturismouliveta.it\/agriturismo-gardasee\/wp-content\/uploads\/2021\/03\/agriturismo-gardasee-uliveta-ferienwohnung-frantoio-720-14-550x367.jpg\" width=\"550\" height=\"367\" alt=\"\" \/><\/a><\/div><div class=\"rl-gallery-item\"><a href=\"https:\/\/agriturismouliveta.it\/agriturismo-gardasee\/wp-content\/uploads\/2021\/03\/agriturismo-gardasee-uliveta-ferienwohnung-frantoio-720-15.jpg\" title=\"\" data-rl_title=\"\" class=\"rl-gallery-link\" data-rl_caption=\"\" data-rel=\"lightbox-gallery-2\" data-magnific_type=\"gallery\"><img loading=\"lazy\" decoding=\"async\" src=\"https:\/\/agriturismouliveta.it\/agriturismo-gardasee\/wp-content\/uploads\/2021\/03\/agriturismo-gardasee-uliveta-ferienwohnung-frantoio-720-15-550x367.jpg\" width=\"550\" height=\"367\" alt=\"\" \/><\/a><\/div><div class=\"rl-gallery-item\"><a href=\"https:\/\/agriturismouliveta.it\/agriturismo-gardasee\/wp-content\/uploads\/2021\/03\/agriturismo-gardasee-uliveta-ferienwohnung-frantoio-720-16.jpg\" title=\"\" data-rl_title=\"\" class=\"rl-gallery-link\" data-rl_caption=\"\" data-rel=\"lightbox-gallery-2\" data-magnific_type=\"gallery\"><img loading=\"lazy\" decoding=\"async\" src=\"https:\/\/agriturismouliveta.it\/agriturismo-gardasee\/wp-content\/uploads\/2021\/03\/agriturismo-gardasee-uliveta-ferienwohnung-frantoio-720-16-550x367.jpg\" width=\"550\" height=\"367\" alt=\"\" \/><\/a><\/div><div class=\"rl-gallery-item\"><a href=\"https:\/\/agriturismouliveta.it\/agriturismo-gardasee\/wp-content\/uploads\/2021\/03\/agriturismo-gardasee-uliveta-ferienwohnung-frantoio-720-17.jpg\" title=\"\" data-rl_title=\"\" class=\"rl-gallery-link\" data-rl_caption=\"\" data-rel=\"lightbox-gallery-2\" data-magnific_type=\"gallery\"><img loading=\"lazy\" decoding=\"async\" src=\"https:\/\/agriturismouliveta.it\/agriturismo-gardasee\/wp-content\/uploads\/2021\/03\/agriturismo-gardasee-uliveta-ferienwohnung-frantoio-720-17-550x367.jpg\" width=\"550\" height=\"367\" alt=\"\" \/><\/a><\/div><div class=\"rl-gallery-item\"><a href=\"https:\/\/agriturismouliveta.it\/agriturismo-gardasee\/wp-content\/uploads\/2021\/03\/agriturismo-gardasee-uliveta-ferienwohnung-frantoio-720-18.jpg\" title=\"\" data-rl_title=\"\" class=\"rl-gallery-link\" data-rl_caption=\"\" data-rel=\"lightbox-gallery-2\" data-magnific_type=\"gallery\"><img loading=\"lazy\" decoding=\"async\" src=\"https:\/\/agriturismouliveta.it\/agriturismo-gardasee\/wp-content\/uploads\/2021\/03\/agriturismo-gardasee-uliveta-ferienwohnung-frantoio-720-18-550x367.jpg\" width=\"550\" height=\"367\" alt=\"\" \/><\/a><\/div><div class=\"rl-gallery-item\"><a href=\"https:\/\/agriturismouliveta.it\/agriturismo-gardasee\/wp-content\/uploads\/2021\/03\/agriturismo-gardasee-uliveta-ferienwohnung-frantoio-720-21.jpg\" title=\"\" data-rl_title=\"\" class=\"rl-gallery-link\" data-rl_caption=\"\" data-rel=\"lightbox-gallery-2\" data-magnific_type=\"gallery\"><img loading=\"lazy\" decoding=\"async\" src=\"https:\/\/agriturismouliveta.it\/agriturismo-gardasee\/wp-content\/uploads\/2021\/03\/agriturismo-gardasee-uliveta-ferienwohnung-frantoio-720-21-550x367.jpg\" width=\"550\" height=\"367\" alt=\"\" \/><\/a><\/div><div class=\"rl-gallery-item\"><a href=\"https:\/\/agriturismouliveta.it\/agriturismo-gardasee\/wp-content\/uploads\/2021\/03\/agriturismo-gardasee-uliveta-ferienwohnung-frantoio-720-23.jpg\" title=\"\" data-rl_title=\"\" class=\"rl-gallery-link\" data-rl_caption=\"\" data-rel=\"lightbox-gallery-2\" data-magnific_type=\"gallery\"><img loading=\"lazy\" decoding=\"async\" src=\"https:\/\/agriturismouliveta.it\/agriturismo-gardasee\/wp-content\/uploads\/2021\/03\/agriturismo-gardasee-uliveta-ferienwohnung-frantoio-720-23-550x367.jpg\" width=\"550\" height=\"367\" alt=\"\" \/><\/a><\/div><div class=\"rl-gallery-item\"><a href=\"https:\/\/agriturismouliveta.it\/agriturismo-gardasee\/wp-content\/uploads\/2021\/03\/agriturismo-gardasee-uliveta-ferienwohnung-frantoio-720-24.jpg\" title=\"\" data-rl_title=\"\" class=\"rl-gallery-link\" data-rl_caption=\"\" data-rel=\"lightbox-gallery-2\" data-magnific_type=\"gallery\"><img loading=\"lazy\" decoding=\"async\" src=\"https:\/\/agriturismouliveta.it\/agriturismo-gardasee\/wp-content\/uploads\/2021\/03\/agriturismo-gardasee-uliveta-ferienwohnung-frantoio-720-24-550x367.jpg\" width=\"550\" height=\"367\" alt=\"\" \/><\/a><\/div><div class=\"rl-gallery-item\"><a href=\"https:\/\/agriturismouliveta.it\/agriturismo-gardasee\/wp-content\/uploads\/2021\/03\/agriturismo-gardasee-uliveta-ferienwohnung-frantoio-720-25.jpg\" title=\"\" data-rl_title=\"\" class=\"rl-gallery-link\" data-rl_caption=\"\" data-rel=\"lightbox-gallery-2\" data-magnific_type=\"gallery\"><img loading=\"lazy\" decoding=\"async\" src=\"https:\/\/agriturismouliveta.it\/agriturismo-gardasee\/wp-content\/uploads\/2021\/03\/agriturismo-gardasee-uliveta-ferienwohnung-frantoio-720-25-550x367.jpg\" width=\"550\" height=\"367\" alt=\"\" \/><\/a><\/div><div class=\"rl-gallery-item\"><a href=\"https:\/\/agriturismouliveta.it\/agriturismo-gardasee\/wp-content\/uploads\/2021\/03\/agriturismo-gardasee-uliveta-ferienwohnung-frantoio-720-26.jpg\" title=\"\" data-rl_title=\"\" class=\"rl-gallery-link\" data-rl_caption=\"\" data-rel=\"lightbox-gallery-2\" data-magnific_type=\"gallery\"><img loading=\"lazy\" decoding=\"async\" src=\"https:\/\/agriturismouliveta.it\/agriturismo-gardasee\/wp-content\/uploads\/2021\/03\/agriturismo-gardasee-uliveta-ferienwohnung-frantoio-720-26-550x367.jpg\" width=\"550\" height=\"367\" alt=\"\" \/><\/a><\/div><div class=\"rl-gallery-item\"><a href=\"https:\/\/agriturismouliveta.it\/agriturismo-gardasee\/wp-content\/uploads\/2021\/03\/agriturismo-gardasee-uliveta-ferienwohnung-frantoio-720-27.jpg\" title=\"\" data-rl_title=\"\" class=\"rl-gallery-link\" data-rl_caption=\"\" data-rel=\"lightbox-gallery-2\" data-magnific_type=\"gallery\"><img loading=\"lazy\" decoding=\"async\" src=\"https:\/\/agriturismouliveta.it\/agriturismo-gardasee\/wp-content\/uploads\/2021\/03\/agriturismo-gardasee-uliveta-ferienwohnung-frantoio-720-27-550x367.jpg\" width=\"550\" height=\"367\" alt=\"\" \/><\/a><\/div><div class=\"rl-gallery-item\"><a href=\"https:\/\/agriturismouliveta.it\/agriturismo-gardasee\/wp-content\/uploads\/2021\/03\/agriturismo-gardasee-uliveta-ferienwohnung-frantoio-720-28.jpg\" title=\"\" data-rl_title=\"\" class=\"rl-gallery-link\" data-rl_caption=\"\" data-rel=\"lightbox-gallery-2\" data-magnific_type=\"gallery\"><img loading=\"lazy\" decoding=\"async\" src=\"https:\/\/agriturismouliveta.it\/agriturismo-gardasee\/wp-content\/uploads\/2021\/03\/agriturismo-gardasee-uliveta-ferienwohnung-frantoio-720-28-550x367.jpg\" width=\"550\" height=\"367\" alt=\"\" \/><\/a><\/div><div class=\"rl-gallery-item\"><a href=\"https:\/\/agriturismouliveta.it\/agriturismo-gardasee\/wp-content\/uploads\/2021\/03\/agriturismo-gardasee-uliveta-ferienwohnung-frantoio-720-29.jpg\" title=\"\" data-rl_title=\"\" class=\"rl-gallery-link\" data-rl_caption=\"\" data-rel=\"lightbox-gallery-2\" data-magnific_type=\"gallery\"><img loading=\"lazy\" decoding=\"async\" src=\"https:\/\/agriturismouliveta.it\/agriturismo-gardasee\/wp-content\/uploads\/2021\/03\/agriturismo-gardasee-uliveta-ferienwohnung-frantoio-720-29-550x367.jpg\" width=\"550\" height=\"367\" alt=\"\" \/><\/a><\/div><div class=\"rl-gallery-item\"><a href=\"https:\/\/agriturismouliveta.it\/agriturismo-gardasee\/wp-content\/uploads\/2021\/03\/agriturismo-gardasee-uliveta-ferienwohnung-frantoio-720-30.jpg\" title=\"\" data-rl_title=\"\" class=\"rl-gallery-link\" data-rl_caption=\"\" data-rel=\"lightbox-gallery-2\" data-magnific_type=\"gallery\"><img loading=\"lazy\" decoding=\"async\" src=\"https:\/\/agriturismouliveta.it\/agriturismo-gardasee\/wp-content\/uploads\/2021\/03\/agriturismo-gardasee-uliveta-ferienwohnung-frantoio-720-30-550x367.jpg\" width=\"550\" height=\"367\" alt=\"\" \/><\/a><\/div><div class=\"rl-gallery-item\"><a href=\"https:\/\/agriturismouliveta.it\/agriturismo-gardasee\/wp-content\/uploads\/2021\/03\/agriturismo-gardasee-uliveta-ferienwohnung-frantoio-720-31.jpg\" title=\"\" data-rl_title=\"\" class=\"rl-gallery-link\" data-rl_caption=\"\" data-rel=\"lightbox-gallery-2\" data-magnific_type=\"gallery\"><img loading=\"lazy\" decoding=\"async\" src=\"https:\/\/agriturismouliveta.it\/agriturismo-gardasee\/wp-content\/uploads\/2021\/03\/agriturismo-gardasee-uliveta-ferienwohnung-frantoio-720-31-550x367.jpg\" width=\"550\" height=\"367\" alt=\"\" \/><\/a><\/div> <\/div> <\/div><\/div>\n\t\t\t\t\t\t<\/div>\n\t\t\t\t<\/div>\n\t\t\t\t\t<\/div>\n\t\t<\/div>\n\t\t\t\t\t<\/div>\n\t\t<\/section>\n\t\t\t\t<section class=\"elementor-section elementor-top-section elementor-element elementor-element-34b28e0c elementor-section-boxed elementor-section-height-default elementor-section-height-default\" data-id=\"34b28e0c\" data-element_type=\"section\" data-e-type=\"section\">\n\t\t\t\t\t\t<div class=\"elementor-container elementor-column-gap-default\">\n\t\t\t\t\t<div class=\"elementor-column elementor-col-100 elementor-top-column elementor-element elementor-element-4655fa93\" data-id=\"4655fa93\" data-element_type=\"column\" data-e-type=\"column\">\n\t\t\t<div class=\"elementor-widget-wrap elementor-element-populated\">\n\t\t\t\t\t\t<div class=\"elementor-element elementor-element-191eca0d elementor-widget elementor-widget-heading\" data-id=\"191eca0d\" data-element_type=\"widget\" data-e-type=\"widget\" data-widget_type=\"heading.default\">\n\t\t\t\t<div class=\"elementor-widget-container\">\n\t\t\t\t\t<h2 class=\"elementor-heading-title elementor-size-default\">\"FRANTOIO\"<\/h2>\t\t\t\t<\/div>\n\t\t\t\t<\/div>\n\t\t\t\t<div class=\"elementor-element elementor-element-5563aa32 elementor-widget elementor-widget-heading\" data-id=\"5563aa32\" data-element_type=\"widget\" data-e-type=\"widget\" data-widget_type=\"heading.default\">\n\t\t\t\t<div class=\"elementor-widget-container\">\n\t\t\t\t\t<h2 class=\"elementor-heading-title elementor-size-default\">Preise pro Ferienwohnung u. Woche<\/h2>\t\t\t\t<\/div>\n\t\t\t\t<\/div>\n\t\t\t\t<div class=\"elementor-element elementor-element-633f22af elementor-widget-divider--view-line elementor-widget elementor-widget-divider\" data-id=\"633f22af\" data-element_type=\"widget\" data-e-type=\"widget\" data-widget_type=\"divider.default\">\n\t\t\t\t<div class=\"elementor-widget-container\">\n\t\t\t\t\t\t\t<div class=\"elementor-divider\">\n\t\t\t<span class=\"elementor-divider-separator\">\n\t\t\t\t\t\t<\/span>\n\t\t<\/div>\n\t\t\t\t\t\t<\/div>\n\t\t\t\t<\/div>\n\t\t\t\t<div class=\"elementor-element elementor-element-6eae538c elementor-hidden-tablet elementor-hidden-phone elementor-widget elementor-widget-shortcode\" data-id=\"6eae538c\" data-element_type=\"widget\" data-e-type=\"widget\" data-widget_type=\"shortcode.default\">\n\t\t\t\t<div class=\"elementor-widget-container\">\n\t\t\t\t\t\t\t<div class=\"elementor-shortcode\"><table class=\"tabprezzi\">\n<thead>\n<tr>\n<th>2026<\/th>\n<th colspan=\"6\">Termine<\/th>\n<\/tr>\n<\/thead>\n<tbody>\n<tr>\n<th>Personen<\/th>\n<th>01.03-28.03<br \/>26.09-31.10<\/th>\n<th>28.03-11.04<br \/>&#8211; &#8211; &#8211;<\/th>\n<th>11.04-16.05<br \/>19.09-26.09<\/th>\n<th>16.05-20.06<br \/>&#8211; &#8211; &#8211;<\/th>\n<th>20.06-04.07<br \/>29.08-19.09<\/th>\n<th>04.07-29.08<\/th>\n<\/tr>\n\n<tr>\n<th>Bis 2<\/th>\n<td>420<\/td>\n<td>560<\/td>\n<td>455<\/td>\n<td>560<\/td>\n<td>640<\/td>\n<td>760<\/td>\n<\/tr>\n<tr>\n<th>3<\/th>\n<td>445<\/td>\n<td>585<\/td>\n<td>480<\/td>\n<td>585<\/td>\n<td>640<\/td>\n<td>760<\/td>\n<\/tr>\n<tr>\n<th>4<\/th>\n<td>470<\/td>\n<td>610<\/td>\n<td>505<\/td>\n<td>610<\/td>\n<td>640<\/td>\n<td>760<\/td>\n<\/tr>\n<\/tbody>\n<\/table>\n<div style=\"max-width:800px; margin:0 auto;\">\n<p>Jede weitere Person: + \u20ac 25,00<\/p>\n<p><strong>Folgende Leistungen sind im Preis enthalten<\/strong><\/p>\n<ul>\n<li>Bettw\u00e4sche, Hand- u. Badet\u00fccher, K\u00fcchenhandt\u00fccher<\/li>\n<li>Strom, Gas f\u00fcr die K\u00fcche, kaltes u. warmes Wasser<\/li>\n<li>Endreinigung, ausgenommen die K\u00fcchenzeile<\/li>\n<li>Kaffemaschine<\/li>\n<li>Toaster<\/li>\n<li>Wasserkocher<\/li>\n<li>Haartrockner<\/li>\n<li>WLan<\/li>\n<li>\u00fcberdachter Autostellplatz<\/li>\n<li>Babybettchen auf Anfrage<\/li>\n<\/ul>\n<p><strong>Nebenkosten<\/strong><\/p>\n<ul>\n<li>Kleine Hunde : \u20ac 49,00 \/ Woche<\/li>\n<li>Heizung: \u20ac 15,00\/Tag<\/li>\n<li>Klimaanlage (nur in den Apartments Uliveta verf\u00fcgbar): 15,00 Euro pro Tag<br \/>(<b>Wichtig<\/b>: Der Service wird nicht t\u00e4glich oder jeden zweiten Tag angeboten, sondern wird ausschlie\u00dflich f\u00fcr die gesamte Dauer des Aufenthalts aktiviert und kann auch am Anreisetag oder w\u00e4hrend des Aufenthalts angefordert werden. In diesem Fall gilt er bis zum Abreisetag).<\/li>\n<\/ul>\n<p><strong>Grundsteuer Gemeinde Brenzone<\/strong><\/p>\n<ul>\n<li>Uliveta: 2,00 Euro Erwachsene\/Nacht &#8211; Kinder bis 11J. frei<\/li>\n<li>Fasor: 2,50 Euro Erwachsene\/Nacht &#8211; Kinder bis 11J. frei<\/li>\n<\/ul>\n<\/div>\n\n<\/div>\n\t\t\t\t\t\t<\/div>\n\t\t\t\t<\/div>\n\t\t\t\t<div class=\"elementor-element elementor-element-4a52197a elementor-hidden-desktop elementor-widget elementor-widget-shortcode\" data-id=\"4a52197a\" data-element_type=\"widget\" data-e-type=\"widget\" data-widget_type=\"shortcode.default\">\n\t\t\t\t<div class=\"elementor-widget-container\">\n\t\t\t\t\t\t\t<div class=\"elementor-shortcode\"><div class=\"mob-tab-row\">\n<div class=\"mob-tab-col-a\">\n    <table class=\"tabprezzi mob-tab\">\n<thead>\n<tr style=\"height:100px;\">\n<th  style=\"width:100%;\" >TERMINE<br \/>2026<\/th>\n<\/tr>\n<\/thead>\n<tbody>\n<tr>\n<th>01.03 &#8211; 28.03<\/th>\n<\/tr>\n<tr>\n<th>28.03 &#8211; 11.04<\/th>\n<\/tr>\n<tr>\n<th>11.04 &#8211; 16.05<\/th>\n<\/tr>\n<tr>\n<th>16.05 &#8211; 20.06<\/th>\n<\/tr>\n<tr>\n<th>20.06 &#8211; 04.07<\/th>\n<\/tr>\n<tr>\n<th>04.07 &#8211; 29.08<\/th>\n<\/tr>\n<tr>\n<th>29.08 &#8211; 19.09<\/th>\n<\/tr>\n<tr>\n<th>19.09 &#8211; 26.09<\/th>\n<\/tr>\n<tr>\n<th>26.09 &#8211; 31.10<\/th>\n<\/tr>\n<\/tbody>\n<\/table>\n\n      <\/div>\n<div class=\"mob-tab-col-b\">\n<table class=\"tabprezzi mob-tab\" >\n<thead>\n<th colspan=\"3\">PERSONEN<\/th>\n<\/tr>\n<tr>\n<th>Bis 2<\/th>\n<th>3<\/th>\n<th>4<\/th>\n<\/tr>\n<\/thead>\n<tbody>\n<tr>\n<td>420<\/td>\n<td>445<\/td>\n<td>470<\/td>\n<\/tr>\n<tr>\n<td>560<\/td>\n<td>585<\/td>\n<td>610<\/td>\n<\/tr>\n<tr>\n<td>455<\/td>\n<td>480<\/td>\n<td>505<\/td>\n<\/tr>\n<tr>\n<td>560<\/td>\n<td>585<\/td>\n<td>610<\/td>\n<\/tr>\n<tr>\n<td>640<\/td>\n<td>640<\/td>\n<td>640<\/td>\n<\/tr>\n<tr>\n<td>760<\/td>\n<td>760<\/td>\n<td>760<\/td>\n<\/tr>\n<tr>\n<td>640<\/td>\n<td>640<\/td>\n<td>640<\/td>\n<\/tr>\n<tr>\n<td>455<\/td>\n<td>480<\/td>\n<td>505<\/td>\n<\/tr>\n<tr>\n<td>420<\/td>\n<td>445<\/td>\n<td>470<\/td>\n<\/tr>\n<\/tbody>\n<\/table><\/div>\n<\/div>\n<div style=\"max-width:800px; margin:0 auto;\">\n<p>Jede weitere Person: + \u20ac 25,00<\/p>\n<p><strong>Folgende Leistungen sind im Preis enthalten<\/strong><\/p>\n<ul>\n<li>Bettw\u00e4sche, Hand- u. Badet\u00fccher, K\u00fcchenhandt\u00fccher<\/li>\n<li>Strom, Gas f\u00fcr die K\u00fcche, kaltes u. warmes Wasser<\/li>\n<li>Endreinigung, ausgenommen die K\u00fcchenzeile<\/li>\n<li>Kaffemaschine<\/li>\n<li>Toaster<\/li>\n<li>Wasserkocher<\/li>\n<li>Haartrockner<\/li>\n<li>WLan<\/li>\n<li>\u00fcberdachter Autostellplatz<\/li>\n<li>Babybettchen auf Anfrage<\/li>\n<\/ul>\n<p><strong>Nebenkosten<\/strong><\/p>\n<ul>\n<li>Kleine Hunde : \u20ac 49,00 \/ Woche<\/li>\n<li>Heizung: \u20ac 15,00\/Tag<\/li>\n<li>Klimaanlage (nur in den Apartments Uliveta verf\u00fcgbar): 15,00 Euro pro Tag<br \/>(<b>Wichtig<\/b>: Der Service wird nicht t\u00e4glich oder jeden zweiten Tag angeboten, sondern wird ausschlie\u00dflich f\u00fcr die gesamte Dauer des Aufenthalts aktiviert und kann auch am Anreisetag oder w\u00e4hrend des Aufenthalts angefordert werden. In diesem Fall gilt er bis zum Abreisetag).<\/li>\n<\/ul>\n<p><strong>Grundsteuer Gemeinde Brenzone<\/strong><\/p>\n<ul>\n<li>Uliveta: 2,00 Euro Erwachsene\/Nacht &#8211; Kinder bis 11J. frei<\/li>\n<li>Fasor: 2,50 Euro Erwachsene\/Nacht &#8211; Kinder bis 11J. frei<\/li>\n<\/ul>\n<\/div>\n\n<\/div>\n\t\t\t\t\t\t<\/div>\n\t\t\t\t<\/div>\n\t\t\t\t\t<\/div>\n\t\t<\/div>\n\t\t\t\t\t<\/div>\n\t\t<\/section>\n\t\t\t\t<section class=\"elementor-section elementor-top-section elementor-element elementor-element-6cad78cd elementor-hidden-desktop elementor-hidden-tablet elementor-hidden-mobile elementor-section-boxed elementor-section-height-default elementor-section-height-default\" data-id=\"6cad78cd\" data-element_type=\"section\" data-e-type=\"section\">\n\t\t\t\t\t\t<div class=\"elementor-container elementor-column-gap-default\">\n\t\t\t\t\t<div class=\"elementor-column elementor-col-100 elementor-top-column elementor-element elementor-element-7903ed69\" data-id=\"7903ed69\" data-element_type=\"column\" data-e-type=\"column\">\n\t\t\t<div class=\"elementor-widget-wrap elementor-element-populated\">\n\t\t\t\t\t\t<div class=\"elementor-element elementor-element-6ca387d1 elementor-hidden-tablet elementor-hidden-mobile elementor-widget elementor-widget-toggle\" data-id=\"6ca387d1\" data-element_type=\"widget\" data-e-type=\"widget\" data-widget_type=\"toggle.default\">\n\t\t\t\t<div class=\"elementor-widget-container\">\n\t\t\t\t\t\t\t<div class=\"elementor-toggle\">\n\t\t\t\t\t\t\t<div class=\"elementor-toggle-item\">\n\t\t\t\t\t<div id=\"elementor-tab-title-1821\" class=\"elementor-tab-title\" data-tab=\"1\" role=\"button\" aria-controls=\"elementor-tab-content-1821\" aria-expanded=\"false\">\n\t\t\t\t\t\t\t\t\t\t\t\t<span class=\"elementor-toggle-icon elementor-toggle-icon-left\" aria-hidden=\"true\">\n\t\t\t\t\t\t\t\t\t\t\t\t\t\t\t<span class=\"elementor-toggle-icon-closed\"><i class=\"fas fa-caret-right\"><\/i><\/span>\n\t\t\t\t\t\t\t\t<span class=\"elementor-toggle-icon-opened\"><i class=\"elementor-toggle-icon-opened fas fa-caret-up\"><\/i><\/span>\n\t\t\t\t\t\t\t\t\t\t\t\t\t<\/span>\n\t\t\t\t\t\t\t\t\t\t\t\t<a class=\"elementor-toggle-title\" tabindex=\"0\">Preisliste 2023 - hier klicken<\/a>\n\t\t\t\t\t<\/div>\n\n\t\t\t\t\t<div id=\"elementor-tab-content-1821\" class=\"elementor-tab-content elementor-clearfix\" data-tab=\"1\" role=\"region\" aria-labelledby=\"elementor-tab-title-1821\"><p><!-- Incorrect slug --> \n<tr>\n<th>Bis 2<\/th>\n<td>350<\/td>\n<td>405<\/td>\n<td>385<\/td>\n<td>490<\/td>\n<td>570<\/td>\n<td>690<\/td>\n<\/tr>\n<tr>\n<th>3<\/th>\n<td>375<\/td>\n<td>430<\/td>\n<td>410<\/td>\n<td>515<\/td>\n<td>570<\/td>\n<td>690<\/td>\n<\/tr>\n<tr>\n<th>4<\/th>\n<td>400<\/td>\n<td>455<\/td>\n<td>435<\/td>\n<td>540<\/td>\n<td>570<\/td>\n<td>690<\/td>\n<\/tr>\n<\/tbody>\n<\/table>\n<div style=\"max-width:800px; margin:0 auto;\">\n<p>Jede weitere Person: + \u20ac 25,00<\/p>\n<p><strong>Folgende Leistungen sind im Preis enthalten<\/strong><\/p>\n<ul>\n<li>Bettw\u00e4sche, Hand- u. Badet\u00fccher, K\u00fcchenhandt\u00fccher<\/li>\n<li>Strom, Gas f\u00fcr die K\u00fcche, kaltes u. warmes Wasser<\/li>\n<li>Endreinigung, ausgenommen die K\u00fcchenzeile<\/li>\n<li>Kaffemaschine<\/li>\n<li>Toaster<\/li>\n<li>Wasserkocher<\/li>\n<li>Haartrockner<\/li>\n<li>WLan<\/li>\n<li>\u00fcberdachter Autostellplatz<\/li>\n<li>Babybettchen auf Anfrage<\/li>\n<\/ul>\n<p><strong>Nebenkosten<\/strong><\/p>\n<ul>\n<li>Kleine Hunde : \u20ac 49,00 \/ Woche<\/li>\n<li>Heizung: \u20ac 15,00\/Tag<\/li>\n<li>Klimaanlage (nur in den Apartments Uliveta verf\u00fcgbar): 15,00 Euro pro Tag<br \/>(<b>Wichtig<\/b>: Der Service wird nicht t\u00e4glich oder jeden zweiten Tag angeboten, sondern wird ausschlie\u00dflich f\u00fcr die gesamte Dauer des Aufenthalts aktiviert und kann auch am Anreisetag oder w\u00e4hrend des Aufenthalts angefordert werden. In diesem Fall gilt er bis zum Abreisetag).<\/li>\n<\/ul>\n<p><strong>Grundsteuer Gemeinde Brenzone<\/strong><\/p>\n<ul>\n<li>Uliveta: 2,00 Euro Erwachsene\/Nacht &#8211; Kinder bis 11J. frei<\/li>\n<li>Fasor: 2,50 Euro Erwachsene\/Nacht &#8211; Kinder bis 11J. frei<\/li>\n<\/ul>\n<\/div>\n\n<\/p><\/div>\n\t\t\t\t<\/div>\n\t\t\t\t\t\t\t\t<\/div>\n\t\t\t\t\t\t<\/div>\n\t\t\t\t<\/div>\n\t\t\t\t<div class=\"elementor-element elementor-element-66cf990f elementor-hidden-desktop elementor-widget elementor-widget-toggle\" data-id=\"66cf990f\" data-element_type=\"widget\" data-e-type=\"widget\" data-widget_type=\"toggle.default\">\n\t\t\t\t<div class=\"elementor-widget-container\">\n\t\t\t\t\t\t\t<div class=\"elementor-toggle\">\n\t\t\t\t\t\t\t<div class=\"elementor-toggle-item\">\n\t\t\t\t\t<div id=\"elementor-tab-title-1721\" class=\"elementor-tab-title\" data-tab=\"1\" role=\"button\" aria-controls=\"elementor-tab-content-1721\" aria-expanded=\"false\">\n\t\t\t\t\t\t\t\t\t\t\t\t<span class=\"elementor-toggle-icon elementor-toggle-icon-left\" aria-hidden=\"true\">\n\t\t\t\t\t\t\t\t\t\t\t\t\t\t\t<span class=\"elementor-toggle-icon-closed\"><i class=\"fas fa-caret-right\"><\/i><\/span>\n\t\t\t\t\t\t\t\t<span class=\"elementor-toggle-icon-opened\"><i class=\"elementor-toggle-icon-opened fas fa-caret-up\"><\/i><\/span>\n\t\t\t\t\t\t\t\t\t\t\t\t\t<\/span>\n\t\t\t\t\t\t\t\t\t\t\t\t<a class=\"elementor-toggle-title\" tabindex=\"0\">Preisliste 2023 - hier klicken<\/a>\n\t\t\t\t\t<\/div>\n\n\t\t\t\t\t<div id=\"elementor-tab-content-1721\" class=\"elementor-tab-content elementor-clearfix\" data-tab=\"1\" role=\"region\" aria-labelledby=\"elementor-tab-title-1721\"><p><div class=\"mob-tab-row\">\n<div class=\"mob-tab-col-a\">\n    <table class=\"tabprezzi mob-tab\">\n<thead>\n<tr style=\"height:100px;\">\n<th  style=\"width:100%;\" >TERMINE<br \/>2024<\/th>\n<\/tr>\n<\/thead>\n<tbody>\n<tr>\n<th>02.03 &#8211; 23.03<\/th>\n<\/tr>\n<tr>\n<th>23.03 &#8211; 06.04<\/th>\n<\/tr>\n<tr>\n<th>06.04 &#8211; 27.04<\/th>\n<\/tr>\n<tr>\n<th>27.04 &#8211; 18.05<\/th>\n<\/tr>\n<tr>\n<th>18.05 &#8211; 22.06<\/th>\n<\/tr>\n<tr>\n<th>22.06 &#8211; 06.07<\/th>\n<\/tr>\n<tr>\n<th>06.07 &#8211; 31.08<\/th>\n<\/tr>\n<tr>\n<th>31.08 &#8211; 07.09<\/th>\n<\/tr>\n<tr>\n<th>07.09 &#8211; 21.09<\/th>\n<\/tr>\n<tr>\n<th>21.09 &#8211; 28.09<\/th>\n<\/tr>\n<tr>\n<th>28.09 &#8211; 02.11<\/th>\n<\/tr>\n<\/tbody>\n<\/table>\n\n      <\/div>\n<div class=\"mob-tab-col-b\">\n<table class=\"tabprezzi mob-tab\" >\n<thead>\n<th colspan=\"3\">PERSONEN<\/th>\n<\/tr>\n<tr>\n<th>Bis 2<\/th>\n<th>3<\/th>\n<th>4<\/th>\n<\/tr>\n<\/thead>\n<tbody>\n<tr>\n<td>350<\/td>\n<td>375<\/td>\n<td>400<\/td>\n<\/tr>\n<tr>\n<td>405<\/td>\n<td>430<\/td>\n<td>455<\/td>\n<\/tr>\n<tr>\n<td>350<\/td>\n<td>375<\/td>\n<td>400<\/td>\n<\/tr>\n<tr>\n<td>385<\/td>\n<td>410<\/td>\n<td>435<\/td>\n<\/tr>\n<tr>\n<td>490<\/td>\n<td>515<\/td>\n<td>540<\/td>\n<\/tr>\n<tr>\n<td>570<\/td>\n<td>570<\/td>\n<td>570<\/td>\n<\/tr>\n<tr>\n<td>690<\/td>\n<td>690<\/td>\n<td>690<\/td>\n<\/tr>\n<tr>\n<td>570<\/td>\n<td>570<\/td>\n<td>570<\/td>\n<\/tr>\n<tr>\n<td>490<\/td>\n<td>515<\/td>\n<td>540<\/td>\n<\/tr>\n<tr>\n<td>385<\/td>\n<td>410<\/td>\n<td>435<\/td>\n<\/tr>\n<tr>\n<td>350<\/td>\n<td>375<\/td>\n<td>400<\/td>\n<\/tr>\n<\/tbody>\n<\/table><\/div>\n<\/div>\n<div style=\"max-width:800px; margin:0 auto;\">\n<p>Jede weitere Person: + \u20ac 25,00<\/p>\n<p><strong>Folgende Leistungen sind im Preis enthalten<\/strong><\/p>\n<ul>\n<li>Bettw\u00e4sche, Hand- u. Badet\u00fccher, K\u00fcchenhandt\u00fccher<\/li>\n<li>Strom, Gas f\u00fcr die K\u00fcche, kaltes u. warmes Wasser<\/li>\n<li>Endreinigung, ausgenommen die K\u00fcchenzeile<\/li>\n<li>Kaffemaschine<\/li>\n<li>Toaster<\/li>\n<li>Wasserkocher<\/li>\n<li>Haartrockner<\/li>\n<li>WLan<\/li>\n<li>\u00fcberdachter Autostellplatz<\/li>\n<li>Babybettchen auf Anfrage<\/li>\n<\/ul>\n<p><strong>Nebenkosten<\/strong><\/p>\n<ul>\n<li>Kleine Hunde : \u20ac 49,00 \/ Woche<\/li>\n<li>Heizung: \u20ac 15,00\/Tag<\/li>\n<li>Klimaanlage (nur in den Apartments Uliveta verf\u00fcgbar): 15,00 Euro pro Tag<br \/>(<b>Wichtig<\/b>: Der Service wird nicht t\u00e4glich oder jeden zweiten Tag angeboten, sondern wird ausschlie\u00dflich f\u00fcr die gesamte Dauer des Aufenthalts aktiviert und kann auch am Anreisetag oder w\u00e4hrend des Aufenthalts angefordert werden. In diesem Fall gilt er bis zum Abreisetag).<\/li>\n<\/ul>\n<p><strong>Grundsteuer Gemeinde Brenzone<\/strong><\/p>\n<ul>\n<li>Uliveta: 2,00 Euro Erwachsene\/Nacht &#8211; Kinder bis 11J. frei<\/li>\n<li>Fasor: 2,50 Euro Erwachsene\/Nacht &#8211; Kinder bis 11J. frei<\/li>\n<\/ul>\n<\/div>\n\n.<\/p><\/div>\n\t\t\t\t<\/div>\n\t\t\t\t\t\t\t\t<\/div>\n\t\t\t\t\t\t<\/div>\n\t\t\t\t<\/div>\n\t\t\t\t\t<\/div>\n\t\t<\/div>\n\t\t\t\t\t<\/div>\n\t\t<\/section>\n\t\t\t\t<section class=\"elementor-section elementor-top-section elementor-element elementor-element-6fc77be0 elementor-section-stretched elementor-section-boxed elementor-section-height-default elementor-section-height-default\" data-id=\"6fc77be0\" data-element_type=\"section\" data-e-type=\"section\" data-settings=\"{&quot;stretch_section&quot;:&quot;section-stretched&quot;,&quot;background_background&quot;:&quot;classic&quot;}\">\n\t\t\t\t\t\t<div class=\"elementor-container elementor-column-gap-default\">\n\t\t\t\t\t<div class=\"elementor-column elementor-col-100 elementor-top-column elementor-element elementor-element-31a12f0c\" data-id=\"31a12f0c\" data-element_type=\"column\" data-e-type=\"column\" data-settings=\"{&quot;background_background&quot;:&quot;classic&quot;}\">\n\t\t\t<div class=\"elementor-widget-wrap elementor-element-populated\">\n\t\t\t\t\t\t<div class=\"elementor-element elementor-element-501cf6d elementor-widget elementor-widget-heading\" data-id=\"501cf6d\" data-element_type=\"widget\" data-e-type=\"widget\" data-widget_type=\"heading.default\">\n\t\t\t\t<div class=\"elementor-widget-container\">\n\t\t\t\t\t<h2 class=\"elementor-heading-title elementor-size-default\">Anfrage Formular Ferienwohnung \"Frantoio\"<\/h2>\t\t\t\t<\/div>\n\t\t\t\t<\/div>\n\t\t\t\t<div class=\"elementor-element elementor-element-52215bfc elementor-widget-divider--view-line elementor-widget elementor-widget-divider\" data-id=\"52215bfc\" data-element_type=\"widget\" data-e-type=\"widget\" data-widget_type=\"divider.default\">\n\t\t\t\t<div class=\"elementor-widget-container\">\n\t\t\t\t\t\t\t<div class=\"elementor-divider\">\n\t\t\t<span class=\"elementor-divider-separator\">\n\t\t\t\t\t\t<\/span>\n\t\t<\/div>\n\t\t\t\t\t\t<\/div>\n\t\t\t\t<\/div>\n\t\t\t\t<div class=\"elementor-element elementor-element-40587522 elementor-widget elementor-widget-shortcode\" data-id=\"40587522\" data-element_type=\"widget\" data-e-type=\"widget\" data-widget_type=\"shortcode.default\">\n\t\t\t\t<div class=\"elementor-widget-container\">\n\t\t\t\t\t\t\t<div class=\"elementor-shortcode\"><\/div>\n\t\t\t\t\t\t<\/div>\n\t\t\t\t<\/div>\n\t\t\t\t\t<\/div>\n\t\t<\/div>\n\t\t\t\t\t<\/div>\n\t\t<\/section>\n\t\t\t\t<\/div>\n\t\t","protected":false},"featured_media":6960,"template":"","categories":[37],"class_list":["post-7672","hb_accommodation","type-hb_accommodation","status-publish","has-post-thumbnail","hentry","category-fewo-ein-sz"],"_links":{"self":[{"href":"https:\/\/agriturismouliveta.it\/agriturismo-gardasee\/wp-json\/wp\/v2\/hb_accommodation\/7672","targetHints":{"allow":["GET"]}}],"collection":[{"href":"https:\/\/agriturismouliveta.it\/agriturismo-gardasee\/wp-json\/wp\/v2\/hb_accommodation"}],"about":[{"href":"https:\/\/agriturismouliveta.it\/agriturismo-gardasee\/wp-json\/wp\/v2\/types\/hb_accommodation"}],"version-history":[{"count":2,"href":"https:\/\/agriturismouliveta.it\/agriturismo-gardasee\/wp-json\/wp\/v2\/hb_accommodation\/7672\/revisions"}],"predecessor-version":[{"id":10398,"href":"https:\/\/agriturismouliveta.it\/agriturismo-gardasee\/wp-json\/wp\/v2\/hb_accommodation\/7672\/revisions\/10398"}],"wp:featuredmedia":[{"embeddable":true,"href":"https:\/\/agriturismouliveta.it\/agriturismo-gardasee\/wp-json\/wp\/v2\/media\/6960"}],"wp:attachment":[{"href":"https:\/\/agriturismouliveta.it\/agriturismo-gardasee\/wp-json\/wp\/v2\/media?parent=7672"}],"wp:term":[{"taxonomy":"category","embeddable":true,"href":"https:\/\/agriturismouliveta.it\/agriturismo-gardasee\/wp-json\/wp\/v2\/categories?post=7672"}],"curies":[{"name":"wp","href":"https:\/\/api.w.org\/{rel}","templated":true}]}}