{"id":7812,"date":"2021-03-16T12:54:17","date_gmt":"2021-03-16T11:54:17","guid":{"rendered":"https:\/\/agriturismouliveta.it\/agriturismo-gardasee\/?post_type=hb_accommodation&#038;p=7812"},"modified":"2026-01-10T10:46:25","modified_gmt":"2026-01-10T09:46:25","slug":"ferienwohnung-edera","status":"publish","type":"hb_accommodation","link":"https:\/\/agriturismouliveta.it\/agriturismo-gardasee\/ferienwohnungen\/ferienwohnung-edera","title":{"rendered":"Ferienwohnung Edera"},"content":{"rendered":"\t\t<div data-elementor-type=\"wp-post\" data-elementor-id=\"7812\" class=\"elementor elementor-7812\">\n\t\t\t\t\t\t<section class=\"elementor-section elementor-top-section elementor-element elementor-element-7c0b03c9 elementor-section-boxed elementor-section-height-default elementor-section-height-default\" data-id=\"7c0b03c9\" data-element_type=\"section\" data-e-type=\"section\">\n\t\t\t\t\t\t<div class=\"elementor-container elementor-column-gap-default\">\n\t\t\t\t\t<div class=\"elementor-column elementor-col-100 elementor-top-column elementor-element elementor-element-7d83d5cb\" data-id=\"7d83d5cb\" data-element_type=\"column\" data-e-type=\"column\">\n\t\t\t<div class=\"elementor-widget-wrap elementor-element-populated\">\n\t\t\t\t\t\t<div class=\"elementor-element elementor-element-5b99709a elementor-widget elementor-widget-text-editor\" data-id=\"5b99709a\" data-element_type=\"widget\" data-e-type=\"widget\" data-widget_type=\"text-editor.default\">\n\t\t\t\t<div class=\"elementor-widget-container\">\n\t\t\t\t\t\t\t\t\t<p style=\"text-align: center;\">Ferienwohnung &#8222;Edera&#8220; verf\u00fcgt \u00fcber eine Terrasse mit Seeblick und ist geeignet f\u00fcr 2 bis 4 Personen.<\/p><p style=\"text-align: center;\"><span style=\"color: var( --e-global-color-text ); font-family: var( --e-global-typography-text-font-family ), Sans-serif; font-weight: var( --e-global-typography-text-font-weight );\">Die Wohnung ist ca. 50qm gro\u00df. und besteht aus 1 x Wohnzimmer mit Kochecke und Terrasse, 1 x Schlafzimmer und 1 x Badezimmer.<\/span><\/p>\t\t\t\t\t\t\t\t<\/div>\n\t\t\t\t<\/div>\n\t\t\t\t\t<\/div>\n\t\t<\/div>\n\t\t\t\t\t<\/div>\n\t\t<\/section>\n\t\t\t\t<section class=\"elementor-section elementor-top-section elementor-element elementor-element-35117a95 elementor-section-stretched elementor-section-boxed elementor-section-height-default elementor-section-height-default\" data-id=\"35117a95\" data-element_type=\"section\" data-e-type=\"section\" data-settings=\"{&quot;stretch_section&quot;:&quot;section-stretched&quot;,&quot;background_background&quot;:&quot;classic&quot;}\">\n\t\t\t\t\t\t<div class=\"elementor-container elementor-column-gap-default\">\n\t\t\t\t\t<div class=\"elementor-column elementor-col-50 elementor-top-column elementor-element elementor-element-21bf912a\" data-id=\"21bf912a\" data-element_type=\"column\" data-e-type=\"column\">\n\t\t\t<div class=\"elementor-widget-wrap elementor-element-populated\">\n\t\t\t\t\t\t<div class=\"elementor-element elementor-element-27725725 elementor-widget elementor-widget-heading\" data-id=\"27725725\" data-element_type=\"widget\" data-e-type=\"widget\" data-widget_type=\"heading.default\">\n\t\t\t\t<div class=\"elementor-widget-container\">\n\t\t\t\t\t<h2 class=\"elementor-heading-title elementor-size-default\">Grundriss<\/h2>\t\t\t\t<\/div>\n\t\t\t\t<\/div>\n\t\t\t\t<div class=\"elementor-element elementor-element-b6dcc93 elementor-widget-divider--view-line elementor-widget elementor-widget-divider\" data-id=\"b6dcc93\" data-element_type=\"widget\" data-e-type=\"widget\" data-widget_type=\"divider.default\">\n\t\t\t\t<div class=\"elementor-widget-container\">\n\t\t\t\t\t\t\t<div class=\"elementor-divider\">\n\t\t\t<span class=\"elementor-divider-separator\">\n\t\t\t\t\t\t<\/span>\n\t\t<\/div>\n\t\t\t\t\t\t<\/div>\n\t\t\t\t<\/div>\n\t\t\t\t<div class=\"elementor-element elementor-element-7afbbbd3 elementor-hidden-tablet elementor-hidden-phone elementor-widget elementor-widget-text-editor\" data-id=\"7afbbbd3\" data-element_type=\"widget\" data-e-type=\"widget\" data-widget_type=\"text-editor.default\">\n\t\t\t\t<div class=\"elementor-widget-container\">\n\t\t\t\t\t\t\t\t\t<p>Halten Sie die Maus \u00fcber die Symbole, um Bilder der R\u00e4ume zu sehen<\/p>\t\t\t\t\t\t\t\t<\/div>\n\t\t\t\t<\/div>\n\t\t\t\t\t<\/div>\n\t\t<\/div>\n\t\t\t\t<div class=\"elementor-column elementor-col-50 elementor-top-column elementor-element elementor-element-6919bdb1\" data-id=\"6919bdb1\" data-element_type=\"column\" data-e-type=\"column\">\n\t\t\t<div class=\"elementor-widget-wrap elementor-element-populated\">\n\t\t\t\t\t\t<div class=\"elementor-element elementor-element-1f848f81 elementor-hidden-tablet elementor-hidden-phone elementor-widget elementor-widget-shortcode\" data-id=\"1f848f81\" data-element_type=\"widget\" data-e-type=\"widget\" data-widget_type=\"shortcode.default\">\n\t\t\t\t<div class=\"elementor-widget-container\">\n\t\t\t\t\t\t\t<div class=\"elementor-shortcode\">\t<div class=\"wrap_svl_center\">\r\n\t<div class=\"wrap_svl_center_box\">\r\n\t<div class=\"wrap_svl\" id=\"body_drag_7815\">\r\n\t\t<div class=\"images_wrap\">\r\n                            <img decoding=\"async\" src=\"https:\/\/agriturismouliveta.it\/agriturismo-gardasee\/wp-content\/uploads\/2021\/03\/9-agriturismo-gardasee-uliveta-ferienwohnung-edera-grundriss.png\" alt=\"Grundriss der Ferienwohng Edera\">\r\n            \t\t<\/div>\t\r\n\t\t \t\t \t\t <div class=\"drag_element tips \" style=\"top:10.18%;left:11.55%;\" >\r\n\t\t \t<div class=\"point_style  ihotspot_tooltop_html\" data-placement=\"n\" data-html=\"\t\t \t\t\t                  &lt;div class=&quot;box_view_html&quot;&gt;\r\n\t\t\t\t\t&lt;span class=&quot;close_ihp&quot;&gt;\r\n\t\t\t\t\t\t&lt;svg version=&quot;1.1&quot; xmlns=&quot;http:\/\/www.w3.org\/2000\/svg&quot; xmlns:xlink=&quot;http:\/\/www.w3.org\/1999\/xlink&quot; x=&quot;0px&quot; y=&quot;0px&quot; viewBox=&quot;0 0 1000 1000&quot; enable-background=&quot;new 0 0 1000 1000&quot; xml:space=&quot;preserve&quot;&gt;&lt;g&gt;&lt;path d=&quot;M153.7,153.7C57.9,249.5,10,365.3,10,499c0,135.7,47.9,251.5,143.7,347.3l0,0C249.5,942.1,363.3,990,499,990c135.7,0,251.5-47.9,347.3-143.7C942.1,750.5,990,634.7,990,499c0-135.7-47.9-249.5-143.7-345.3l0,0C750.5,57.9,634.7,10,499,10C365.3,10,249.5,57.9,153.7,153.7z M209.6,211.6l2-2C289.4,129.7,387.2,89.8,499,89.8c113.8,0,209.6,39.9,291.4,121.8c79.8,77.8,119.8,175.6,119.8,287.4c0,113.8-39.9,209.6-119.8,291.4C708.6,870.3,612.8,910.2,499,910.2c-111.8,0-209.6-39.9-287.4-119.8C129.8,708.6,89.8,612.8,89.8,499C89.8,387.2,129.8,289.4,209.6,211.6z&quot;\/&gt;&lt;path d=&quot;M293.4,331.3c0,12,4,22,12,29.9L443.1,497L305.4,632.7c-8,8-12,18-12,29.9c0,10,4,18,12,26c8,8,18,12,28,12c12,0,20-4,27.9-10L499,552.9l135.7,137.7c8,6,16,10,28,10c12,0,21.9-4,27.9-10c8-8,12-18,12-28c0-12-4-21.9-12-29.9L554.9,497l135.7-135.7c8-8,12-18,12-27.9c0-12-4-22-12-29.9c-6-8-16-12-25.9-12c-12,0-21.9,4-29.9,12L499,441.1L363.3,303.4c-8-8-18-12-29.9-12c-10,0-20,4-28,12C297.4,311.4,293.4,321.4,293.4,331.3z&quot;\/&gt;&lt;\/g&gt;&lt;\/svg&gt;&lt;\/span&gt;\r\n\t\t\t\t\t\t&lt;p&gt;&lt;a href=&quot;https:\/\/agriturismouliveta.it\/agriturismo-gardasee\/wp-content\/uploads\/2021\/03\/agriturismo-uliveta-lagodigarda-app-9-edera-31.jpg&quot; data-rel=&quot;lightbox-image-0&quot; data-magnific_type=&quot;image&quot; data-rl_title=&quot;&quot; data-rl_caption=&quot;&quot; title=&quot;&quot;&gt;&lt;img fetchpriority=&quot;high&quot; decoding=&quot;async&quot; class=&quot;aligncenter size-large wp-image-7151&quot; src=&quot;https:\/\/agriturismouliveta.it\/agriturismo-gardasee\/wp-content\/uploads\/2021\/03\/agriturismo-uliveta-lagodigarda-app-9-edera-31-550x367.jpg&quot; alt=&quot;&quot; width=&quot;550&quot; height=&quot;367&quot; srcset=&quot;https:\/\/agriturismouliveta.it\/agriturismo-gardasee\/wp-content\/uploads\/2021\/03\/agriturismo-uliveta-lagodigarda-app-9-edera-31-550x367.jpg 550w, https:\/\/agriturismouliveta.it\/agriturismo-gardasee\/wp-content\/uploads\/2021\/03\/agriturismo-uliveta-lagodigarda-app-9-edera-31-300x200.jpg 300w, https:\/\/agriturismouliveta.it\/agriturismo-gardasee\/wp-content\/uploads\/2021\/03\/agriturismo-uliveta-lagodigarda-app-9-edera-31-768x512.jpg 768w, https:\/\/agriturismouliveta.it\/agriturismo-gardasee\/wp-content\/uploads\/2021\/03\/agriturismo-uliveta-lagodigarda-app-9-edera-31.jpg 1400w&quot; sizes=&quot;(max-width: 550px) 100vw, 550px&quot; \/&gt;&lt;\/a&gt;&lt;\/p&gt;\n\t\t\t\t\t&lt;\/div&gt;\r\n\t\t\t \t\t \t\t \">\r\n\t\t \t\t<a href=\"https:\/\/agriturismouliveta.it\/agriturismo-gardasee\/wp-content\/uploads\/2021\/03\/agriturismo-uliveta-lagodigarda-app-9-edera-31.jpg\" title=\"\" target=\"_self\" data-rel=\"lightbox-image-0\" data-magnific_type=\"image\" data-rl_title=\"\" data-rl_caption=\"\">\t\t\t \t\t\t\t\t \t\t<img decoding=\"async\" src=\"https:\/\/agriturismouliveta.it\/agriturismo-gardasee\/wp-content\/uploads\/2021\/02\/occhio-25px.png\" class=\"pins_image ihotspot_hastooltop\" style=\"top:-12.5px;left:-12.5px\" alt=\"\">\r\n\t\t\t \t\t\t\t \t\t<\/a>\t\t \t<\/div>\r\n\t\t <\/div>\r\n\t\t \t\t <div class=\"drag_element tips \" style=\"top:24.46%;left:38.03%;\" >\r\n\t\t \t<div class=\"point_style  ihotspot_tooltop_html\" data-placement=\"n\" data-html=\"\t\t \t\t\t                  &lt;div class=&quot;box_view_html&quot;&gt;\r\n\t\t\t\t\t&lt;span class=&quot;close_ihp&quot;&gt;\r\n\t\t\t\t\t\t&lt;svg version=&quot;1.1&quot; xmlns=&quot;http:\/\/www.w3.org\/2000\/svg&quot; xmlns:xlink=&quot;http:\/\/www.w3.org\/1999\/xlink&quot; x=&quot;0px&quot; y=&quot;0px&quot; viewBox=&quot;0 0 1000 1000&quot; enable-background=&quot;new 0 0 1000 1000&quot; xml:space=&quot;preserve&quot;&gt;&lt;g&gt;&lt;path d=&quot;M153.7,153.7C57.9,249.5,10,365.3,10,499c0,135.7,47.9,251.5,143.7,347.3l0,0C249.5,942.1,363.3,990,499,990c135.7,0,251.5-47.9,347.3-143.7C942.1,750.5,990,634.7,990,499c0-135.7-47.9-249.5-143.7-345.3l0,0C750.5,57.9,634.7,10,499,10C365.3,10,249.5,57.9,153.7,153.7z M209.6,211.6l2-2C289.4,129.7,387.2,89.8,499,89.8c113.8,0,209.6,39.9,291.4,121.8c79.8,77.8,119.8,175.6,119.8,287.4c0,113.8-39.9,209.6-119.8,291.4C708.6,870.3,612.8,910.2,499,910.2c-111.8,0-209.6-39.9-287.4-119.8C129.8,708.6,89.8,612.8,89.8,499C89.8,387.2,129.8,289.4,209.6,211.6z&quot;\/&gt;&lt;path d=&quot;M293.4,331.3c0,12,4,22,12,29.9L443.1,497L305.4,632.7c-8,8-12,18-12,29.9c0,10,4,18,12,26c8,8,18,12,28,12c12,0,20-4,27.9-10L499,552.9l135.7,137.7c8,6,16,10,28,10c12,0,21.9-4,27.9-10c8-8,12-18,12-28c0-12-4-21.9-12-29.9L554.9,497l135.7-135.7c8-8,12-18,12-27.9c0-12-4-22-12-29.9c-6-8-16-12-25.9-12c-12,0-21.9,4-29.9,12L499,441.1L363.3,303.4c-8-8-18-12-29.9-12c-10,0-20,4-28,12C297.4,311.4,293.4,321.4,293.4,331.3z&quot;\/&gt;&lt;\/g&gt;&lt;\/svg&gt;&lt;\/span&gt;\r\n\t\t\t\t\t\t&lt;p&gt;&lt;a href=&quot;https:\/\/agriturismouliveta.it\/agriturismo-gardasee\/wp-content\/uploads\/2021\/03\/agriturismo-uliveta-lagodigarda-app-9-edera-36.jpg&quot; data-rel=&quot;lightbox-image-0&quot; data-magnific_type=&quot;image&quot; data-rl_title=&quot;&quot; data-rl_caption=&quot;&quot; title=&quot;&quot;&gt;&lt;img decoding=&quot;async&quot; class=&quot;aligncenter size-large wp-image-7156&quot; src=&quot;https:\/\/agriturismouliveta.it\/agriturismo-gardasee\/wp-content\/uploads\/2021\/03\/agriturismo-uliveta-lagodigarda-app-9-edera-36-550x367.jpg&quot; alt=&quot;&quot; width=&quot;550&quot; height=&quot;367&quot; srcset=&quot;https:\/\/agriturismouliveta.it\/agriturismo-gardasee\/wp-content\/uploads\/2021\/03\/agriturismo-uliveta-lagodigarda-app-9-edera-36-550x367.jpg 550w, https:\/\/agriturismouliveta.it\/agriturismo-gardasee\/wp-content\/uploads\/2021\/03\/agriturismo-uliveta-lagodigarda-app-9-edera-36-300x200.jpg 300w, https:\/\/agriturismouliveta.it\/agriturismo-gardasee\/wp-content\/uploads\/2021\/03\/agriturismo-uliveta-lagodigarda-app-9-edera-36-768x512.jpg 768w, https:\/\/agriturismouliveta.it\/agriturismo-gardasee\/wp-content\/uploads\/2021\/03\/agriturismo-uliveta-lagodigarda-app-9-edera-36.jpg 1400w&quot; sizes=&quot;(max-width: 550px) 100vw, 550px&quot; \/&gt;&lt;\/a&gt;&lt;\/p&gt;\n\t\t\t\t\t&lt;\/div&gt;\r\n\t\t\t \t\t \t\t \">\r\n\t\t \t\t<a href=\"https:\/\/agriturismouliveta.it\/agriturismo-gardasee\/wp-content\/uploads\/2021\/03\/agriturismo-uliveta-lagodigarda-app-9-edera-36.jpg\" title=\"\" target=\"_self\" data-rel=\"lightbox-image-1\" data-magnific_type=\"image\" data-rl_title=\"\" data-rl_caption=\"\">\t\t\t \t\t\t\t\t \t\t<img decoding=\"async\" src=\"https:\/\/agriturismouliveta.it\/agriturismo-gardasee\/wp-content\/uploads\/2021\/02\/occhio-25px.png\" class=\"pins_image ihotspot_hastooltop\" style=\"top:-12.5px;left:-12.5px\" alt=\"\">\r\n\t\t\t \t\t\t\t \t\t<\/a>\t\t \t<\/div>\r\n\t\t <\/div>\r\n\t\t \t\t <div class=\"drag_element tips \" style=\"top:71.25%;left:52.73%;\" >\r\n\t\t \t<div class=\"point_style  ihotspot_tooltop_html\" data-placement=\"n\" data-html=\"\t\t \t\t\t                  &lt;div class=&quot;box_view_html&quot;&gt;\r\n\t\t\t\t\t&lt;span class=&quot;close_ihp&quot;&gt;\r\n\t\t\t\t\t\t&lt;svg version=&quot;1.1&quot; xmlns=&quot;http:\/\/www.w3.org\/2000\/svg&quot; xmlns:xlink=&quot;http:\/\/www.w3.org\/1999\/xlink&quot; x=&quot;0px&quot; y=&quot;0px&quot; viewBox=&quot;0 0 1000 1000&quot; enable-background=&quot;new 0 0 1000 1000&quot; xml:space=&quot;preserve&quot;&gt;&lt;g&gt;&lt;path d=&quot;M153.7,153.7C57.9,249.5,10,365.3,10,499c0,135.7,47.9,251.5,143.7,347.3l0,0C249.5,942.1,363.3,990,499,990c135.7,0,251.5-47.9,347.3-143.7C942.1,750.5,990,634.7,990,499c0-135.7-47.9-249.5-143.7-345.3l0,0C750.5,57.9,634.7,10,499,10C365.3,10,249.5,57.9,153.7,153.7z M209.6,211.6l2-2C289.4,129.7,387.2,89.8,499,89.8c113.8,0,209.6,39.9,291.4,121.8c79.8,77.8,119.8,175.6,119.8,287.4c0,113.8-39.9,209.6-119.8,291.4C708.6,870.3,612.8,910.2,499,910.2c-111.8,0-209.6-39.9-287.4-119.8C129.8,708.6,89.8,612.8,89.8,499C89.8,387.2,129.8,289.4,209.6,211.6z&quot;\/&gt;&lt;path d=&quot;M293.4,331.3c0,12,4,22,12,29.9L443.1,497L305.4,632.7c-8,8-12,18-12,29.9c0,10,4,18,12,26c8,8,18,12,28,12c12,0,20-4,27.9-10L499,552.9l135.7,137.7c8,6,16,10,28,10c12,0,21.9-4,27.9-10c8-8,12-18,12-28c0-12-4-21.9-12-29.9L554.9,497l135.7-135.7c8-8,12-18,12-27.9c0-12-4-22-12-29.9c-6-8-16-12-25.9-12c-12,0-21.9,4-29.9,12L499,441.1L363.3,303.4c-8-8-18-12-29.9-12c-10,0-20,4-28,12C297.4,311.4,293.4,321.4,293.4,331.3z&quot;\/&gt;&lt;\/g&gt;&lt;\/svg&gt;&lt;\/span&gt;\r\n\t\t\t\t\t\t&lt;p&gt;&lt;a href=&quot;https:\/\/agriturismouliveta.it\/agriturismo-gardasee\/wp-content\/uploads\/2021\/03\/agriturismo-uliveta-lagodigarda-app-9-edera-01.jpg&quot; data-rel=&quot;lightbox-image-0&quot; data-magnific_type=&quot;image&quot; data-rl_title=&quot;&quot; data-rl_caption=&quot;&quot; title=&quot;&quot;&gt;&lt;img decoding=&quot;async&quot; class=&quot;aligncenter size-large wp-image-7122&quot; src=&quot;https:\/\/agriturismouliveta.it\/agriturismo-gardasee\/wp-content\/uploads\/2021\/03\/agriturismo-uliveta-lagodigarda-app-9-edera-01-550x367.jpg&quot; alt=&quot;&quot; width=&quot;550&quot; height=&quot;367&quot; srcset=&quot;https:\/\/agriturismouliveta.it\/agriturismo-gardasee\/wp-content\/uploads\/2021\/03\/agriturismo-uliveta-lagodigarda-app-9-edera-01-550x367.jpg 550w, https:\/\/agriturismouliveta.it\/agriturismo-gardasee\/wp-content\/uploads\/2021\/03\/agriturismo-uliveta-lagodigarda-app-9-edera-01-300x200.jpg 300w, https:\/\/agriturismouliveta.it\/agriturismo-gardasee\/wp-content\/uploads\/2021\/03\/agriturismo-uliveta-lagodigarda-app-9-edera-01-768x512.jpg 768w, https:\/\/agriturismouliveta.it\/agriturismo-gardasee\/wp-content\/uploads\/2021\/03\/agriturismo-uliveta-lagodigarda-app-9-edera-01.jpg 1400w&quot; sizes=&quot;(max-width: 550px) 100vw, 550px&quot; \/&gt;&lt;\/a&gt;&lt;\/p&gt;\n\t\t\t\t\t&lt;\/div&gt;\r\n\t\t\t \t\t \t\t \">\r\n\t\t \t\t<a href=\"https:\/\/agriturismouliveta.it\/agriturismo-gardasee\/wp-content\/uploads\/2021\/03\/agriturismo-uliveta-lagodigarda-app-9-edera-01.jpg\" title=\"\" target=\"_self\" data-rel=\"lightbox-image-2\" data-magnific_type=\"image\" data-rl_title=\"\" data-rl_caption=\"\">\t\t\t \t\t\t\t\t \t\t<img decoding=\"async\" src=\"https:\/\/agriturismouliveta.it\/agriturismo-gardasee\/wp-content\/uploads\/2021\/02\/occhio-25px.png\" class=\"pins_image ihotspot_hastooltop\" style=\"top:-12.5px;left:-12.5px\" alt=\"\">\r\n\t\t\t \t\t\t\t \t\t<\/a>\t\t \t<\/div>\r\n\t\t <\/div>\r\n\t\t \t\t <div class=\"drag_element tips \" style=\"top:41.96%;left:92.12%;\" >\r\n\t\t \t<div class=\"point_style  ihotspot_tooltop_html\" data-placement=\"n\" data-html=\"\t\t \t\t\t                  &lt;div class=&quot;box_view_html&quot;&gt;\r\n\t\t\t\t\t&lt;span class=&quot;close_ihp&quot;&gt;\r\n\t\t\t\t\t\t&lt;svg version=&quot;1.1&quot; xmlns=&quot;http:\/\/www.w3.org\/2000\/svg&quot; xmlns:xlink=&quot;http:\/\/www.w3.org\/1999\/xlink&quot; x=&quot;0px&quot; y=&quot;0px&quot; viewBox=&quot;0 0 1000 1000&quot; enable-background=&quot;new 0 0 1000 1000&quot; xml:space=&quot;preserve&quot;&gt;&lt;g&gt;&lt;path d=&quot;M153.7,153.7C57.9,249.5,10,365.3,10,499c0,135.7,47.9,251.5,143.7,347.3l0,0C249.5,942.1,363.3,990,499,990c135.7,0,251.5-47.9,347.3-143.7C942.1,750.5,990,634.7,990,499c0-135.7-47.9-249.5-143.7-345.3l0,0C750.5,57.9,634.7,10,499,10C365.3,10,249.5,57.9,153.7,153.7z M209.6,211.6l2-2C289.4,129.7,387.2,89.8,499,89.8c113.8,0,209.6,39.9,291.4,121.8c79.8,77.8,119.8,175.6,119.8,287.4c0,113.8-39.9,209.6-119.8,291.4C708.6,870.3,612.8,910.2,499,910.2c-111.8,0-209.6-39.9-287.4-119.8C129.8,708.6,89.8,612.8,89.8,499C89.8,387.2,129.8,289.4,209.6,211.6z&quot;\/&gt;&lt;path d=&quot;M293.4,331.3c0,12,4,22,12,29.9L443.1,497L305.4,632.7c-8,8-12,18-12,29.9c0,10,4,18,12,26c8,8,18,12,28,12c12,0,20-4,27.9-10L499,552.9l135.7,137.7c8,6,16,10,28,10c12,0,21.9-4,27.9-10c8-8,12-18,12-28c0-12-4-21.9-12-29.9L554.9,497l135.7-135.7c8-8,12-18,12-27.9c0-12-4-22-12-29.9c-6-8-16-12-25.9-12c-12,0-21.9,4-29.9,12L499,441.1L363.3,303.4c-8-8-18-12-29.9-12c-10,0-20,4-28,12C297.4,311.4,293.4,321.4,293.4,331.3z&quot;\/&gt;&lt;\/g&gt;&lt;\/svg&gt;&lt;\/span&gt;\r\n\t\t\t\t\t\t&lt;p&gt;&lt;a href=&quot;https:\/\/agriturismouliveta.it\/agriturismo-gardasee\/wp-content\/uploads\/2021\/03\/agriturismo-uliveta-lagodigarda-app-9-edera-16.jpg&quot; data-rel=&quot;lightbox-image-0&quot; data-magnific_type=&quot;image&quot; data-rl_title=&quot;&quot; data-rl_caption=&quot;&quot; title=&quot;&quot;&gt;&lt;img loading=&quot;lazy&quot; decoding=&quot;async&quot; class=&quot;aligncenter size-large wp-image-7137&quot; src=&quot;https:\/\/agriturismouliveta.it\/agriturismo-gardasee\/wp-content\/uploads\/2021\/03\/agriturismo-uliveta-lagodigarda-app-9-edera-16-550x367.jpg&quot; alt=&quot;&quot; width=&quot;550&quot; height=&quot;367&quot; srcset=&quot;https:\/\/agriturismouliveta.it\/agriturismo-gardasee\/wp-content\/uploads\/2021\/03\/agriturismo-uliveta-lagodigarda-app-9-edera-16-550x367.jpg 550w, https:\/\/agriturismouliveta.it\/agriturismo-gardasee\/wp-content\/uploads\/2021\/03\/agriturismo-uliveta-lagodigarda-app-9-edera-16-300x200.jpg 300w, https:\/\/agriturismouliveta.it\/agriturismo-gardasee\/wp-content\/uploads\/2021\/03\/agriturismo-uliveta-lagodigarda-app-9-edera-16-768x512.jpg 768w, https:\/\/agriturismouliveta.it\/agriturismo-gardasee\/wp-content\/uploads\/2021\/03\/agriturismo-uliveta-lagodigarda-app-9-edera-16.jpg 1400w&quot; sizes=&quot;(max-width: 550px) 100vw, 550px&quot; \/&gt;&lt;\/a&gt;&lt;\/p&gt;\n\t\t\t\t\t&lt;\/div&gt;\r\n\t\t\t \t\t \t\t \">\r\n\t\t \t\t<a href=\"https:\/\/agriturismouliveta.it\/agriturismo-gardasee\/wp-content\/uploads\/2021\/03\/agriturismo-uliveta-lagodigarda-app-9-edera-16.jpg\" title=\"\" target=\"_self\" data-rel=\"lightbox-image-3\" data-magnific_type=\"image\" data-rl_title=\"\" data-rl_caption=\"\">\t\t\t \t\t\t\t\t \t\t<img decoding=\"async\" src=\"https:\/\/agriturismouliveta.it\/agriturismo-gardasee\/wp-content\/uploads\/2021\/02\/occhio-25px.png\" class=\"pins_image ihotspot_hastooltop\" style=\"top:-12.5px;left:-12.5px\" alt=\"\">\r\n\t\t\t \t\t\t\t \t\t<\/a>\t\t \t<\/div>\r\n\t\t <\/div>\r\n\t\t \t\t \r\n\t\t  \t\t \t\r\n\t <\/div>\r\n\t <\/div>\r\n\t <\/div>\r\n\t<\/div>\n\t\t\t\t\t\t<\/div>\n\t\t\t\t<\/div>\n\t\t\t\t<div class=\"elementor-element elementor-element-66f5466a elementor-hidden-desktop elementor-widget elementor-widget-image\" data-id=\"66f5466a\" data-element_type=\"widget\" data-e-type=\"widget\" data-widget_type=\"image.default\">\n\t\t\t\t<div class=\"elementor-widget-container\">\n\t\t\t\t\t\t\t\t\t\t\t\t\t\t\t<img loading=\"lazy\" decoding=\"async\" width=\"550\" height=\"324\" src=\"https:\/\/agriturismouliveta.it\/agriturismo-gardasee\/wp-content\/uploads\/2021\/03\/9-agriturismo-gardasee-uliveta-ferienwohnung-edera-grundriss-550x324.png\" class=\"attachment-large size-large wp-image-7816\" alt=\"Grundriss der Ferienwohng Edera\" srcset=\"https:\/\/agriturismouliveta.it\/agriturismo-gardasee\/wp-content\/uploads\/2021\/03\/9-agriturismo-gardasee-uliveta-ferienwohnung-edera-grundriss-550x324.png 550w, https:\/\/agriturismouliveta.it\/agriturismo-gardasee\/wp-content\/uploads\/2021\/03\/9-agriturismo-gardasee-uliveta-ferienwohnung-edera-grundriss-300x176.png 300w, https:\/\/agriturismouliveta.it\/agriturismo-gardasee\/wp-content\/uploads\/2021\/03\/9-agriturismo-gardasee-uliveta-ferienwohnung-edera-grundriss-768x452.png 768w, https:\/\/agriturismouliveta.it\/agriturismo-gardasee\/wp-content\/uploads\/2021\/03\/9-agriturismo-gardasee-uliveta-ferienwohnung-edera-grundriss.png 952w\" sizes=\"(max-width: 550px) 100vw, 550px\" \/>\t\t\t\t\t\t\t\t\t\t\t\t\t\t\t<\/div>\n\t\t\t\t<\/div>\n\t\t\t\t\t<\/div>\n\t\t<\/div>\n\t\t\t\t\t<\/div>\n\t\t<\/section>\n\t\t\t\t<section class=\"elementor-section elementor-top-section elementor-element elementor-element-24c54f8a elementor-section-boxed elementor-section-height-default elementor-section-height-default\" data-id=\"24c54f8a\" data-element_type=\"section\" data-e-type=\"section\">\n\t\t\t\t\t\t<div class=\"elementor-container elementor-column-gap-default\">\n\t\t\t\t\t<div class=\"elementor-column elementor-col-100 elementor-top-column elementor-element elementor-element-790d2304\" data-id=\"790d2304\" data-element_type=\"column\" data-e-type=\"column\">\n\t\t\t<div class=\"elementor-widget-wrap elementor-element-populated\">\n\t\t\t\t\t\t<div class=\"elementor-element elementor-element-331d1767 elementor-widget elementor-widget-heading\" data-id=\"331d1767\" data-element_type=\"widget\" data-e-type=\"widget\" data-widget_type=\"heading.default\">\n\t\t\t\t<div class=\"elementor-widget-container\">\n\t\t\t\t\t<h2 class=\"elementor-heading-title elementor-size-default\">Kapazit\u00e4t<\/h2>\t\t\t\t<\/div>\n\t\t\t\t<\/div>\n\t\t\t\t<div class=\"elementor-element elementor-element-5e028ffe elementor-widget-divider--view-line elementor-widget elementor-widget-divider\" data-id=\"5e028ffe\" data-element_type=\"widget\" data-e-type=\"widget\" data-widget_type=\"divider.default\">\n\t\t\t\t<div class=\"elementor-widget-container\">\n\t\t\t\t\t\t\t<div class=\"elementor-divider\">\n\t\t\t<span class=\"elementor-divider-separator\">\n\t\t\t\t\t\t<\/span>\n\t\t<\/div>\n\t\t\t\t\t\t<\/div>\n\t\t\t\t<\/div>\n\t\t\t\t<div class=\"elementor-element elementor-element-108ebd5 elementor-widget elementor-widget-html\" data-id=\"108ebd5\" data-element_type=\"widget\" data-e-type=\"widget\" data-widget_type=\"html.default\">\n\t\t\t\t<div class=\"elementor-widget-container\">\n\t\t\t\t\t<table class=\"tabfeatures\" summary=\"Ferienwohnung Gardasee 50qm\"><colgroup> <col width=\"40%\"> <\/col> <col width=\"60%\"> <\/col><\/colgroup>\r\n<tbody>\r\n<tr>\r\n<td>Wohnfl\u00e4cke QM<\/td>\r\n<td>50<\/td>\r\n<\/tr>\r\n<tr>\r\n<td>Belegung standard<\/td>\r\n<td>2 Personen<\/td>\r\n<\/tr>\r\n<tr>\r\n<td>Belegung max.<\/td>\r\n<td>4 Personen<\/td>\r\n<\/tr>\r\n<\/tbody>\r\n<\/table>\t\t\t\t<\/div>\n\t\t\t\t<\/div>\n\t\t\t\t\t<\/div>\n\t\t<\/div>\n\t\t\t\t\t<\/div>\n\t\t<\/section>\n\t\t\t\t<section class=\"elementor-section elementor-top-section elementor-element elementor-element-5fcd3728 elementor-section-boxed elementor-section-height-default elementor-section-height-default\" data-id=\"5fcd3728\" data-element_type=\"section\" data-e-type=\"section\">\n\t\t\t\t\t\t<div class=\"elementor-container elementor-column-gap-default\">\n\t\t\t\t\t<div class=\"elementor-column elementor-col-100 elementor-top-column elementor-element elementor-element-55a038c7\" data-id=\"55a038c7\" data-element_type=\"column\" data-e-type=\"column\">\n\t\t\t<div class=\"elementor-widget-wrap elementor-element-populated\">\n\t\t\t\t\t\t<div class=\"elementor-element elementor-element-7119887f elementor-widget elementor-widget-heading\" data-id=\"7119887f\" data-element_type=\"widget\" data-e-type=\"widget\" data-widget_type=\"heading.default\">\n\t\t\t\t<div class=\"elementor-widget-container\">\n\t\t\t\t\t<h2 class=\"elementor-heading-title elementor-size-default\">R\u00e4ume<\/h2>\t\t\t\t<\/div>\n\t\t\t\t<\/div>\n\t\t\t\t<div class=\"elementor-element elementor-element-5e358e9b elementor-widget-divider--view-line elementor-widget elementor-widget-divider\" data-id=\"5e358e9b\" data-element_type=\"widget\" data-e-type=\"widget\" data-widget_type=\"divider.default\">\n\t\t\t\t<div class=\"elementor-widget-container\">\n\t\t\t\t\t\t\t<div class=\"elementor-divider\">\n\t\t\t<span class=\"elementor-divider-separator\">\n\t\t\t\t\t\t<\/span>\n\t\t<\/div>\n\t\t\t\t\t\t<\/div>\n\t\t\t\t<\/div>\n\t\t\t\t<div class=\"elementor-element elementor-element-8cbe812 elementor-widget elementor-widget-html\" data-id=\"8cbe812\" data-element_type=\"widget\" data-e-type=\"widget\" data-widget_type=\"html.default\">\n\t\t\t\t<div class=\"elementor-widget-container\">\n\t\t\t\t\t<table class=\"tabfeatures\" summary=\"Zwei-Zimmer-Wohnung Gardasee \"><colgroup> <col width=\"40%\"> <\/col> <col width=\"60%\"> <\/col><\/colgroup>\r\n<tbody>\r\n<tr>\r\n<td>Wohnzimmer<\/td>\r\n<td>Schlafsofa<br>\r\nTisch mit 4 Stuhle<br>\r\nTV-Sat<\/td>\r\n<\/tr>\r\n<tr>\r\n<td>Kochnische<\/td>\r\n<td>4 Kochplaten (Gas)<br>\r\nGasofen<br>\r\nK\u00fchlschrank m. Gefrierfach<br>\r\nKaffemaschine<br>Toaster<br>Wasserkocher<\/td>\r\n<\/tr>\r\n<tr>\r\n<td>Schlafzimmer<\/td>\r\n<td>1 x Doppelbett<\/td>\r\n<\/tr>\r\n<tr>\r\n<td>Badezimmer<\/td>\r\n<td>Du-Wc<br>\r\nBidet<br>\r\nWaschbecken<\/td>\r\n<\/tr>\r\n<tr>\r\n<td>Terrasse<\/td>\r\n<td>Tisch mit 4-6 Stuhle<\/td>\r\n<\/tr>\r\n<\/tbody>\r\n<\/table>\t\t\t\t<\/div>\n\t\t\t\t<\/div>\n\t\t\t\t\t<\/div>\n\t\t<\/div>\n\t\t\t\t\t<\/div>\n\t\t<\/section>\n\t\t\t\t<section class=\"elementor-section elementor-top-section elementor-element elementor-element-425465e1 elementor-section-boxed elementor-section-height-default elementor-section-height-default\" data-id=\"425465e1\" data-element_type=\"section\" data-e-type=\"section\">\n\t\t\t\t\t\t<div class=\"elementor-container elementor-column-gap-default\">\n\t\t\t\t\t<div class=\"elementor-column elementor-col-100 elementor-top-column elementor-element elementor-element-273b0cc0\" data-id=\"273b0cc0\" data-element_type=\"column\" data-e-type=\"column\">\n\t\t\t<div class=\"elementor-widget-wrap elementor-element-populated\">\n\t\t\t\t\t\t<div class=\"elementor-element elementor-element-42624701 elementor-widget elementor-widget-heading\" data-id=\"42624701\" data-element_type=\"widget\" data-e-type=\"widget\" data-widget_type=\"heading.default\">\n\t\t\t\t<div class=\"elementor-widget-container\">\n\t\t\t\t\t<h2 class=\"elementor-heading-title elementor-size-default\">Schlafpl\u00e4tze<\/h2>\t\t\t\t<\/div>\n\t\t\t\t<\/div>\n\t\t\t\t<div class=\"elementor-element elementor-element-320fd48 elementor-widget-divider--view-line elementor-widget elementor-widget-divider\" data-id=\"320fd48\" data-element_type=\"widget\" data-e-type=\"widget\" data-widget_type=\"divider.default\">\n\t\t\t\t<div class=\"elementor-widget-container\">\n\t\t\t\t\t\t\t<div class=\"elementor-divider\">\n\t\t\t<span class=\"elementor-divider-separator\">\n\t\t\t\t\t\t<\/span>\n\t\t<\/div>\n\t\t\t\t\t\t<\/div>\n\t\t\t\t<\/div>\n\t\t\t\t<div class=\"elementor-element elementor-element-7efa6e4 elementor-widget elementor-widget-html\" data-id=\"7efa6e4\" data-element_type=\"widget\" data-e-type=\"widget\" data-widget_type=\"html.default\">\n\t\t\t\t<div class=\"elementor-widget-container\">\n\t\t\t\t\t<table class=\"tabfeatures\" summary=\"Ferienwohnung Gardasee 50qm\"><colgroup> <col width=\"40%\"> <\/col> <col width=\"60%\"> <\/col><\/colgroup>\r\n<tbody>\r\n<tr>\r\n<td>Doppelbett<\/td>\r\n<td>2 Personen<\/td>\r\n<\/tr>\r\n<tr>\r\n<td>Schlafcouch<\/td>\r\n<td>2 Personen<\/td>\r\n<\/tr>\r\n<\/tbody>\r\n<\/table>\t\t\t\t<\/div>\n\t\t\t\t<\/div>\n\t\t\t\t\t<\/div>\n\t\t<\/div>\n\t\t\t\t\t<\/div>\n\t\t<\/section>\n\t\t\t\t<section class=\"elementor-section elementor-top-section elementor-element elementor-element-ffa9e21 elementor-section-stretched elementor-section-full_width elementor-section-height-default elementor-section-height-default\" data-id=\"ffa9e21\" data-element_type=\"section\" data-e-type=\"section\" data-settings=\"{&quot;stretch_section&quot;:&quot;section-stretched&quot;,&quot;background_background&quot;:&quot;classic&quot;}\">\n\t\t\t\t\t\t\t<div class=\"elementor-background-overlay\"><\/div>\n\t\t\t\t\t\t\t<div class=\"elementor-container elementor-column-gap-default\">\n\t\t\t\t\t<div class=\"elementor-column elementor-col-100 elementor-top-column elementor-element elementor-element-409dfa74\" data-id=\"409dfa74\" data-element_type=\"column\" data-e-type=\"column\">\n\t\t\t<div class=\"elementor-widget-wrap elementor-element-populated\">\n\t\t\t\t\t\t<div class=\"elementor-element elementor-element-a9d9a59 elementor-widget elementor-widget-heading\" data-id=\"a9d9a59\" data-element_type=\"widget\" data-e-type=\"widget\" data-widget_type=\"heading.default\">\n\t\t\t\t<div class=\"elementor-widget-container\">\n\t\t\t\t\t<h2 class=\"elementor-heading-title elementor-size-default\">Fotogallerie<\/h2>\t\t\t\t<\/div>\n\t\t\t\t<\/div>\n\t\t\t\t<div class=\"elementor-element elementor-element-576fe696 elementor-widget-divider--view-line elementor-widget elementor-widget-divider\" data-id=\"576fe696\" data-element_type=\"widget\" data-e-type=\"widget\" data-widget_type=\"divider.default\">\n\t\t\t\t<div class=\"elementor-widget-container\">\n\t\t\t\t\t\t\t<div class=\"elementor-divider\">\n\t\t\t<span class=\"elementor-divider-separator\">\n\t\t\t\t\t\t<\/span>\n\t\t<\/div>\n\t\t\t\t\t\t<\/div>\n\t\t\t\t<\/div>\n\t\t\t\t<div class=\"elementor-element elementor-element-4abd7788 elementor-hidden-phone elementor-widget elementor-widget-shortcode\" data-id=\"4abd7788\" data-element_type=\"widget\" data-e-type=\"widget\" data-widget_type=\"shortcode.default\">\n\t\t\t\t<div class=\"elementor-widget-container\">\n\t\t\t\t\t\t\t<div class=\"elementor-shortcode\"><div class=\"rl-gallery-container rl-loading\" id=\"rl-gallery-container-1\" data-gallery_id=\"7817\"> <div class=\"rl-gallery rl-basicgrid-gallery rl-hover-effect-1 rl-hover-icon-9\" id=\"rl-gallery-1\" data-gallery_no=\"1\"> <div class=\"rl-gallery-item\"><a href=\"https:\/\/agriturismouliveta.it\/agriturismo-gardasee\/wp-content\/uploads\/2021\/03\/agriturismo-uliveta-lagodigarda-app-9-edera-33.jpg\" title=\"\" data-rl_title=\"\" class=\"rl-gallery-link\" data-rl_caption=\"\" data-rel=\"lightbox-gallery-1\" data-magnific_type=\"gallery\"><img loading=\"lazy\" decoding=\"async\" src=\"https:\/\/agriturismouliveta.it\/agriturismo-gardasee\/wp-content\/uploads\/2021\/03\/agriturismo-uliveta-lagodigarda-app-9-edera-33-550x367.jpg\" width=\"550\" height=\"367\" alt=\"Eingang zum Badezimmer\" \/><\/a><\/div><div class=\"rl-gallery-item\"><a href=\"https:\/\/agriturismouliveta.it\/agriturismo-gardasee\/wp-content\/uploads\/2021\/03\/agriturismo-uliveta-lagodigarda-app-9-edera-34.jpg\" title=\"\" data-rl_title=\"\" class=\"rl-gallery-link\" data-rl_caption=\"\" data-rel=\"lightbox-gallery-1\" data-magnific_type=\"gallery\"><img loading=\"lazy\" decoding=\"async\" src=\"https:\/\/agriturismouliveta.it\/agriturismo-gardasee\/wp-content\/uploads\/2021\/03\/agriturismo-uliveta-lagodigarda-app-9-edera-34-550x367.jpg\" width=\"550\" height=\"367\" alt=\"Blick aus dem Badezimmer aus\" \/><\/a><\/div><div class=\"rl-gallery-item\"><a href=\"https:\/\/agriturismouliveta.it\/agriturismo-gardasee\/wp-content\/uploads\/2021\/03\/agriturismo-uliveta-lagodigarda-app-9-edera-35.jpg\" title=\"\" data-rl_title=\"\" class=\"rl-gallery-link\" data-rl_caption=\"\" data-rel=\"lightbox-gallery-1\" data-magnific_type=\"gallery\"><img loading=\"lazy\" decoding=\"async\" src=\"https:\/\/agriturismouliveta.it\/agriturismo-gardasee\/wp-content\/uploads\/2021\/03\/agriturismo-uliveta-lagodigarda-app-9-edera-35-550x367.jpg\" width=\"550\" height=\"367\" alt=\"Detail des Waschbeckens im Badezimmer\" \/><\/a><\/div><div class=\"rl-gallery-item\"><a href=\"https:\/\/agriturismouliveta.it\/agriturismo-gardasee\/wp-content\/uploads\/2021\/03\/agriturismo-uliveta-lagodigarda-app-9-edera-36.jpg\" title=\"\" data-rl_title=\"\" class=\"rl-gallery-link\" data-rl_caption=\"\" data-rel=\"lightbox-gallery-1\" data-magnific_type=\"gallery\"><img loading=\"lazy\" decoding=\"async\" src=\"https:\/\/agriturismouliveta.it\/agriturismo-gardasee\/wp-content\/uploads\/2021\/03\/agriturismo-uliveta-lagodigarda-app-9-edera-36-550x367.jpg\" width=\"550\" height=\"367\" alt=\"Draufsicht auf das Badezimmereinrichtung \" \/><\/a><\/div><div class=\"rl-gallery-item\"><a href=\"https:\/\/agriturismouliveta.it\/agriturismo-gardasee\/wp-content\/uploads\/2021\/03\/agriturismo-uliveta-lagodigarda-app-9-edera-37.jpg\" title=\"\" data-rl_title=\"\" class=\"rl-gallery-link\" data-rl_caption=\"\" data-rel=\"lightbox-gallery-1\" data-magnific_type=\"gallery\"><img loading=\"lazy\" decoding=\"async\" src=\"https:\/\/agriturismouliveta.it\/agriturismo-gardasee\/wp-content\/uploads\/2021\/03\/agriturismo-uliveta-lagodigarda-app-9-edera-37-550x367.jpg\" width=\"550\" height=\"367\" alt=\"Draufsicht auf die Dusche\" \/><\/a><\/div><div class=\"rl-gallery-item\"><a href=\"https:\/\/agriturismouliveta.it\/agriturismo-gardasee\/wp-content\/uploads\/2021\/03\/agriturismo-uliveta-lagodigarda-app-9-edera-38.jpg\" title=\"\" data-rl_title=\"\" class=\"rl-gallery-link\" data-rl_caption=\"\" data-rel=\"lightbox-gallery-1\" data-magnific_type=\"gallery\"><img loading=\"lazy\" decoding=\"async\" src=\"https:\/\/agriturismouliveta.it\/agriturismo-gardasee\/wp-content\/uploads\/2021\/03\/agriturismo-uliveta-lagodigarda-app-9-edera-38-550x367.jpg\" width=\"550\" height=\"367\" alt=\"Blick aus dem Badezimmer aus\" \/><\/a><\/div><div class=\"rl-gallery-item\"><a href=\"https:\/\/agriturismouliveta.it\/agriturismo-gardasee\/wp-content\/uploads\/2021\/03\/agriturismo-uliveta-lagodigarda-app-9-edera-12.jpg\" title=\"\" data-rl_title=\"\" class=\"rl-gallery-link\" data-rl_caption=\"\" data-rel=\"lightbox-gallery-1\" data-magnific_type=\"gallery\"><img loading=\"lazy\" decoding=\"async\" src=\"https:\/\/agriturismouliveta.it\/agriturismo-gardasee\/wp-content\/uploads\/2021\/03\/agriturismo-uliveta-lagodigarda-app-9-edera-12-550x367.jpg\" width=\"550\" height=\"367\" alt=\"Tisch f\u00fcr das Fr\u00fchst\u00fcck auf dem Balkon der Ferienwohnung\" \/><\/a><\/div><div class=\"rl-gallery-item\"><a href=\"https:\/\/agriturismouliveta.it\/agriturismo-gardasee\/wp-content\/uploads\/2021\/03\/agriturismo-uliveta-lagodigarda-app-9-edera-13.jpg\" title=\"\" data-rl_title=\"\" class=\"rl-gallery-link\" data-rl_caption=\"\" data-rel=\"lightbox-gallery-1\" data-magnific_type=\"gallery\"><img loading=\"lazy\" decoding=\"async\" src=\"https:\/\/agriturismouliveta.it\/agriturismo-gardasee\/wp-content\/uploads\/2021\/03\/agriturismo-uliveta-lagodigarda-app-9-edera-13-550x367.jpg\" width=\"550\" height=\"367\" alt=\"Blick auf den See vom Balkon aus\" \/><\/a><\/div><div class=\"rl-gallery-item\"><a href=\"https:\/\/agriturismouliveta.it\/agriturismo-gardasee\/wp-content\/uploads\/2021\/03\/agriturismo-uliveta-lagodigarda-app-9-edera-14.jpg\" title=\"\" data-rl_title=\"\" class=\"rl-gallery-link\" data-rl_caption=\"\" data-rel=\"lightbox-gallery-1\" data-magnific_type=\"gallery\"><img loading=\"lazy\" decoding=\"async\" src=\"https:\/\/agriturismouliveta.it\/agriturismo-gardasee\/wp-content\/uploads\/2021\/03\/agriturismo-uliveta-lagodigarda-app-9-edera-14-550x367.jpg\" width=\"550\" height=\"367\" alt=\"Fr\u00fchst\u00fcckstisch auf dem Balkon der Ferienwohnung\" \/><\/a><\/div><div class=\"rl-gallery-item\"><a href=\"https:\/\/agriturismouliveta.it\/agriturismo-gardasee\/wp-content\/uploads\/2021\/03\/agriturismo-uliveta-lagodigarda-app-9-edera-15.jpg\" title=\"\" data-rl_title=\"\" class=\"rl-gallery-link\" data-rl_caption=\"\" data-rel=\"lightbox-gallery-1\" data-magnific_type=\"gallery\"><img loading=\"lazy\" decoding=\"async\" src=\"https:\/\/agriturismouliveta.it\/agriturismo-gardasee\/wp-content\/uploads\/2021\/03\/agriturismo-uliveta-lagodigarda-app-9-edera-15-550x367.jpg\" width=\"550\" height=\"367\" alt=\"Auf dem Balkon der Ferienwohnung\" \/><\/a><\/div><div class=\"rl-gallery-item\"><a href=\"https:\/\/agriturismouliveta.it\/agriturismo-gardasee\/wp-content\/uploads\/2021\/03\/agriturismo-uliveta-lagodigarda-app-9-edera-16.jpg\" title=\"\" data-rl_title=\"\" class=\"rl-gallery-link\" data-rl_caption=\"\" data-rel=\"lightbox-gallery-1\" data-magnific_type=\"gallery\"><img loading=\"lazy\" decoding=\"async\" src=\"https:\/\/agriturismouliveta.it\/agriturismo-gardasee\/wp-content\/uploads\/2021\/03\/agriturismo-uliveta-lagodigarda-app-9-edera-16-550x367.jpg\" width=\"550\" height=\"367\" alt=\"An einem sch\u00f6nen, sonnigen Fr\u00fchlingsmorgen ist der Tisch zum Fr\u00fchst\u00fcck auf der Terrasse der Ferienwohnung\" \/><\/a><\/div><div class=\"rl-gallery-item\"><a href=\"https:\/\/agriturismouliveta.it\/agriturismo-gardasee\/wp-content\/uploads\/2021\/03\/agriturismo-uliveta-lagodigarda-app-9-edera-17.jpg\" title=\"\" data-rl_title=\"\" class=\"rl-gallery-link\" data-rl_caption=\"\" data-rel=\"lightbox-gallery-1\" data-magnific_type=\"gallery\"><img loading=\"lazy\" decoding=\"async\" src=\"https:\/\/agriturismouliveta.it\/agriturismo-gardasee\/wp-content\/uploads\/2021\/03\/agriturismo-uliveta-lagodigarda-app-9-edera-17-550x367.jpg\" width=\"550\" height=\"367\" alt=\"Blick auf den See vom Balkon aus\" \/><\/a><\/div><div class=\"rl-gallery-item\"><a href=\"https:\/\/agriturismouliveta.it\/agriturismo-gardasee\/wp-content\/uploads\/2021\/03\/agriturismo-uliveta-lagodigarda-app-9-edera-18.jpg\" title=\"\" data-rl_title=\"\" class=\"rl-gallery-link\" data-rl_caption=\"\" data-rel=\"lightbox-gallery-1\" data-magnific_type=\"gallery\"><img loading=\"lazy\" decoding=\"async\" src=\"https:\/\/agriturismouliveta.it\/agriturismo-gardasee\/wp-content\/uploads\/2021\/03\/agriturismo-uliveta-lagodigarda-app-9-edera-18-550x367.jpg\" width=\"550\" height=\"367\" alt=\"Blick vom Balkon in Richtung des Wohnzimmers\" \/><\/a><\/div><div class=\"rl-gallery-item\"><a href=\"https:\/\/agriturismouliveta.it\/agriturismo-gardasee\/wp-content\/uploads\/2021\/03\/agriturismo-uliveta-lagodigarda-app-9-edera-02.jpg\" title=\"\" data-rl_title=\"\" class=\"rl-gallery-link\" data-rl_caption=\"\" data-rel=\"lightbox-gallery-1\" data-magnific_type=\"gallery\"><img loading=\"lazy\" decoding=\"async\" src=\"https:\/\/agriturismouliveta.it\/agriturismo-gardasee\/wp-content\/uploads\/2021\/03\/agriturismo-uliveta-lagodigarda-app-9-edera-02-550x367.jpg\" width=\"550\" height=\"367\" alt=\"Blick in das Zimmer und auf die Fenstert\u00fcren zum Balkon\" \/><\/a><\/div><div class=\"rl-gallery-item\"><a href=\"https:\/\/agriturismouliveta.it\/agriturismo-gardasee\/wp-content\/uploads\/2021\/03\/agriturismo-uliveta-lagodigarda-app-9-edera-03.jpg\" title=\"\" data-rl_title=\"\" class=\"rl-gallery-link\" data-rl_caption=\"\" data-rel=\"lightbox-gallery-1\" data-magnific_type=\"gallery\"><img loading=\"lazy\" decoding=\"async\" src=\"https:\/\/agriturismouliveta.it\/agriturismo-gardasee\/wp-content\/uploads\/2021\/03\/agriturismo-uliveta-lagodigarda-app-9-edera-03-550x367.jpg\" width=\"550\" height=\"367\" alt=\"Blick in eine Ecke des Saals\" \/><\/a><\/div><div class=\"rl-gallery-item\"><a href=\"https:\/\/agriturismouliveta.it\/agriturismo-gardasee\/wp-content\/uploads\/2021\/03\/agriturismo-uliveta-lagodigarda-app-9-edera-11.jpg\" title=\"\" data-rl_title=\"\" class=\"rl-gallery-link\" data-rl_caption=\"\" data-rel=\"lightbox-gallery-1\" data-magnific_type=\"gallery\"><img loading=\"lazy\" decoding=\"async\" src=\"https:\/\/agriturismouliveta.it\/agriturismo-gardasee\/wp-content\/uploads\/2021\/03\/agriturismo-uliveta-lagodigarda-app-9-edera-11-550x367.jpg\" width=\"550\" height=\"367\" alt=\"Blick in das Zimmer und auf die Fenstert\u00fcren zum Balkon\" \/><\/a><\/div><div class=\"rl-gallery-item\"><a href=\"https:\/\/agriturismouliveta.it\/agriturismo-gardasee\/wp-content\/uploads\/2021\/03\/agriturismo-uliveta-lagodigarda-app-9-edera-06.jpg\" title=\"\" data-rl_title=\"\" class=\"rl-gallery-link\" data-rl_caption=\"\" data-rel=\"lightbox-gallery-1\" data-magnific_type=\"gallery\"><img loading=\"lazy\" decoding=\"async\" src=\"https:\/\/agriturismouliveta.it\/agriturismo-gardasee\/wp-content\/uploads\/2021\/03\/agriturismo-uliveta-lagodigarda-app-9-edera-06-550x367.jpg\" width=\"550\" height=\"367\" alt=\"Draufsicht auf die K\u00fcchenzeile\" \/><\/a><\/div><div class=\"rl-gallery-item\"><a href=\"https:\/\/agriturismouliveta.it\/agriturismo-gardasee\/wp-content\/uploads\/2021\/03\/agriturismo-uliveta-lagodigarda-app-9-edera-07.jpg\" title=\"\" data-rl_title=\"\" class=\"rl-gallery-link\" data-rl_caption=\"\" data-rel=\"lightbox-gallery-1\" data-magnific_type=\"gallery\"><img loading=\"lazy\" decoding=\"async\" src=\"https:\/\/agriturismouliveta.it\/agriturismo-gardasee\/wp-content\/uploads\/2021\/03\/agriturismo-uliveta-lagodigarda-app-9-edera-07-550x367.jpg\" width=\"550\" height=\"367\" alt=\"Draufsicht auf die K\u00fcchenzeile\" \/><\/a><\/div><div class=\"rl-gallery-item\"><a href=\"https:\/\/agriturismouliveta.it\/agriturismo-gardasee\/wp-content\/uploads\/2021\/03\/agriturismo-uliveta-lagodigarda-app-9-edera-08.jpg\" title=\"\" data-rl_title=\"\" class=\"rl-gallery-link\" data-rl_caption=\"\" data-rel=\"lightbox-gallery-1\" data-magnific_type=\"gallery\"><img loading=\"lazy\" decoding=\"async\" src=\"https:\/\/agriturismouliveta.it\/agriturismo-gardasee\/wp-content\/uploads\/2021\/03\/agriturismo-uliveta-lagodigarda-app-9-edera-08-550x367.jpg\" width=\"550\" height=\"367\" alt=\"Detail des K\u00fcchenofens\" \/><\/a><\/div><div class=\"rl-gallery-item\"><a href=\"https:\/\/agriturismouliveta.it\/agriturismo-gardasee\/wp-content\/uploads\/2021\/03\/agriturismo-uliveta-lagodigarda-app-9-edera-09.jpg\" title=\"\" data-rl_title=\"\" class=\"rl-gallery-link\" data-rl_caption=\"\" data-rel=\"lightbox-gallery-1\" data-magnific_type=\"gallery\"><img loading=\"lazy\" decoding=\"async\" src=\"https:\/\/agriturismouliveta.it\/agriturismo-gardasee\/wp-content\/uploads\/2021\/03\/agriturismo-uliveta-lagodigarda-app-9-edera-09-550x367.jpg\" width=\"550\" height=\"367\" alt=\"Detail des offenen K\u00fchlschranks\" \/><\/a><\/div><div class=\"rl-gallery-item\"><a href=\"https:\/\/agriturismouliveta.it\/agriturismo-gardasee\/wp-content\/uploads\/2021\/03\/agriturismo-uliveta-lagodigarda-app-9-edera-19.jpg\" title=\"\" data-rl_title=\"\" class=\"rl-gallery-link\" data-rl_caption=\"\" data-rel=\"lightbox-gallery-1\" data-magnific_type=\"gallery\"><img loading=\"lazy\" decoding=\"async\" src=\"https:\/\/agriturismouliveta.it\/agriturismo-gardasee\/wp-content\/uploads\/2021\/03\/agriturismo-uliveta-lagodigarda-app-9-edera-19-550x367.jpg\" width=\"550\" height=\"367\" alt=\"Blick auf das Doppelbett\" \/><\/a><\/div><div class=\"rl-gallery-item\"><a href=\"https:\/\/agriturismouliveta.it\/agriturismo-gardasee\/wp-content\/uploads\/2021\/03\/agriturismo-uliveta-lagodigarda-app-9-edera-21.jpg\" title=\"\" data-rl_title=\"\" class=\"rl-gallery-link\" data-rl_caption=\"\" data-rel=\"lightbox-gallery-1\" data-magnific_type=\"gallery\"><img loading=\"lazy\" decoding=\"async\" src=\"https:\/\/agriturismouliveta.it\/agriturismo-gardasee\/wp-content\/uploads\/2021\/03\/agriturismo-uliveta-lagodigarda-app-9-edera-21-550x367.jpg\" width=\"550\" height=\"367\" alt=\"Blick auf das Kinderbett\" \/><\/a><\/div><div class=\"rl-gallery-item\"><a href=\"https:\/\/agriturismouliveta.it\/agriturismo-gardasee\/wp-content\/uploads\/2021\/03\/agriturismo-uliveta-lagodigarda-app-9-edera-22.jpg\" title=\"\" data-rl_title=\"\" class=\"rl-gallery-link\" data-rl_caption=\"\" data-rel=\"lightbox-gallery-1\" data-magnific_type=\"gallery\"><img loading=\"lazy\" decoding=\"async\" src=\"https:\/\/agriturismouliveta.it\/agriturismo-gardasee\/wp-content\/uploads\/2021\/03\/agriturismo-uliveta-lagodigarda-app-9-edera-22-550x367.jpg\" width=\"550\" height=\"367\" alt=\"Bett Detail\" \/><\/a><\/div><div class=\"rl-gallery-item\"><a href=\"https:\/\/agriturismouliveta.it\/agriturismo-gardasee\/wp-content\/uploads\/2021\/03\/agriturismo-uliveta-lagodigarda-app-9-edera-23.jpg\" title=\"\" data-rl_title=\"\" class=\"rl-gallery-link\" data-rl_caption=\"\" data-rel=\"lightbox-gallery-1\" data-magnific_type=\"gallery\"><img loading=\"lazy\" decoding=\"async\" src=\"https:\/\/agriturismouliveta.it\/agriturismo-gardasee\/wp-content\/uploads\/2021\/03\/agriturismo-uliveta-lagodigarda-app-9-edera-23-550x367.jpg\" width=\"550\" height=\"367\" alt=\"Detail eines Nachttisches\" \/><\/a><\/div><div class=\"rl-gallery-item\"><a href=\"https:\/\/agriturismouliveta.it\/agriturismo-gardasee\/wp-content\/uploads\/2021\/03\/agriturismo-uliveta-lagodigarda-app-9-edera-24.jpg\" title=\"\" data-rl_title=\"\" class=\"rl-gallery-link\" data-rl_caption=\"\" data-rel=\"lightbox-gallery-1\" data-magnific_type=\"gallery\"><img loading=\"lazy\" decoding=\"async\" src=\"https:\/\/agriturismouliveta.it\/agriturismo-gardasee\/wp-content\/uploads\/2021\/03\/agriturismo-uliveta-lagodigarda-app-9-edera-24-550x367.jpg\" width=\"550\" height=\"367\" alt=\"Detail eines Nachttisches\" \/><\/a><\/div><div class=\"rl-gallery-item\"><a href=\"https:\/\/agriturismouliveta.it\/agriturismo-gardasee\/wp-content\/uploads\/2021\/03\/agriturismo-uliveta-lagodigarda-app-9-edera-25.jpg\" title=\"\" data-rl_title=\"\" class=\"rl-gallery-link\" data-rl_caption=\"\" data-rel=\"lightbox-gallery-1\" data-magnific_type=\"gallery\"><img loading=\"lazy\" decoding=\"async\" src=\"https:\/\/agriturismouliveta.it\/agriturismo-gardasee\/wp-content\/uploads\/2021\/03\/agriturismo-uliveta-lagodigarda-app-9-edera-25-550x367.jpg\" width=\"550\" height=\"367\" alt=\"Detail eines Nachttisches\" \/><\/a><\/div><div class=\"rl-gallery-item\"><a href=\"https:\/\/agriturismouliveta.it\/agriturismo-gardasee\/wp-content\/uploads\/2021\/03\/agriturismo-uliveta-lagodigarda-app-9-edera-27.jpg\" title=\"\" data-rl_title=\"\" class=\"rl-gallery-link\" data-rl_caption=\"\" data-rel=\"lightbox-gallery-1\" data-magnific_type=\"gallery\"><img loading=\"lazy\" decoding=\"async\" src=\"https:\/\/agriturismouliveta.it\/agriturismo-gardasee\/wp-content\/uploads\/2021\/03\/agriturismo-uliveta-lagodigarda-app-9-edera-27-550x367.jpg\" width=\"550\" height=\"367\" alt=\"Detail eines Nachttisches\" \/><\/a><\/div><div class=\"rl-gallery-item\"><a href=\"https:\/\/agriturismouliveta.it\/agriturismo-gardasee\/wp-content\/uploads\/2021\/03\/agriturismo-uliveta-lagodigarda-app-9-edera-28.jpg\" title=\"\" data-rl_title=\"\" class=\"rl-gallery-link\" data-rl_caption=\"\" data-rel=\"lightbox-gallery-1\" data-magnific_type=\"gallery\"><img loading=\"lazy\" decoding=\"async\" src=\"https:\/\/agriturismouliveta.it\/agriturismo-gardasee\/wp-content\/uploads\/2021\/03\/agriturismo-uliveta-lagodigarda-app-9-edera-28-550x367.jpg\" width=\"550\" height=\"367\" alt=\"Detail eines Nachttisches\" \/><\/a><\/div><div class=\"rl-gallery-item\"><a href=\"https:\/\/agriturismouliveta.it\/agriturismo-gardasee\/wp-content\/uploads\/2021\/03\/agriturismo-uliveta-lagodigarda-app-9-edera-29.jpg\" title=\"\" data-rl_title=\"\" class=\"rl-gallery-link\" data-rl_caption=\"\" data-rel=\"lightbox-gallery-1\" data-magnific_type=\"gallery\"><img loading=\"lazy\" decoding=\"async\" src=\"https:\/\/agriturismouliveta.it\/agriturismo-gardasee\/wp-content\/uploads\/2021\/03\/agriturismo-uliveta-lagodigarda-app-9-edera-29-550x367.jpg\" width=\"550\" height=\"367\" alt=\"Bett Detail\" \/><\/a><\/div><div class=\"rl-gallery-item\"><a href=\"https:\/\/agriturismouliveta.it\/agriturismo-gardasee\/wp-content\/uploads\/2021\/03\/agriturismo-uliveta-lagodigarda-app-9-edera-30.jpg\" title=\"\" data-rl_title=\"\" class=\"rl-gallery-link\" data-rl_caption=\"\" data-rel=\"lightbox-gallery-1\" data-magnific_type=\"gallery\"><img loading=\"lazy\" decoding=\"async\" src=\"https:\/\/agriturismouliveta.it\/agriturismo-gardasee\/wp-content\/uploads\/2021\/03\/agriturismo-uliveta-lagodigarda-app-9-edera-30-550x367.jpg\" width=\"550\" height=\"367\" alt=\"Zimmeransicht von der Ecke gegen\u00fcber der T\u00fcr\" \/><\/a><\/div><div class=\"rl-gallery-item\"><a href=\"https:\/\/agriturismouliveta.it\/agriturismo-gardasee\/wp-content\/uploads\/2021\/03\/agriturismo-uliveta-lagodigarda-app-9-edera-31.jpg\" title=\"\" data-rl_title=\"\" class=\"rl-gallery-link\" data-rl_caption=\"\" data-rel=\"lightbox-gallery-1\" data-magnific_type=\"gallery\"><img loading=\"lazy\" decoding=\"async\" src=\"https:\/\/agriturismouliveta.it\/agriturismo-gardasee\/wp-content\/uploads\/2021\/03\/agriturismo-uliveta-lagodigarda-app-9-edera-31-550x367.jpg\" width=\"550\" height=\"367\" alt=\"Blick auf das Doppelbett\" \/><\/a><\/div><div class=\"rl-gallery-item\"><a href=\"https:\/\/agriturismouliveta.it\/agriturismo-gardasee\/wp-content\/uploads\/2021\/03\/agriturismo-uliveta-lagodigarda-app-9-edera-32.jpg\" title=\"\" data-rl_title=\"\" class=\"rl-gallery-link\" data-rl_caption=\"\" data-rel=\"lightbox-gallery-1\" data-magnific_type=\"gallery\"><img loading=\"lazy\" decoding=\"async\" src=\"https:\/\/agriturismouliveta.it\/agriturismo-gardasee\/wp-content\/uploads\/2021\/03\/agriturismo-uliveta-lagodigarda-app-9-edera-32-550x367.jpg\" width=\"550\" height=\"367\" alt=\"Blick auf das Kinderbett\" \/><\/a><\/div><div class=\"rl-gallery-item\"><a href=\"https:\/\/agriturismouliveta.it\/agriturismo-gardasee\/wp-content\/uploads\/2021\/03\/agriturismo-uliveta-lagodigarda-app-9-edera-04.jpg\" title=\"\" data-rl_title=\"\" class=\"rl-gallery-link\" data-rl_caption=\"\" data-rel=\"lightbox-gallery-1\" data-magnific_type=\"gallery\"><img loading=\"lazy\" decoding=\"async\" src=\"https:\/\/agriturismouliveta.it\/agriturismo-gardasee\/wp-content\/uploads\/2021\/03\/agriturismo-uliveta-lagodigarda-app-9-edera-04-550x367.jpg\" width=\"550\" height=\"367\" alt=\"Detail auf dem Tisch und im Hintergrund der Blick auf den See aus dem Fenster\" \/><\/a><\/div><div class=\"rl-gallery-item\"><a href=\"https:\/\/agriturismouliveta.it\/agriturismo-gardasee\/wp-content\/uploads\/2021\/03\/agriturismo-uliveta-lagodigarda-app-9-edera-10.jpg\" title=\"\" data-rl_title=\"\" class=\"rl-gallery-link\" data-rl_caption=\"\" data-rel=\"lightbox-gallery-1\" data-magnific_type=\"gallery\"><img loading=\"lazy\" decoding=\"async\" src=\"https:\/\/agriturismouliveta.it\/agriturismo-gardasee\/wp-content\/uploads\/2021\/03\/agriturismo-uliveta-lagodigarda-app-9-edera-10-550x367.jpg\" width=\"550\" height=\"367\" alt=\"Blick auf das Fernsehger\u00e4t\" \/><\/a><\/div><div class=\"rl-gallery-item\"><a href=\"https:\/\/agriturismouliveta.it\/agriturismo-gardasee\/wp-content\/uploads\/2021\/03\/agriturismo-uliveta-lagodigarda-app-9-edera-05.jpg\" title=\"\" data-rl_title=\"\" class=\"rl-gallery-link\" data-rl_caption=\"\" data-rel=\"lightbox-gallery-1\" data-magnific_type=\"gallery\"><img loading=\"lazy\" decoding=\"async\" src=\"https:\/\/agriturismouliveta.it\/agriturismo-gardasee\/wp-content\/uploads\/2021\/03\/agriturismo-uliveta-lagodigarda-app-9-edera-05-550x367.jpg\" width=\"550\" height=\"367\" alt=\"Blick aus einer Ecke des Wohnraums\" \/><\/a><\/div><div class=\"rl-gallery-item\"><a href=\"https:\/\/agriturismouliveta.it\/agriturismo-gardasee\/wp-content\/uploads\/2021\/03\/agriturismo-uliveta-lagodigarda-app-9-edera-01.jpg\" title=\"\" data-rl_title=\"\" class=\"rl-gallery-link\" data-rl_caption=\"\" data-rel=\"lightbox-gallery-1\" data-magnific_type=\"gallery\"><img loading=\"lazy\" decoding=\"async\" src=\"https:\/\/agriturismouliveta.it\/agriturismo-gardasee\/wp-content\/uploads\/2021\/03\/agriturismo-uliveta-lagodigarda-app-9-edera-01-550x367.jpg\" width=\"550\" height=\"367\" alt=\"Blick auf das Zimmer mit Tisch und Kochecke und gro\u00dfer Fenstert\u00fcr zum Balkon\" \/><\/a><\/div> <\/div> <\/div><\/div>\n\t\t\t\t\t\t<\/div>\n\t\t\t\t<\/div>\n\t\t\t\t<div class=\"elementor-element elementor-element-4c20ea21 elementor-hidden-desktop elementor-hidden-tablet elementor-widget elementor-widget-shortcode\" data-id=\"4c20ea21\" data-element_type=\"widget\" data-e-type=\"widget\" data-widget_type=\"shortcode.default\">\n\t\t\t\t<div class=\"elementor-widget-container\">\n\t\t\t\t\t\t\t<div class=\"elementor-shortcode\"><div class=\"rl-gallery-container rl-loading\" id=\"rl-gallery-container-2\" data-gallery_id=\"7819\"> <div class=\"rl-gallery rl-basicgrid-gallery rl-hover-effect-1 rl-hover-icon-9\" id=\"rl-gallery-2\" data-gallery_no=\"2\"> <div class=\"rl-gallery-item\"><a href=\"https:\/\/agriturismouliveta.it\/agriturismo-gardasee\/wp-content\/uploads\/2021\/03\/agriturismo-gardasee-uliveta-ferienwohnung-edera-720-01.jpg\" title=\"\" data-rl_title=\"\" class=\"rl-gallery-link\" data-rl_caption=\"\" data-rel=\"lightbox-gallery-2\" data-magnific_type=\"gallery\"><img loading=\"lazy\" decoding=\"async\" src=\"https:\/\/agriturismouliveta.it\/agriturismo-gardasee\/wp-content\/uploads\/2021\/03\/agriturismo-gardasee-uliveta-ferienwohnung-edera-720-01-550x367.jpg\" width=\"550\" height=\"367\" alt=\"\" \/><\/a><\/div><div class=\"rl-gallery-item\"><a href=\"https:\/\/agriturismouliveta.it\/agriturismo-gardasee\/wp-content\/uploads\/2021\/03\/agriturismo-gardasee-uliveta-ferienwohnung-edera-720-02.jpg\" title=\"\" data-rl_title=\"\" class=\"rl-gallery-link\" data-rl_caption=\"\" data-rel=\"lightbox-gallery-2\" data-magnific_type=\"gallery\"><img loading=\"lazy\" decoding=\"async\" src=\"https:\/\/agriturismouliveta.it\/agriturismo-gardasee\/wp-content\/uploads\/2021\/03\/agriturismo-gardasee-uliveta-ferienwohnung-edera-720-02-550x367.jpg\" width=\"550\" height=\"367\" alt=\"\" \/><\/a><\/div><div class=\"rl-gallery-item\"><a href=\"https:\/\/agriturismouliveta.it\/agriturismo-gardasee\/wp-content\/uploads\/2021\/03\/agriturismo-gardasee-uliveta-ferienwohnung-edera-720-03.jpg\" title=\"\" data-rl_title=\"\" class=\"rl-gallery-link\" data-rl_caption=\"\" data-rel=\"lightbox-gallery-2\" data-magnific_type=\"gallery\"><img loading=\"lazy\" decoding=\"async\" src=\"https:\/\/agriturismouliveta.it\/agriturismo-gardasee\/wp-content\/uploads\/2021\/03\/agriturismo-gardasee-uliveta-ferienwohnung-edera-720-03-550x367.jpg\" width=\"550\" height=\"367\" alt=\"\" \/><\/a><\/div><div class=\"rl-gallery-item\"><a href=\"https:\/\/agriturismouliveta.it\/agriturismo-gardasee\/wp-content\/uploads\/2021\/03\/agriturismo-gardasee-uliveta-ferienwohnung-edera-720-04.jpg\" title=\"\" data-rl_title=\"\" class=\"rl-gallery-link\" data-rl_caption=\"\" data-rel=\"lightbox-gallery-2\" data-magnific_type=\"gallery\"><img loading=\"lazy\" decoding=\"async\" src=\"https:\/\/agriturismouliveta.it\/agriturismo-gardasee\/wp-content\/uploads\/2021\/03\/agriturismo-gardasee-uliveta-ferienwohnung-edera-720-04-550x367.jpg\" width=\"550\" height=\"367\" alt=\"\" \/><\/a><\/div><div class=\"rl-gallery-item\"><a href=\"https:\/\/agriturismouliveta.it\/agriturismo-gardasee\/wp-content\/uploads\/2021\/03\/agriturismo-gardasee-uliveta-ferienwohnung-edera-720-05.jpg\" title=\"\" data-rl_title=\"\" class=\"rl-gallery-link\" data-rl_caption=\"\" data-rel=\"lightbox-gallery-2\" data-magnific_type=\"gallery\"><img loading=\"lazy\" decoding=\"async\" src=\"https:\/\/agriturismouliveta.it\/agriturismo-gardasee\/wp-content\/uploads\/2021\/03\/agriturismo-gardasee-uliveta-ferienwohnung-edera-720-05-550x367.jpg\" width=\"550\" height=\"367\" alt=\"\" \/><\/a><\/div><div class=\"rl-gallery-item\"><a href=\"https:\/\/agriturismouliveta.it\/agriturismo-gardasee\/wp-content\/uploads\/2021\/03\/agriturismo-gardasee-uliveta-ferienwohnung-edera-720-06.jpg\" title=\"\" data-rl_title=\"\" class=\"rl-gallery-link\" data-rl_caption=\"\" data-rel=\"lightbox-gallery-2\" data-magnific_type=\"gallery\"><img loading=\"lazy\" decoding=\"async\" src=\"https:\/\/agriturismouliveta.it\/agriturismo-gardasee\/wp-content\/uploads\/2021\/03\/agriturismo-gardasee-uliveta-ferienwohnung-edera-720-06-550x367.jpg\" width=\"550\" height=\"367\" alt=\"\" \/><\/a><\/div><div class=\"rl-gallery-item\"><a href=\"https:\/\/agriturismouliveta.it\/agriturismo-gardasee\/wp-content\/uploads\/2021\/03\/agriturismo-gardasee-uliveta-ferienwohnung-edera-720-07.jpg\" title=\"\" data-rl_title=\"\" class=\"rl-gallery-link\" data-rl_caption=\"\" data-rel=\"lightbox-gallery-2\" data-magnific_type=\"gallery\"><img loading=\"lazy\" decoding=\"async\" src=\"https:\/\/agriturismouliveta.it\/agriturismo-gardasee\/wp-content\/uploads\/2021\/03\/agriturismo-gardasee-uliveta-ferienwohnung-edera-720-07-550x367.jpg\" width=\"550\" height=\"367\" alt=\"\" \/><\/a><\/div><div class=\"rl-gallery-item\"><a href=\"https:\/\/agriturismouliveta.it\/agriturismo-gardasee\/wp-content\/uploads\/2021\/03\/agriturismo-gardasee-uliveta-ferienwohnung-edera-720-08.jpg\" title=\"\" data-rl_title=\"\" class=\"rl-gallery-link\" data-rl_caption=\"\" data-rel=\"lightbox-gallery-2\" data-magnific_type=\"gallery\"><img loading=\"lazy\" decoding=\"async\" src=\"https:\/\/agriturismouliveta.it\/agriturismo-gardasee\/wp-content\/uploads\/2021\/03\/agriturismo-gardasee-uliveta-ferienwohnung-edera-720-08-550x367.jpg\" width=\"550\" height=\"367\" alt=\"\" \/><\/a><\/div><div class=\"rl-gallery-item\"><a href=\"https:\/\/agriturismouliveta.it\/agriturismo-gardasee\/wp-content\/uploads\/2021\/03\/agriturismo-gardasee-uliveta-ferienwohnung-edera-720-09.jpg\" title=\"\" data-rl_title=\"\" class=\"rl-gallery-link\" data-rl_caption=\"\" data-rel=\"lightbox-gallery-2\" data-magnific_type=\"gallery\"><img loading=\"lazy\" decoding=\"async\" src=\"https:\/\/agriturismouliveta.it\/agriturismo-gardasee\/wp-content\/uploads\/2021\/03\/agriturismo-gardasee-uliveta-ferienwohnung-edera-720-09-550x367.jpg\" width=\"550\" height=\"367\" alt=\"\" \/><\/a><\/div><div class=\"rl-gallery-item\"><a href=\"https:\/\/agriturismouliveta.it\/agriturismo-gardasee\/wp-content\/uploads\/2021\/03\/agriturismo-gardasee-uliveta-ferienwohnung-edera-720-10.jpg\" title=\"\" data-rl_title=\"\" class=\"rl-gallery-link\" data-rl_caption=\"\" data-rel=\"lightbox-gallery-2\" data-magnific_type=\"gallery\"><img loading=\"lazy\" decoding=\"async\" src=\"https:\/\/agriturismouliveta.it\/agriturismo-gardasee\/wp-content\/uploads\/2021\/03\/agriturismo-gardasee-uliveta-ferienwohnung-edera-720-10-550x367.jpg\" width=\"550\" height=\"367\" alt=\"\" \/><\/a><\/div><div class=\"rl-gallery-item\"><a href=\"https:\/\/agriturismouliveta.it\/agriturismo-gardasee\/wp-content\/uploads\/2021\/03\/agriturismo-gardasee-uliveta-ferienwohnung-edera-720-11.jpg\" title=\"\" data-rl_title=\"\" class=\"rl-gallery-link\" data-rl_caption=\"\" data-rel=\"lightbox-gallery-2\" data-magnific_type=\"gallery\"><img loading=\"lazy\" decoding=\"async\" src=\"https:\/\/agriturismouliveta.it\/agriturismo-gardasee\/wp-content\/uploads\/2021\/03\/agriturismo-gardasee-uliveta-ferienwohnung-edera-720-11-550x367.jpg\" width=\"550\" height=\"367\" alt=\"\" \/><\/a><\/div><div class=\"rl-gallery-item\"><a href=\"https:\/\/agriturismouliveta.it\/agriturismo-gardasee\/wp-content\/uploads\/2021\/03\/agriturismo-gardasee-uliveta-ferienwohnung-edera-720-12.jpg\" title=\"\" data-rl_title=\"\" class=\"rl-gallery-link\" data-rl_caption=\"\" data-rel=\"lightbox-gallery-2\" data-magnific_type=\"gallery\"><img loading=\"lazy\" decoding=\"async\" src=\"https:\/\/agriturismouliveta.it\/agriturismo-gardasee\/wp-content\/uploads\/2021\/03\/agriturismo-gardasee-uliveta-ferienwohnung-edera-720-12-550x367.jpg\" width=\"550\" height=\"367\" alt=\"\" \/><\/a><\/div><div class=\"rl-gallery-item\"><a href=\"https:\/\/agriturismouliveta.it\/agriturismo-gardasee\/wp-content\/uploads\/2021\/03\/agriturismo-gardasee-uliveta-ferienwohnung-edera-720-13.jpg\" title=\"\" data-rl_title=\"\" class=\"rl-gallery-link\" data-rl_caption=\"\" data-rel=\"lightbox-gallery-2\" data-magnific_type=\"gallery\"><img loading=\"lazy\" decoding=\"async\" src=\"https:\/\/agriturismouliveta.it\/agriturismo-gardasee\/wp-content\/uploads\/2021\/03\/agriturismo-gardasee-uliveta-ferienwohnung-edera-720-13-550x367.jpg\" width=\"550\" height=\"367\" alt=\"\" \/><\/a><\/div><div class=\"rl-gallery-item\"><a href=\"https:\/\/agriturismouliveta.it\/agriturismo-gardasee\/wp-content\/uploads\/2021\/03\/agriturismo-gardasee-uliveta-ferienwohnung-edera-720-14.jpg\" title=\"\" data-rl_title=\"\" class=\"rl-gallery-link\" data-rl_caption=\"\" data-rel=\"lightbox-gallery-2\" data-magnific_type=\"gallery\"><img loading=\"lazy\" decoding=\"async\" src=\"https:\/\/agriturismouliveta.it\/agriturismo-gardasee\/wp-content\/uploads\/2021\/03\/agriturismo-gardasee-uliveta-ferienwohnung-edera-720-14-550x367.jpg\" width=\"550\" height=\"367\" alt=\"\" \/><\/a><\/div><div class=\"rl-gallery-item\"><a href=\"https:\/\/agriturismouliveta.it\/agriturismo-gardasee\/wp-content\/uploads\/2021\/03\/agriturismo-gardasee-uliveta-ferienwohnung-edera-720-15.jpg\" title=\"\" data-rl_title=\"\" class=\"rl-gallery-link\" data-rl_caption=\"\" data-rel=\"lightbox-gallery-2\" data-magnific_type=\"gallery\"><img loading=\"lazy\" decoding=\"async\" src=\"https:\/\/agriturismouliveta.it\/agriturismo-gardasee\/wp-content\/uploads\/2021\/03\/agriturismo-gardasee-uliveta-ferienwohnung-edera-720-15-550x367.jpg\" width=\"550\" height=\"367\" alt=\"\" \/><\/a><\/div><div class=\"rl-gallery-item\"><a href=\"https:\/\/agriturismouliveta.it\/agriturismo-gardasee\/wp-content\/uploads\/2021\/03\/agriturismo-gardasee-uliveta-ferienwohnung-edera-720-16.jpg\" title=\"\" data-rl_title=\"\" class=\"rl-gallery-link\" data-rl_caption=\"\" data-rel=\"lightbox-gallery-2\" data-magnific_type=\"gallery\"><img loading=\"lazy\" decoding=\"async\" src=\"https:\/\/agriturismouliveta.it\/agriturismo-gardasee\/wp-content\/uploads\/2021\/03\/agriturismo-gardasee-uliveta-ferienwohnung-edera-720-16-550x367.jpg\" width=\"550\" height=\"367\" alt=\"\" \/><\/a><\/div><div class=\"rl-gallery-item\"><a href=\"https:\/\/agriturismouliveta.it\/agriturismo-gardasee\/wp-content\/uploads\/2021\/03\/agriturismo-gardasee-uliveta-ferienwohnung-edera-720-17.jpg\" title=\"\" data-rl_title=\"\" class=\"rl-gallery-link\" data-rl_caption=\"\" data-rel=\"lightbox-gallery-2\" data-magnific_type=\"gallery\"><img loading=\"lazy\" decoding=\"async\" src=\"https:\/\/agriturismouliveta.it\/agriturismo-gardasee\/wp-content\/uploads\/2021\/03\/agriturismo-gardasee-uliveta-ferienwohnung-edera-720-17-550x367.jpg\" width=\"550\" height=\"367\" alt=\"\" \/><\/a><\/div><div class=\"rl-gallery-item\"><a href=\"https:\/\/agriturismouliveta.it\/agriturismo-gardasee\/wp-content\/uploads\/2021\/03\/agriturismo-gardasee-uliveta-ferienwohnung-edera-720-18.jpg\" title=\"\" data-rl_title=\"\" class=\"rl-gallery-link\" data-rl_caption=\"\" data-rel=\"lightbox-gallery-2\" data-magnific_type=\"gallery\"><img loading=\"lazy\" decoding=\"async\" src=\"https:\/\/agriturismouliveta.it\/agriturismo-gardasee\/wp-content\/uploads\/2021\/03\/agriturismo-gardasee-uliveta-ferienwohnung-edera-720-18-550x367.jpg\" width=\"550\" height=\"367\" alt=\"\" \/><\/a><\/div><div class=\"rl-gallery-item\"><a href=\"https:\/\/agriturismouliveta.it\/agriturismo-gardasee\/wp-content\/uploads\/2021\/03\/agriturismo-gardasee-uliveta-ferienwohnung-edera-720-19.jpg\" title=\"\" data-rl_title=\"\" class=\"rl-gallery-link\" data-rl_caption=\"\" data-rel=\"lightbox-gallery-2\" data-magnific_type=\"gallery\"><img loading=\"lazy\" decoding=\"async\" src=\"https:\/\/agriturismouliveta.it\/agriturismo-gardasee\/wp-content\/uploads\/2021\/03\/agriturismo-gardasee-uliveta-ferienwohnung-edera-720-19-550x367.jpg\" width=\"550\" height=\"367\" alt=\"\" \/><\/a><\/div><div class=\"rl-gallery-item\"><a href=\"https:\/\/agriturismouliveta.it\/agriturismo-gardasee\/wp-content\/uploads\/2021\/03\/agriturismo-gardasee-uliveta-ferienwohnung-edera-720-21.jpg\" title=\"\" data-rl_title=\"\" class=\"rl-gallery-link\" data-rl_caption=\"\" data-rel=\"lightbox-gallery-2\" data-magnific_type=\"gallery\"><img loading=\"lazy\" decoding=\"async\" src=\"https:\/\/agriturismouliveta.it\/agriturismo-gardasee\/wp-content\/uploads\/2021\/03\/agriturismo-gardasee-uliveta-ferienwohnung-edera-720-21-550x367.jpg\" width=\"550\" height=\"367\" alt=\"\" \/><\/a><\/div><div class=\"rl-gallery-item\"><a href=\"https:\/\/agriturismouliveta.it\/agriturismo-gardasee\/wp-content\/uploads\/2021\/03\/agriturismo-gardasee-uliveta-ferienwohnung-edera-720-22.jpg\" title=\"\" data-rl_title=\"\" class=\"rl-gallery-link\" data-rl_caption=\"\" data-rel=\"lightbox-gallery-2\" data-magnific_type=\"gallery\"><img loading=\"lazy\" decoding=\"async\" src=\"https:\/\/agriturismouliveta.it\/agriturismo-gardasee\/wp-content\/uploads\/2021\/03\/agriturismo-gardasee-uliveta-ferienwohnung-edera-720-22-550x367.jpg\" width=\"550\" height=\"367\" alt=\"\" \/><\/a><\/div><div class=\"rl-gallery-item\"><a href=\"https:\/\/agriturismouliveta.it\/agriturismo-gardasee\/wp-content\/uploads\/2021\/03\/agriturismo-gardasee-uliveta-ferienwohnung-edera-720-23.jpg\" title=\"\" data-rl_title=\"\" class=\"rl-gallery-link\" data-rl_caption=\"\" data-rel=\"lightbox-gallery-2\" data-magnific_type=\"gallery\"><img loading=\"lazy\" decoding=\"async\" src=\"https:\/\/agriturismouliveta.it\/agriturismo-gardasee\/wp-content\/uploads\/2021\/03\/agriturismo-gardasee-uliveta-ferienwohnung-edera-720-23-550x367.jpg\" width=\"550\" height=\"367\" alt=\"\" \/><\/a><\/div><div class=\"rl-gallery-item\"><a href=\"https:\/\/agriturismouliveta.it\/agriturismo-gardasee\/wp-content\/uploads\/2021\/03\/agriturismo-gardasee-uliveta-ferienwohnung-edera-720-27.jpg\" title=\"\" data-rl_title=\"\" class=\"rl-gallery-link\" data-rl_caption=\"\" data-rel=\"lightbox-gallery-2\" data-magnific_type=\"gallery\"><img loading=\"lazy\" decoding=\"async\" src=\"https:\/\/agriturismouliveta.it\/agriturismo-gardasee\/wp-content\/uploads\/2021\/03\/agriturismo-gardasee-uliveta-ferienwohnung-edera-720-27-550x367.jpg\" width=\"550\" height=\"367\" alt=\"\" \/><\/a><\/div><div class=\"rl-gallery-item\"><a href=\"https:\/\/agriturismouliveta.it\/agriturismo-gardasee\/wp-content\/uploads\/2021\/03\/agriturismo-gardasee-uliveta-ferienwohnung-edera-720-28.jpg\" title=\"\" data-rl_title=\"\" class=\"rl-gallery-link\" data-rl_caption=\"\" data-rel=\"lightbox-gallery-2\" data-magnific_type=\"gallery\"><img loading=\"lazy\" decoding=\"async\" src=\"https:\/\/agriturismouliveta.it\/agriturismo-gardasee\/wp-content\/uploads\/2021\/03\/agriturismo-gardasee-uliveta-ferienwohnung-edera-720-28-550x367.jpg\" width=\"550\" height=\"367\" alt=\"\" \/><\/a><\/div><div class=\"rl-gallery-item\"><a href=\"https:\/\/agriturismouliveta.it\/agriturismo-gardasee\/wp-content\/uploads\/2021\/03\/agriturismo-gardasee-uliveta-ferienwohnung-edera-720-30.jpg\" title=\"\" data-rl_title=\"\" class=\"rl-gallery-link\" data-rl_caption=\"\" data-rel=\"lightbox-gallery-2\" data-magnific_type=\"gallery\"><img loading=\"lazy\" decoding=\"async\" src=\"https:\/\/agriturismouliveta.it\/agriturismo-gardasee\/wp-content\/uploads\/2021\/03\/agriturismo-gardasee-uliveta-ferienwohnung-edera-720-30-550x367.jpg\" width=\"550\" height=\"367\" alt=\"\" \/><\/a><\/div><div class=\"rl-gallery-item\"><a href=\"https:\/\/agriturismouliveta.it\/agriturismo-gardasee\/wp-content\/uploads\/2021\/03\/agriturismo-gardasee-uliveta-ferienwohnung-edera-720-31.jpg\" title=\"\" data-rl_title=\"\" class=\"rl-gallery-link\" data-rl_caption=\"\" data-rel=\"lightbox-gallery-2\" data-magnific_type=\"gallery\"><img loading=\"lazy\" decoding=\"async\" src=\"https:\/\/agriturismouliveta.it\/agriturismo-gardasee\/wp-content\/uploads\/2021\/03\/agriturismo-gardasee-uliveta-ferienwohnung-edera-720-31-550x367.jpg\" width=\"550\" height=\"367\" alt=\"\" \/><\/a><\/div><div class=\"rl-gallery-item\"><a href=\"https:\/\/agriturismouliveta.it\/agriturismo-gardasee\/wp-content\/uploads\/2021\/03\/agriturismo-gardasee-uliveta-ferienwohnung-edera-720-33.jpg\" title=\"\" data-rl_title=\"\" class=\"rl-gallery-link\" data-rl_caption=\"\" data-rel=\"lightbox-gallery-2\" data-magnific_type=\"gallery\"><img loading=\"lazy\" decoding=\"async\" src=\"https:\/\/agriturismouliveta.it\/agriturismo-gardasee\/wp-content\/uploads\/2021\/03\/agriturismo-gardasee-uliveta-ferienwohnung-edera-720-33-550x367.jpg\" width=\"550\" height=\"367\" alt=\"\" \/><\/a><\/div><div class=\"rl-gallery-item\"><a href=\"https:\/\/agriturismouliveta.it\/agriturismo-gardasee\/wp-content\/uploads\/2021\/03\/agriturismo-gardasee-uliveta-ferienwohnung-edera-720-34.jpg\" title=\"\" data-rl_title=\"\" class=\"rl-gallery-link\" data-rl_caption=\"\" data-rel=\"lightbox-gallery-2\" data-magnific_type=\"gallery\"><img loading=\"lazy\" decoding=\"async\" src=\"https:\/\/agriturismouliveta.it\/agriturismo-gardasee\/wp-content\/uploads\/2021\/03\/agriturismo-gardasee-uliveta-ferienwohnung-edera-720-34-550x367.jpg\" width=\"550\" height=\"367\" alt=\"\" \/><\/a><\/div><div class=\"rl-gallery-item\"><a href=\"https:\/\/agriturismouliveta.it\/agriturismo-gardasee\/wp-content\/uploads\/2021\/03\/agriturismo-gardasee-uliveta-ferienwohnung-edera-720-35.jpg\" title=\"\" data-rl_title=\"\" class=\"rl-gallery-link\" data-rl_caption=\"\" data-rel=\"lightbox-gallery-2\" data-magnific_type=\"gallery\"><img loading=\"lazy\" decoding=\"async\" src=\"https:\/\/agriturismouliveta.it\/agriturismo-gardasee\/wp-content\/uploads\/2021\/03\/agriturismo-gardasee-uliveta-ferienwohnung-edera-720-35-550x367.jpg\" width=\"550\" height=\"367\" alt=\"\" \/><\/a><\/div><div class=\"rl-gallery-item\"><a href=\"https:\/\/agriturismouliveta.it\/agriturismo-gardasee\/wp-content\/uploads\/2021\/03\/agriturismo-gardasee-uliveta-ferienwohnung-edera-720-36.jpg\" title=\"\" data-rl_title=\"\" class=\"rl-gallery-link\" data-rl_caption=\"\" data-rel=\"lightbox-gallery-2\" data-magnific_type=\"gallery\"><img loading=\"lazy\" decoding=\"async\" src=\"https:\/\/agriturismouliveta.it\/agriturismo-gardasee\/wp-content\/uploads\/2021\/03\/agriturismo-gardasee-uliveta-ferienwohnung-edera-720-36-550x367.jpg\" width=\"550\" height=\"367\" alt=\"\" \/><\/a><\/div><div class=\"rl-gallery-item\"><a href=\"https:\/\/agriturismouliveta.it\/agriturismo-gardasee\/wp-content\/uploads\/2021\/03\/agriturismo-gardasee-uliveta-ferienwohnung-edera-720-37.jpg\" title=\"\" data-rl_title=\"\" class=\"rl-gallery-link\" data-rl_caption=\"\" data-rel=\"lightbox-gallery-2\" data-magnific_type=\"gallery\"><img loading=\"lazy\" decoding=\"async\" src=\"https:\/\/agriturismouliveta.it\/agriturismo-gardasee\/wp-content\/uploads\/2021\/03\/agriturismo-gardasee-uliveta-ferienwohnung-edera-720-37-550x367.jpg\" width=\"550\" height=\"367\" alt=\"\" \/><\/a><\/div><div class=\"rl-gallery-item\"><a href=\"https:\/\/agriturismouliveta.it\/agriturismo-gardasee\/wp-content\/uploads\/2021\/03\/agriturismo-gardasee-uliveta-ferienwohnung-edera-720-38.jpg\" title=\"\" data-rl_title=\"\" class=\"rl-gallery-link\" data-rl_caption=\"\" data-rel=\"lightbox-gallery-2\" data-magnific_type=\"gallery\"><img loading=\"lazy\" decoding=\"async\" src=\"https:\/\/agriturismouliveta.it\/agriturismo-gardasee\/wp-content\/uploads\/2021\/03\/agriturismo-gardasee-uliveta-ferienwohnung-edera-720-38-550x367.jpg\" width=\"550\" height=\"367\" alt=\"\" \/><\/a><\/div> <\/div> <\/div><\/div>\n\t\t\t\t\t\t<\/div>\n\t\t\t\t<\/div>\n\t\t\t\t\t<\/div>\n\t\t<\/div>\n\t\t\t\t\t<\/div>\n\t\t<\/section>\n\t\t\t\t<section class=\"elementor-section elementor-top-section elementor-element elementor-element-52f5c2ac elementor-section-boxed elementor-section-height-default elementor-section-height-default\" data-id=\"52f5c2ac\" data-element_type=\"section\" data-e-type=\"section\">\n\t\t\t\t\t\t<div class=\"elementor-container elementor-column-gap-default\">\n\t\t\t\t\t<div class=\"elementor-column elementor-col-100 elementor-top-column elementor-element elementor-element-49f220ec\" data-id=\"49f220ec\" data-element_type=\"column\" data-e-type=\"column\">\n\t\t\t<div class=\"elementor-widget-wrap elementor-element-populated\">\n\t\t\t\t\t\t<div class=\"elementor-element elementor-element-3d2f4d51 elementor-widget elementor-widget-heading\" data-id=\"3d2f4d51\" data-element_type=\"widget\" data-e-type=\"widget\" data-widget_type=\"heading.default\">\n\t\t\t\t<div class=\"elementor-widget-container\">\n\t\t\t\t\t<h2 class=\"elementor-heading-title elementor-size-default\">\"EDERA\"<\/h2>\t\t\t\t<\/div>\n\t\t\t\t<\/div>\n\t\t\t\t<div class=\"elementor-element elementor-element-16e2345c elementor-widget elementor-widget-heading\" data-id=\"16e2345c\" data-element_type=\"widget\" data-e-type=\"widget\" data-widget_type=\"heading.default\">\n\t\t\t\t<div class=\"elementor-widget-container\">\n\t\t\t\t\t<h2 class=\"elementor-heading-title elementor-size-default\">Preise pro Ferienwohnung u. Woche<\/h2>\t\t\t\t<\/div>\n\t\t\t\t<\/div>\n\t\t\t\t<div class=\"elementor-element elementor-element-28dd8e6b elementor-widget-divider--view-line elementor-widget elementor-widget-divider\" data-id=\"28dd8e6b\" data-element_type=\"widget\" data-e-type=\"widget\" data-widget_type=\"divider.default\">\n\t\t\t\t<div class=\"elementor-widget-container\">\n\t\t\t\t\t\t\t<div class=\"elementor-divider\">\n\t\t\t<span class=\"elementor-divider-separator\">\n\t\t\t\t\t\t<\/span>\n\t\t<\/div>\n\t\t\t\t\t\t<\/div>\n\t\t\t\t<\/div>\n\t\t\t\t<div class=\"elementor-element elementor-element-11c30753 elementor-hidden-tablet elementor-hidden-phone elementor-widget elementor-widget-shortcode\" data-id=\"11c30753\" data-element_type=\"widget\" data-e-type=\"widget\" data-widget_type=\"shortcode.default\">\n\t\t\t\t<div class=\"elementor-widget-container\">\n\t\t\t\t\t\t\t<div class=\"elementor-shortcode\"><table class=\"tabprezzi\">\n<thead>\n<tr>\n<th>2026<\/th>\n<th colspan=\"6\">Termine<\/th>\n<\/tr>\n<\/thead>\n<tbody>\n<tr>\n<th>Personen<\/th>\n<th>01.03-28.03<br \/>26.09-31.10<\/th>\n<th>28.03-11.04<br \/>&#8211; &#8211; &#8211;<\/th>\n<th>11.04-16.05<br \/>19.09-26.09<\/th>\n<th>16.05-20.06<br \/>&#8211; &#8211; &#8211;<\/th>\n<th>20.06-04.07<br \/>29.08-19.09<\/th>\n<th>04.07-29.08<\/th>\n<\/tr>\n\n<tr>\n<th>Bis 2<\/th>\n<td>620<\/td>\n<td>760<\/td>\n<td>655<\/td>\n<td>760<\/td>\n<td>840<\/td>\n<td>1020<\/td>\n<\/tr>\n<tr>\n<th>3<\/th>\n<td>645<\/td>\n<td>785<\/td>\n<td>680<\/td>\n<td>785<\/td>\n<td>840<\/td>\n<td>1020<\/td>\n<\/tr>\n<tr>\n<th>4<\/th>\n<td>670<\/td>\n<td>810<\/td>\n<td>705<\/td>\n<td>810<\/td>\n<td>840<\/td>\n<td>1020<\/td>\n<\/tr>\n<\/tbody>\n<\/table>\n<div style=\"max-width:800px; margin:0 auto;\">\n<p>Jede weitere Person: + \u20ac 25,00<\/p>\n<p><strong>Folgende Leistungen sind im Preis enthalten<\/strong><\/p>\n<ul>\n<li>Bettw\u00e4sche, Hand- u. Badet\u00fccher, K\u00fcchenhandt\u00fccher<\/li>\n<li>Strom, Gas f\u00fcr die K\u00fcche, kaltes u. warmes Wasser<\/li>\n<li>Endreinigung, ausgenommen die K\u00fcchenzeile<\/li>\n<li>Kaffemaschine<\/li>\n<li>Toaster<\/li>\n<li>Wasserkocher<\/li>\n<li>Haartrockner<\/li>\n<li>WLan<\/li>\n<li>\u00fcberdachter Autostellplatz<\/li>\n<li>Babybettchen auf Anfrage<\/li>\n<\/ul>\n<p><strong>Nebenkosten<\/strong><\/p>\n<ul>\n<li>Kleine Hunde : \u20ac 49,00 \/ Woche<\/li>\n<li>Heizung: \u20ac 15,00\/Tag<\/li>\n<li>Klimaanlage (nur in den Apartments Uliveta verf\u00fcgbar): 15,00 Euro pro Tag<br \/>(<b>Wichtig<\/b>: Der Service wird nicht t\u00e4glich oder jeden zweiten Tag angeboten, sondern wird ausschlie\u00dflich f\u00fcr die gesamte Dauer des Aufenthalts aktiviert und kann auch am Anreisetag oder w\u00e4hrend des Aufenthalts angefordert werden. In diesem Fall gilt er bis zum Abreisetag).<\/li>\n<\/ul>\n<p><strong>Grundsteuer Gemeinde Brenzone<\/strong><\/p>\n<ul>\n<li>Uliveta: 2,00 Euro Erwachsene\/Nacht &#8211; Kinder bis 11J. frei<\/li>\n<li>Fasor: 2,50 Euro Erwachsene\/Nacht &#8211; Kinder bis 11J. frei<\/li>\n<\/ul>\n<\/div>\n\n<\/div>\n\t\t\t\t\t\t<\/div>\n\t\t\t\t<\/div>\n\t\t\t\t<div class=\"elementor-element elementor-element-1bb7c06b elementor-hidden-desktop elementor-widget elementor-widget-shortcode\" data-id=\"1bb7c06b\" data-element_type=\"widget\" data-e-type=\"widget\" data-widget_type=\"shortcode.default\">\n\t\t\t\t<div class=\"elementor-widget-container\">\n\t\t\t\t\t\t\t<div class=\"elementor-shortcode\"><div class=\"mob-tab-row\">\n<div class=\"mob-tab-col-a\">\n    <table class=\"tabprezzi mob-tab\">\n<thead>\n<tr style=\"height:100px;\">\n<th  style=\"width:100%;\" >TERMINE<br \/>2026<\/th>\n<\/tr>\n<\/thead>\n<tbody>\n<tr>\n<th>01.03 &#8211; 28.03<\/th>\n<\/tr>\n<tr>\n<th>28.03 &#8211; 11.04<\/th>\n<\/tr>\n<tr>\n<th>11.04 &#8211; 16.05<\/th>\n<\/tr>\n<tr>\n<th>16.05 &#8211; 20.06<\/th>\n<\/tr>\n<tr>\n<th>20.06 &#8211; 04.07<\/th>\n<\/tr>\n<tr>\n<th>04.07 &#8211; 29.08<\/th>\n<\/tr>\n<tr>\n<th>29.08 &#8211; 19.09<\/th>\n<\/tr>\n<tr>\n<th>19.09 &#8211; 26.09<\/th>\n<\/tr>\n<tr>\n<th>26.09 &#8211; 31.10<\/th>\n<\/tr>\n<\/tbody>\n<\/table>\n\n      <\/div>\n<div class=\"mob-tab-col-b\">\n<table class=\"tabprezzi mob-tab\" >\n<thead>\n<th colspan=\"3\">PERSONEN<\/th>\n<\/tr>\n<tr>\n<th>Bis 2<\/th>\n<th>3<\/th>\n<th>4<\/th>\n<\/tr>\n<\/thead>\n<tbody>\n<tr>\n<td>620<\/td>\n<td>645<\/td>\n<td>670<\/td>\n<\/tr>\n<tr>\n<td>760<\/td>\n<td>785<\/td>\n<td>810<\/td>\n<\/tr>\n<tr>\n<td>655<\/td>\n<td>680<\/td>\n<td>705<\/td>\n<\/tr>\n<tr>\n<td>760<\/td>\n<td>785<\/td>\n<td>810<\/td>\n<\/tr>\n<tr>\n<td>840<\/td>\n<td>840<\/td>\n<td>840<\/td>\n<\/tr>\n<tr>\n<td>1020<\/td>\n<td>1020<\/td>\n<td>1020<\/td>\n<\/tr>\n<tr>\n<td>840<\/td>\n<td>840<\/td>\n<td>840<\/td>\n<\/tr>\n<tr>\n<td>655<\/td>\n<td>680<\/td>\n<td>705<\/td>\n<\/tr>\n<tr>\n<td>620<\/td>\n<td>645<\/td>\n<td>670<\/td>\n<\/tr>\n<\/tbody>\n<\/table><\/div>\n<\/div>\n<div style=\"max-width:800px; margin:0 auto;\">\n<p>Jede weitere Person: + \u20ac 25,00<\/p>\n<p><strong>Folgende Leistungen sind im Preis enthalten<\/strong><\/p>\n<ul>\n<li>Bettw\u00e4sche, Hand- u. Badet\u00fccher, K\u00fcchenhandt\u00fccher<\/li>\n<li>Strom, Gas f\u00fcr die K\u00fcche, kaltes u. warmes Wasser<\/li>\n<li>Endreinigung, ausgenommen die K\u00fcchenzeile<\/li>\n<li>Kaffemaschine<\/li>\n<li>Toaster<\/li>\n<li>Wasserkocher<\/li>\n<li>Haartrockner<\/li>\n<li>WLan<\/li>\n<li>\u00fcberdachter Autostellplatz<\/li>\n<li>Babybettchen auf Anfrage<\/li>\n<\/ul>\n<p><strong>Nebenkosten<\/strong><\/p>\n<ul>\n<li>Kleine Hunde : \u20ac 49,00 \/ Woche<\/li>\n<li>Heizung: \u20ac 15,00\/Tag<\/li>\n<li>Klimaanlage (nur in den Apartments Uliveta verf\u00fcgbar): 15,00 Euro pro Tag<br \/>(<b>Wichtig<\/b>: Der Service wird nicht t\u00e4glich oder jeden zweiten Tag angeboten, sondern wird ausschlie\u00dflich f\u00fcr die gesamte Dauer des Aufenthalts aktiviert und kann auch am Anreisetag oder w\u00e4hrend des Aufenthalts angefordert werden. In diesem Fall gilt er bis zum Abreisetag).<\/li>\n<\/ul>\n<p><strong>Grundsteuer Gemeinde Brenzone<\/strong><\/p>\n<ul>\n<li>Uliveta: 2,00 Euro Erwachsene\/Nacht &#8211; Kinder bis 11J. frei<\/li>\n<li>Fasor: 2,50 Euro Erwachsene\/Nacht &#8211; Kinder bis 11J. frei<\/li>\n<\/ul>\n<\/div>\n\n<\/div>\n\t\t\t\t\t\t<\/div>\n\t\t\t\t<\/div>\n\t\t\t\t\t<\/div>\n\t\t<\/div>\n\t\t\t\t\t<\/div>\n\t\t<\/section>\n\t\t\t\t<section class=\"elementor-section elementor-top-section elementor-element elementor-element-1b10b706 elementor-hidden-desktop elementor-hidden-tablet elementor-hidden-mobile elementor-section-boxed elementor-section-height-default elementor-section-height-default\" data-id=\"1b10b706\" data-element_type=\"section\" data-e-type=\"section\">\n\t\t\t\t\t\t<div class=\"elementor-container elementor-column-gap-default\">\n\t\t\t\t\t<div class=\"elementor-column elementor-col-100 elementor-top-column elementor-element elementor-element-397f25a8\" data-id=\"397f25a8\" data-element_type=\"column\" data-e-type=\"column\">\n\t\t\t<div class=\"elementor-widget-wrap elementor-element-populated\">\n\t\t\t\t\t\t<div class=\"elementor-element elementor-element-51efe075 elementor-hidden-tablet elementor-hidden-mobile elementor-widget elementor-widget-toggle\" data-id=\"51efe075\" data-element_type=\"widget\" data-e-type=\"widget\" data-widget_type=\"toggle.default\">\n\t\t\t\t<div class=\"elementor-widget-container\">\n\t\t\t\t\t\t\t<div class=\"elementor-toggle\">\n\t\t\t\t\t\t\t<div class=\"elementor-toggle-item\">\n\t\t\t\t\t<div id=\"elementor-tab-title-1371\" class=\"elementor-tab-title\" data-tab=\"1\" role=\"button\" aria-controls=\"elementor-tab-content-1371\" aria-expanded=\"false\">\n\t\t\t\t\t\t\t\t\t\t\t\t<span class=\"elementor-toggle-icon elementor-toggle-icon-left\" aria-hidden=\"true\">\n\t\t\t\t\t\t\t\t\t\t\t\t\t\t\t<span class=\"elementor-toggle-icon-closed\"><i class=\"fas fa-caret-right\"><\/i><\/span>\n\t\t\t\t\t\t\t\t<span class=\"elementor-toggle-icon-opened\"><i class=\"elementor-toggle-icon-opened fas fa-caret-up\"><\/i><\/span>\n\t\t\t\t\t\t\t\t\t\t\t\t\t<\/span>\n\t\t\t\t\t\t\t\t\t\t\t\t<a class=\"elementor-toggle-title\" tabindex=\"0\">Preisliste 2023 - hier klicken<\/a>\n\t\t\t\t\t<\/div>\n\n\t\t\t\t\t<div id=\"elementor-tab-content-1371\" class=\"elementor-tab-content elementor-clearfix\" data-tab=\"1\" role=\"region\" aria-labelledby=\"elementor-tab-title-1371\"><p><!-- Incorrect slug --> \n<tr>\n<th>Bis 2<\/th>\n<td>550<\/td>\n<td>605<\/td>\n<td>585<\/td>\n<td>690<\/td>\n<td>770<\/td>\n<td>890<\/td>\n<\/tr>\n<tr>\n<th>3<\/th>\n<td>575<\/td>\n<td>630<\/td>\n<td>610<\/td>\n<td>715<\/td>\n<td>770<\/td>\n<td>890<\/td>\n<\/tr>\n<tr>\n<th>4<\/th>\n<td>600<\/td>\n<td>655<\/td>\n<td>635<\/td>\n<td>740<\/td>\n<td>770<\/td>\n<td>890<\/td>\n<\/tr>\n<\/tbody>\n<\/table>\n<div style=\"max-width:800px; margin:0 auto;\">\n<p>Jede weitere Person: + \u20ac 25,00<\/p>\n<p><strong>Folgende Leistungen sind im Preis enthalten<\/strong><\/p>\n<ul>\n<li>Bettw\u00e4sche, Hand- u. Badet\u00fccher, K\u00fcchenhandt\u00fccher<\/li>\n<li>Strom, Gas f\u00fcr die K\u00fcche, kaltes u. warmes Wasser<\/li>\n<li>Endreinigung, ausgenommen die K\u00fcchenzeile<\/li>\n<li>Kaffemaschine<\/li>\n<li>Toaster<\/li>\n<li>Wasserkocher<\/li>\n<li>Haartrockner<\/li>\n<li>WLan<\/li>\n<li>\u00fcberdachter Autostellplatz<\/li>\n<li>Babybettchen auf Anfrage<\/li>\n<\/ul>\n<p><strong>Nebenkosten<\/strong><\/p>\n<ul>\n<li>Kleine Hunde : \u20ac 49,00 \/ Woche<\/li>\n<li>Heizung: \u20ac 15,00\/Tag<\/li>\n<li>Klimaanlage (nur in den Apartments Uliveta verf\u00fcgbar): 15,00 Euro pro Tag<br \/>(<b>Wichtig<\/b>: Der Service wird nicht t\u00e4glich oder jeden zweiten Tag angeboten, sondern wird ausschlie\u00dflich f\u00fcr die gesamte Dauer des Aufenthalts aktiviert und kann auch am Anreisetag oder w\u00e4hrend des Aufenthalts angefordert werden. In diesem Fall gilt er bis zum Abreisetag).<\/li>\n<\/ul>\n<p><strong>Grundsteuer Gemeinde Brenzone<\/strong><\/p>\n<ul>\n<li>Uliveta: 2,00 Euro Erwachsene\/Nacht &#8211; Kinder bis 11J. frei<\/li>\n<li>Fasor: 2,50 Euro Erwachsene\/Nacht &#8211; Kinder bis 11J. frei<\/li>\n<\/ul>\n<\/div>\n\n<\/p><\/div>\n\t\t\t\t<\/div>\n\t\t\t\t\t\t\t\t<\/div>\n\t\t\t\t\t\t<\/div>\n\t\t\t\t<\/div>\n\t\t\t\t<div class=\"elementor-element elementor-element-2fe8bce3 elementor-hidden-desktop elementor-widget elementor-widget-toggle\" data-id=\"2fe8bce3\" data-element_type=\"widget\" data-e-type=\"widget\" data-widget_type=\"toggle.default\">\n\t\t\t\t<div class=\"elementor-widget-container\">\n\t\t\t\t\t\t\t<div class=\"elementor-toggle\">\n\t\t\t\t\t\t\t<div class=\"elementor-toggle-item\">\n\t\t\t\t\t<div id=\"elementor-tab-title-8031\" class=\"elementor-tab-title\" data-tab=\"1\" role=\"button\" aria-controls=\"elementor-tab-content-8031\" aria-expanded=\"false\">\n\t\t\t\t\t\t\t\t\t\t\t\t<span class=\"elementor-toggle-icon elementor-toggle-icon-left\" aria-hidden=\"true\">\n\t\t\t\t\t\t\t\t\t\t\t\t\t\t\t<span class=\"elementor-toggle-icon-closed\"><i class=\"fas fa-caret-right\"><\/i><\/span>\n\t\t\t\t\t\t\t\t<span class=\"elementor-toggle-icon-opened\"><i class=\"elementor-toggle-icon-opened fas fa-caret-up\"><\/i><\/span>\n\t\t\t\t\t\t\t\t\t\t\t\t\t<\/span>\n\t\t\t\t\t\t\t\t\t\t\t\t<a class=\"elementor-toggle-title\" tabindex=\"0\">Preisliste 2023 - hier klicken<\/a>\n\t\t\t\t\t<\/div>\n\n\t\t\t\t\t<div id=\"elementor-tab-content-8031\" class=\"elementor-tab-content elementor-clearfix\" data-tab=\"1\" role=\"region\" aria-labelledby=\"elementor-tab-title-8031\"><p><div class=\"mob-tab-row\">\n<div class=\"mob-tab-col-a\">\n    <table class=\"tabprezzi mob-tab\">\n<thead>\n<tr style=\"height:100px;\">\n<th  style=\"width:100%;\" >TERMINE<br \/>2024<\/th>\n<\/tr>\n<\/thead>\n<tbody>\n<tr>\n<th>02.03 &#8211; 23.03<\/th>\n<\/tr>\n<tr>\n<th>23.03 &#8211; 06.04<\/th>\n<\/tr>\n<tr>\n<th>06.04 &#8211; 27.04<\/th>\n<\/tr>\n<tr>\n<th>27.04 &#8211; 18.05<\/th>\n<\/tr>\n<tr>\n<th>18.05 &#8211; 22.06<\/th>\n<\/tr>\n<tr>\n<th>22.06 &#8211; 06.07<\/th>\n<\/tr>\n<tr>\n<th>06.07 &#8211; 31.08<\/th>\n<\/tr>\n<tr>\n<th>31.08 &#8211; 07.09<\/th>\n<\/tr>\n<tr>\n<th>07.09 &#8211; 21.09<\/th>\n<\/tr>\n<tr>\n<th>21.09 &#8211; 28.09<\/th>\n<\/tr>\n<tr>\n<th>28.09 &#8211; 02.11<\/th>\n<\/tr>\n<\/tbody>\n<\/table>\n\n      <\/div>\n<div class=\"mob-tab-col-b\">\n<table class=\"tabprezzi mob-tab\" >\n<thead>\n<th colspan=\"3\">PERSONEN<\/th>\n<\/tr>\n<tr>\n<th>Bis 2<\/th>\n<th>3<\/th>\n<th>4<\/th>\n<\/tr>\n<\/thead>\n<tbody>\n<tr>\n<td>550<\/td>\n<td>575<\/td>\n<td>600<\/td>\n<\/tr>\n<tr>\n<td>605<\/td>\n<td>630<\/td>\n<td>655<\/td>\n<\/tr>\n<tr>\n<td>550<\/td>\n<td>575<\/td>\n<td>600<\/td>\n<\/tr>\n<tr>\n<td>585<\/td>\n<td>610<\/td>\n<td>635<\/td>\n<\/tr>\n<tr>\n<td>690<\/td>\n<td>715<\/td>\n<td>740<\/td>\n<\/tr>\n<tr>\n<td>770<\/td>\n<td>770<\/td>\n<td>770<\/td>\n<\/tr>\n<tr>\n<td>890<\/td>\n<td>890<\/td>\n<td>890<\/td>\n<\/tr>\n<tr>\n<td>770<\/td>\n<td>770<\/td>\n<td>770<\/td>\n<\/tr>\n<tr>\n<td>690<\/td>\n<td>715<\/td>\n<td>740<\/td>\n<\/tr>\n<tr>\n<td>585<\/td>\n<td>610<\/td>\n<td>635<\/td>\n<\/tr>\n<tr>\n<td>550<\/td>\n<td>575<\/td>\n<td>600<\/td>\n<\/tr>\n<\/tbody>\n<\/table><\/div>\n<\/div>\n<div style=\"max-width:800px; margin:0 auto;\">\n<p>Jede weitere Person: + \u20ac 25,00<\/p>\n<p><strong>Folgende Leistungen sind im Preis enthalten<\/strong><\/p>\n<ul>\n<li>Bettw\u00e4sche, Hand- u. Badet\u00fccher, K\u00fcchenhandt\u00fccher<\/li>\n<li>Strom, Gas f\u00fcr die K\u00fcche, kaltes u. warmes Wasser<\/li>\n<li>Endreinigung, ausgenommen die K\u00fcchenzeile<\/li>\n<li>Kaffemaschine<\/li>\n<li>Toaster<\/li>\n<li>Wasserkocher<\/li>\n<li>Haartrockner<\/li>\n<li>WLan<\/li>\n<li>\u00fcberdachter Autostellplatz<\/li>\n<li>Babybettchen auf Anfrage<\/li>\n<\/ul>\n<p><strong>Nebenkosten<\/strong><\/p>\n<ul>\n<li>Kleine Hunde : \u20ac 49,00 \/ Woche<\/li>\n<li>Heizung: \u20ac 15,00\/Tag<\/li>\n<li>Klimaanlage (nur in den Apartments Uliveta verf\u00fcgbar): 15,00 Euro pro Tag<br \/>(<b>Wichtig<\/b>: Der Service wird nicht t\u00e4glich oder jeden zweiten Tag angeboten, sondern wird ausschlie\u00dflich f\u00fcr die gesamte Dauer des Aufenthalts aktiviert und kann auch am Anreisetag oder w\u00e4hrend des Aufenthalts angefordert werden. In diesem Fall gilt er bis zum Abreisetag).<\/li>\n<\/ul>\n<p><strong>Grundsteuer Gemeinde Brenzone<\/strong><\/p>\n<ul>\n<li>Uliveta: 2,00 Euro Erwachsene\/Nacht &#8211; Kinder bis 11J. frei<\/li>\n<li>Fasor: 2,50 Euro Erwachsene\/Nacht &#8211; Kinder bis 11J. frei<\/li>\n<\/ul>\n<\/div>\n\n<\/p><\/div>\n\t\t\t\t<\/div>\n\t\t\t\t\t\t\t\t<\/div>\n\t\t\t\t\t\t<\/div>\n\t\t\t\t<\/div>\n\t\t\t\t\t<\/div>\n\t\t<\/div>\n\t\t\t\t\t<\/div>\n\t\t<\/section>\n\t\t\t\t<section class=\"elementor-section elementor-top-section elementor-element elementor-element-1251c126 elementor-section-stretched elementor-section-boxed elementor-section-height-default elementor-section-height-default\" data-id=\"1251c126\" data-element_type=\"section\" data-e-type=\"section\" data-settings=\"{&quot;stretch_section&quot;:&quot;section-stretched&quot;,&quot;background_background&quot;:&quot;classic&quot;}\">\n\t\t\t\t\t\t<div class=\"elementor-container elementor-column-gap-default\">\n\t\t\t\t\t<div class=\"elementor-column elementor-col-100 elementor-top-column elementor-element elementor-element-5caf4914\" data-id=\"5caf4914\" data-element_type=\"column\" data-e-type=\"column\" data-settings=\"{&quot;background_background&quot;:&quot;classic&quot;}\">\n\t\t\t<div class=\"elementor-widget-wrap elementor-element-populated\">\n\t\t\t\t\t\t<div class=\"elementor-element elementor-element-550099ee elementor-widget elementor-widget-heading\" data-id=\"550099ee\" data-element_type=\"widget\" data-e-type=\"widget\" data-widget_type=\"heading.default\">\n\t\t\t\t<div class=\"elementor-widget-container\">\n\t\t\t\t\t<h2 class=\"elementor-heading-title elementor-size-default\">Anfrage Formular Ferienwohnung \"Edera\"<\/h2>\t\t\t\t<\/div>\n\t\t\t\t<\/div>\n\t\t\t\t<div class=\"elementor-element elementor-element-2d48c8d3 elementor-widget-divider--view-line elementor-widget elementor-widget-divider\" data-id=\"2d48c8d3\" data-element_type=\"widget\" data-e-type=\"widget\" data-widget_type=\"divider.default\">\n\t\t\t\t<div class=\"elementor-widget-container\">\n\t\t\t\t\t\t\t<div class=\"elementor-divider\">\n\t\t\t<span class=\"elementor-divider-separator\">\n\t\t\t\t\t\t<\/span>\n\t\t<\/div>\n\t\t\t\t\t\t<\/div>\n\t\t\t\t<\/div>\n\t\t\t\t<div class=\"elementor-element elementor-element-e13e890 elementor-widget elementor-widget-shortcode\" data-id=\"e13e890\" data-element_type=\"widget\" data-e-type=\"widget\" data-widget_type=\"shortcode.default\">\n\t\t\t\t<div class=\"elementor-widget-container\">\n\t\t\t\t\t\t\t<div class=\"elementor-shortcode\"><\/div>\n\t\t\t\t\t\t<\/div>\n\t\t\t\t<\/div>\n\t\t\t\t\t<\/div>\n\t\t<\/div>\n\t\t\t\t\t<\/div>\n\t\t<\/section>\n\t\t\t\t<\/div>\n\t\t","protected":false},"featured_media":7138,"template":"","categories":[37],"class_list":["post-7812","hb_accommodation","type-hb_accommodation","status-publish","has-post-thumbnail","hentry","category-fewo-ein-sz"],"_links":{"self":[{"href":"https:\/\/agriturismouliveta.it\/agriturismo-gardasee\/wp-json\/wp\/v2\/hb_accommodation\/7812","targetHints":{"allow":["GET"]}}],"collection":[{"href":"https:\/\/agriturismouliveta.it\/agriturismo-gardasee\/wp-json\/wp\/v2\/hb_accommodation"}],"about":[{"href":"https:\/\/agriturismouliveta.it\/agriturismo-gardasee\/wp-json\/wp\/v2\/types\/hb_accommodation"}],"version-history":[{"count":2,"href":"https:\/\/agriturismouliveta.it\/agriturismo-gardasee\/wp-json\/wp\/v2\/hb_accommodation\/7812\/revisions"}],"predecessor-version":[{"id":10388,"href":"https:\/\/agriturismouliveta.it\/agriturismo-gardasee\/wp-json\/wp\/v2\/hb_accommodation\/7812\/revisions\/10388"}],"wp:featuredmedia":[{"embeddable":true,"href":"https:\/\/agriturismouliveta.it\/agriturismo-gardasee\/wp-json\/wp\/v2\/media\/7138"}],"wp:attachment":[{"href":"https:\/\/agriturismouliveta.it\/agriturismo-gardasee\/wp-json\/wp\/v2\/media?parent=7812"}],"wp:term":[{"taxonomy":"category","embeddable":true,"href":"https:\/\/agriturismouliveta.it\/agriturismo-gardasee\/wp-json\/wp\/v2\/categories?post=7812"}],"curies":[{"name":"wp","href":"https:\/\/api.w.org\/{rel}","templated":true}]}}